{"id":1783,"date":"2025-01-28T11:26:23","date_gmt":"2025-01-28T09:26:23","guid":{"rendered":"https:\/\/www.aude.es\/preise-fuer-hoergeraete\/"},"modified":"2026-01-02T22:20:28","modified_gmt":"2026-01-02T20:20:28","slug":"preise-fuer-hoergeraete","status":"publish","type":"page","link":"https:\/\/www.aude.es\/de\/preise-fuer-hoergeraete\/","title":{"rendered":"Preise f\u00fcr H\u00f6rger\u00e4te"},"content":{"rendered":"<section class=\"l-section wpb_row height_medium with_img with_video with_shape\"><div class=\"l-section-img\" role=\"img\" data-img-width=\"1600\" data-img-height=\"1200\" style=\"background-image: url(https:\/\/www.aude.es\/wp-content\/uploads\/2025\/01\/WhatsApp-Image-2025-01-16-at-12.05.27-5.jpeg);background-repeat: no-repeat;\"><\/div><div id=\"us_bg_video_fcfe\" class=\"l-section-video\"><script>!function(w){var node = document.getElementById( 'us_bg_video_fcfe' );if ( w.innerWidth <= 6 ) { node.remove() }}(window);<\/script><style>@media(max-width:6px){#us_bg_video_fcfe{display:none!important}}<\/style><video  autoplay loop muted playsinline preload=\"auto\"><source type=\"video\/mp4\" src=\"https:\/\/www.aude.es\/wp-content\/uploads\/2025\/01\/aude-vid-bg-c.mp4\" \/><\/video><\/div><div class=\"l-section-overlay\" style=\"background:var(--color-header-top-transparent-text)\"><\/div><div class=\"l-section-shape type_wave pos_bottom on_front hor_flip\" style=\"height:8vmin;color:var(--color-content-secondary)\"><svg xmlns=\"http:\/\/www.w3.org\/2000\/svg\" viewBox=\"0 4 64 4\" preserveAspectRatio=\"none\" width=\"100%\" height=\"100%\">\r\n\t<path fill=\"currentColor\" d=\"M64 6 C32 0 32 12 0 6 L0 8 L64 8 Z\"\/>\r\n<\/svg><\/div><div class=\"l-section-h i-cf\"><div class=\"g-cols vc_row via_flex valign_top type_default stacking_default\"><div class=\"vc_col-sm-12 wpb_column vc_column_container\"><div class=\"vc_column-inner\"><div class=\"wpb_wrapper\"><div class=\"w-separator hide_on_default hide_on_laptops hide_on_tablets size_custom\" style=\"height:50px\"><\/div><div class=\"w-vwrapper us_custom_6e74c4b0 align_none valign_middle\" style=\"--vwrapper-gap:0rem\">[vc_custom_heading text=&#8220;Testen Sie sie 30 Tage lang, bevor Sie sie kaufen.&#8220; use_theme_fonts=&#8220;yes&#8220; css=&#8220;%7B%22default%22%3A%7B%22font-size%22%3A%221.5rem%22%2C%22line-height%22%3A%221.075%22%2C%22font-weight%22%3A%22700%22%7D%7D&#8220;][vc_custom_heading text=&#8220;<strong>Wie viel kostet ein H\u00f6rger\u00e4t? Informieren Sie sich im Aude Hearing Center. <\/strong>&#8220; font_container=&#8220;tag:h1|text_align:left&#8220; use_theme_fonts=&#8220;yes&#8220; css=&#8220;%7B%22default%22%3A%7B%22line-height%22%3A%221.075%22%2C%22padding-top%22%3A%220%22%7D%7D&#8220;]<div class=\"w-separator size_small\"><\/div><\/div><div class=\"w-separator size_medium\"><\/div><div class=\"w-separator hide_on_default hide_on_laptops hide_on_tablets size_custom\" style=\"height:50px\"><\/div><\/div><\/div><\/div><\/div><\/div><\/section><section class=\"l-section wpb_row 77 height_small with_shape\" id=\"precios\"><div class=\"l-section-shape type_wave pos_top on_front hor_flip\" style=\"height:8vmin;color:var(--color-content-secondary)\"><svg xmlns=\"http:\/\/www.w3.org\/2000\/svg\" viewBox=\"0 4 64 4\" preserveAspectRatio=\"none\" width=\"100%\" height=\"100%\">\r\n\t<path fill=\"currentColor\" d=\"M64 6 C32 0 32 12 0 6 L0 8 L64 8 Z\"\/>\r\n<\/svg><\/div><div class=\"l-section-h i-cf\"><div class=\"g-cols vc_row via_flex valign_top type_default stacking_default\"><div class=\"vc_col-sm-12 wpb_column vc_column_container\"><div class=\"vc_column-inner\"><div class=\"wpb_wrapper\"><div class=\"w-separator hide_on_default hide_on_laptops hide_on_tablets size_custom\" style=\"height:50px\"><\/div><div class=\"w-separator size_medium\"><\/div><div class=\"w-tabs fabs layout_hor style_radio3 switch_click has_scrolling\" style=\"--sections-title-size:2rem\"><div class=\"w-tabs-list items_3 align_center\" style=\"font-family:var(--h1-font-family);\"><div class=\"w-tabs-list-h\"><button class=\"w-tabs-item active defined-active\" aria-controls=\"content-ba0a\" aria-expanded=\"true\"><span class=\"w-tabs-item-title\">Signia<\/span><\/button><button class=\"w-tabs-item\" aria-controls=\"content-m522\" aria-expanded=\"false\"><span class=\"w-tabs-item-title\">Resound<\/span><\/button><button class=\"w-tabs-item\" aria-controls=\"content-k674\" aria-expanded=\"false\"><span class=\"w-tabs-item-title\">Phonak<\/span><\/button><\/div><\/div><div class=\"w-tabs-sections titles-align_none icon_chevron cpos_right\"><div class=\"w-tabs-section active\" id=\"ba0a\"><button class=\"w-tabs-section-header active\" aria-controls=\"content-ba0a\" aria-expanded=\"true\"><div class=\"w-tabs-section-title\">Signia<\/div><div class=\"w-tabs-section-control\"><\/div><\/button><div  class=\"w-tabs-section-content\" id=\"content-ba0a\"><div class=\"w-tabs-section-content-h i-cf\"><div class=\"w-grid type_grid layout_526 cols_3 pagination_infinite\" id=\"us_grid_1\" style=\"--gap:4rem;\" data-filterable=\"true\"><style>@media (max-width:800px){#us_grid_1 .w-grid-item{width:50%}}@media (max-width:600px){#us_grid_1 .w-grid-list{margin:0}#us_grid_1 .w-grid-item{width:100%;padding:0;margin-bottom:var(--gap,0px)}}.layout_526 .w-grid-item-h{}.layout_526 .usg_post_image_1{transition-duration:0.35s;transform-origin:50% 50%;transform:scale(1) translate(0%,0%)}.layout_526 .w-grid-item-h:hover .usg_post_image_1{transform:scale(1.1) translate(0%,0%);opacity:0.8}.layout_526 .usg_vwrapper_1{margin-bottom:1.5rem!important;border-radius:25px!important;position:relative!important;padding:1.25rem!important;border:2px solid var(--color-content-primary)!important}.layout_526 .usg_post_title_1{color:var(--color-content-heading)!important;font-size:1.2rem!important}.layout_526 .usg_post_custom_field_1{color:#ffffff!important;font-size:0.9rem!important;border-radius:50px!important;bottom:0!important;right:0!important;background:var(--color-content-primary)!important;padding:0.5rem 1rem 0.5rem 1rem!important}.layout_526 .usg_hwrapper_1{margin-bottom:0!important}.layout_526 .usg_post_custom_field_2{color:#ffffff!important;font-size:0.9rem!important;border-radius:50px!important;left:0!important;bottom:0!important;background:var(--color-content-primary)!important;padding:0.5rem 1rem 0.5rem 1rem!important}@media (min-width:801px) and (max-width:1224px){.layout_526 .usg_post_custom_field_1{padding:0.5rem 1rem 0.5rem 1rem!important}.layout_526 .usg_post_custom_field_2{padding:0.5rem 1rem 0.5rem 1rem!important}}@media (min-width:601px) and (max-width:800px){.layout_526 .usg_post_custom_field_1{padding:0.5rem 1rem 0.5rem 1rem!important}.layout_526 .usg_post_custom_field_2{margin-right:0!important;padding:0.5rem 1rem 0.5rem 1rem!important}}@media (max-width:600px){.layout_526 .usg_post_custom_field_1{padding:0.5rem 1rem 0.5rem 1rem!important}.layout_526 .usg_post_custom_field_2{margin-right:0!important;padding:0.5rem 1rem 0.5rem 1rem!important}}<\/style><div class=\"w-grid-list\">\t<article class=\"w-grid-item size_1x1 post-1796 producto type-producto status-publish has-post-thumbnail hentry category-signia-de\" data-id=\"1796\">\r\n\t\t<div class=\"w-grid-item-h\">\r\n\t\t\t\t\t\t<div class=\"w-vwrapper usg_vwrapper_1 align_none valign_bottom has-link\" style=\"--vwrapper-gap:1.2rem\"><div class=\"w-post-elm post_image usg_post_image_1 has_ratio\"><img loading=\"lazy\" decoding=\"async\" width=\"1024\" height=\"1024\" src=\"https:\/\/www.aude.es\/wp-content\/uploads\/2025\/01\/audifono-signia-pure-cg-bct-ix-graphite-1024x1024.jpg\" class=\"attachment-large size-large wp-post-image\" alt=\"audifono-signia-pure-cg-bct-ix-graphite\" \/><div style=\"padding-bottom:100%\"><\/div><\/div><div class=\"w-hwrapper usg_hwrapper_1 default_align_justify laptops_align_justify tablets_align_justify mobiles_align_justify valign_top\"><div class=\"w-post-elm post_custom_field usg_post_custom_field_2 gama has_text_color type_text color_link_inherit has_border_radius\"><span class=\"w-post-elm-before\">Gama <\/span><span class=\"w-post-elm-value\">alta<\/span><\/div><div class=\"w-post-elm post_custom_field usg_post_custom_field_1 has_text_color type_text precio color_link_inherit has_border_radius\"><span class=\"w-post-elm-value\">3.895,00 \u20ac<\/span><\/div><\/div><a href=\"https:\/\/www.aude.es\/de\/producto\/aktion-fuer-ein-paar-hoergeraetesignia-cg-7-ix\/\" class=\"w-vwrapper-link smooth-scroll\" aria-label=\"Link\"><\/a><\/div><h2 class=\"w-post-elm post_title usg_post_title_1 has_text_color align_center entry-title color_link_inherit\"><a href=\"https:\/\/www.aude.es\/de\/producto\/aktion-fuer-ein-paar-hoergeraetesignia-cg-7-ix\/\">Aktion <b>Paar <\/b>H\u00f6rger\u00e4te<br><span>Signia C&amp;G BCT 7 IX<\/span><\/a><\/h2>\t\t<\/div>\r\n\t\t\t<\/article>\r\n\t<article class=\"w-grid-item size_1x1 post-1833 producto type-producto status-publish has-post-thumbnail hentry category-signia-de\" data-id=\"1833\">\r\n\t\t<div class=\"w-grid-item-h\">\r\n\t\t\t\t\t\t<div class=\"w-vwrapper usg_vwrapper_1 align_none valign_bottom has-link\" style=\"--vwrapper-gap:1.2rem\"><div class=\"w-post-elm post_image usg_post_image_1 has_ratio\"><img loading=\"lazy\" decoding=\"async\" width=\"1024\" height=\"1024\" src=\"https:\/\/www.aude.es\/wp-content\/uploads\/2025\/01\/audifono-signia-pure-cg-bct-ix-rosegold-1024x1024.jpg\" class=\"attachment-large size-large wp-post-image\" alt=\"audifono-signia-pure-cg-bct-ix-rosegold\" \/><div style=\"padding-bottom:100%\"><\/div><\/div><div class=\"w-hwrapper usg_hwrapper_1 default_align_justify laptops_align_justify tablets_align_justify mobiles_align_justify valign_top\"><div class=\"w-post-elm post_custom_field usg_post_custom_field_2 gama has_text_color type_text color_link_inherit has_border_radius\"><span class=\"w-post-elm-before\">Gama <\/span><span class=\"w-post-elm-value\">media<\/span><\/div><div class=\"w-post-elm post_custom_field usg_post_custom_field_1 has_text_color type_text precio color_link_inherit has_border_radius\"><span class=\"w-post-elm-value\">3.195,00 \u20ac<\/span><\/div><\/div><a href=\"https:\/\/www.aude.es\/de\/producto\/aktion-fuer-ein-paar-hoergeraetesignia-cg-3-ix\/\" class=\"w-vwrapper-link smooth-scroll\" aria-label=\"Link\"><\/a><\/div><h2 class=\"w-post-elm post_title usg_post_title_1 has_text_color align_center entry-title color_link_inherit\"><a href=\"https:\/\/www.aude.es\/de\/producto\/aktion-fuer-ein-paar-hoergeraetesignia-cg-3-ix\/\">Aktion <b>Paar <\/b>H\u00f6rger\u00e4te<br><span>Signia C&amp;G BCT 3 IX<\/span><\/a><\/h2>\t\t<\/div>\r\n\t\t\t<\/article>\r\n\t<article class=\"w-grid-item size_1x1 post-2151 producto type-producto status-publish has-post-thumbnail hentry category-signia-de\" data-id=\"2151\">\r\n\t\t<div class=\"w-grid-item-h\">\r\n\t\t\t\t\t\t<div class=\"w-vwrapper usg_vwrapper_1 align_none valign_bottom has-link\" style=\"--vwrapper-gap:1.2rem\"><div class=\"w-post-elm post_image usg_post_image_1 has_ratio\"><img loading=\"lazy\" decoding=\"async\" width=\"1000\" height=\"1000\" src=\"https:\/\/www.aude.es\/wp-content\/uploads\/2025\/03\/Pure-CnG-IX_Silver_Pair_Shadow_V02.png\" class=\"attachment-large size-large wp-post-image\" alt=\"Promoci\u00f3n pareja de aud\u00edfonos Signia\" \/><div style=\"padding-bottom:100%\"><\/div><\/div><div class=\"w-hwrapper usg_hwrapper_1 default_align_justify laptops_align_justify tablets_align_justify mobiles_align_justify valign_top\"><div class=\"w-post-elm post_custom_field usg_post_custom_field_2 gama has_text_color type_text color_link_inherit has_border_radius\"><span class=\"w-post-elm-before\">Gama <\/span><span class=\"w-post-elm-value\">econ\u00f3mica<\/span><\/div><div class=\"w-post-elm post_custom_field usg_post_custom_field_1 has_text_color type_text precio color_link_inherit has_border_radius\"><span class=\"w-post-elm-value\">2.495,00 \u20ac<\/span><\/div><\/div><a href=\"https:\/\/www.aude.es\/de\/producto\/promocion-pareja-audifonossignia-cg-1-ix\/\" class=\"w-vwrapper-link smooth-scroll\" aria-label=\"Link\"><\/a><\/div><h2 class=\"w-post-elm post_title usg_post_title_1 has_text_color align_center entry-title color_link_inherit\"><a href=\"https:\/\/www.aude.es\/de\/producto\/promocion-pareja-audifonossignia-cg-1-ix\/\">Aktion <b>Paar <\/b>H\u00f6rger\u00e4te<br><span>Signia C&amp;G 1 IX<\/span><\/a><\/h2>\t\t<\/div>\r\n\t\t\t<\/article>\r\n\t<article class=\"w-grid-item size_1x1 post-1835 producto type-producto status-publish has-post-thumbnail hentry category-signia-de\" data-id=\"1835\">\r\n\t\t<div class=\"w-grid-item-h\">\r\n\t\t\t\t\t\t<div class=\"w-vwrapper usg_vwrapper_1 align_none valign_bottom has-link\" style=\"--vwrapper-gap:1.2rem\"><div class=\"w-post-elm post_image usg_post_image_1 has_ratio\"><img loading=\"lazy\" decoding=\"async\" width=\"690\" height=\"690\" src=\"https:\/\/www.aude.es\/wp-content\/uploads\/2025\/01\/f25fc0_9f09ed5479d34ac8a723917a3f5f0cd3mv2.jpg\" class=\"attachment-large size-large wp-post-image\" alt=\"\" \/><div style=\"padding-bottom:100%\"><\/div><\/div><div class=\"w-hwrapper usg_hwrapper_1 default_align_justify laptops_align_justify tablets_align_justify mobiles_align_justify valign_top\"><div class=\"w-post-elm post_custom_field usg_post_custom_field_2 gama has_text_color type_text color_link_inherit has_border_radius\"><span class=\"w-post-elm-before\">Gama <\/span><span class=\"w-post-elm-value\">econ\u00f3mica<\/span><\/div><div class=\"w-post-elm post_custom_field usg_post_custom_field_1 has_text_color type_text precio color_link_inherit has_border_radius\"><span class=\"w-post-elm-value\">995,00 \u20ac<\/span><\/div><\/div><a href=\"https:\/\/www.aude.es\/de\/producto\/foerderunghoergeraet-as-rie\/\" class=\"w-vwrapper-link smooth-scroll\" aria-label=\"Link\"><\/a><\/div><h2 class=\"w-post-elm post_title usg_post_title_1 has_text_color align_center entry-title color_link_inherit\"><a href=\"https:\/\/www.aude.es\/de\/producto\/foerderunghoergeraet-as-rie\/\">AKTION<br><span>H\u00d6RGER\u00c4T AS Rie<\/span><\/a><\/h2>\t\t<\/div>\r\n\t\t\t<\/article>\r\n\t<article class=\"w-grid-item size_1x1 post-2153 producto type-producto status-publish has-post-thumbnail hentry category-signia-de\" data-id=\"2153\">\r\n\t\t<div class=\"w-grid-item-h\">\r\n\t\t\t\t\t\t<div class=\"w-vwrapper usg_vwrapper_1 align_none valign_bottom has-link\" style=\"--vwrapper-gap:1.2rem\"><div class=\"w-post-elm post_image usg_post_image_1 has_ratio\"><img loading=\"lazy\" decoding=\"async\" width=\"1000\" height=\"1000\" src=\"https:\/\/www.aude.es\/wp-content\/uploads\/2025\/02\/asesoramiento-2-2.png\" class=\"attachment-large size-large wp-post-image\" alt=\"Signia Silk IX\" \/><div style=\"padding-bottom:100%\"><\/div><\/div><div class=\"w-hwrapper usg_hwrapper_1 default_align_justify laptops_align_justify tablets_align_justify mobiles_align_justify valign_top\"><div class=\"w-post-elm post_custom_field usg_post_custom_field_2 gama has_text_color type_text color_link_inherit has_border_radius\"><span class=\"w-post-elm-before\">Gama <\/span><span class=\"w-post-elm-value\">alta<\/span><\/div><div class=\"w-post-elm post_custom_field usg_post_custom_field_1 has_text_color type_text precio color_link_inherit has_border_radius\"><span class=\"w-post-elm-value\">3.895,00 \u20ac<\/span><\/div><\/div><a href=\"https:\/\/www.aude.es\/de\/producto\/unsichtbare-kopfhoerer-fuer-paaresignia-silk-cg-7-ix\/\" class=\"w-vwrapper-link smooth-scroll\" aria-label=\"Link\"><\/a><\/div><h2 class=\"w-post-elm post_title usg_post_title_1 has_text_color align_center entry-title color_link_inherit\"><a href=\"https:\/\/www.aude.es\/de\/producto\/unsichtbare-kopfhoerer-fuer-paaresignia-silk-cg-7-ix\/\">Aktion <b>Paar <\/b>unsichtbare H\u00f6rger\u00e4te<br><span>Signia Silk C&amp;G 7 IX<\/span><\/a><\/h2>\t\t<\/div>\r\n\t\t\t<\/article>\r\n\t<article class=\"w-grid-item size_1x1 post-2158 producto type-producto status-publish has-post-thumbnail hentry category-signia-de\" data-id=\"2158\">\r\n\t\t<div class=\"w-grid-item-h\">\r\n\t\t\t\t\t\t<div class=\"w-vwrapper usg_vwrapper_1 align_none valign_bottom has-link\" style=\"--vwrapper-gap:1.2rem\"><div class=\"w-post-elm post_image usg_post_image_1 has_ratio\"><img loading=\"lazy\" decoding=\"async\" width=\"1000\" height=\"1000\" src=\"https:\/\/www.aude.es\/wp-content\/uploads\/2025\/02\/asesoramiento-2-2.png\" class=\"attachment-large size-large wp-post-image\" alt=\"Signia Silk IX\" \/><div style=\"padding-bottom:100%\"><\/div><\/div><div class=\"w-hwrapper usg_hwrapper_1 default_align_justify laptops_align_justify tablets_align_justify mobiles_align_justify valign_top\"><div class=\"w-post-elm post_custom_field usg_post_custom_field_2 gama has_text_color type_text color_link_inherit has_border_radius\"><span class=\"w-post-elm-before\">Gama <\/span><span class=\"w-post-elm-value\">media<\/span><\/div><div class=\"w-post-elm post_custom_field usg_post_custom_field_1 has_text_color type_text precio color_link_inherit has_border_radius\"><span class=\"w-post-elm-value\">3.195,00 \u20ac<\/span><\/div><\/div><a href=\"https:\/\/www.aude.es\/de\/producto\/paar-aktion-unsichtbare-kopfhoerersignia-silk-cg-3-ix\/\" class=\"w-vwrapper-link smooth-scroll\" aria-label=\"Link\"><\/a><\/div><h2 class=\"w-post-elm post_title usg_post_title_1 has_text_color align_center entry-title color_link_inherit\"><a href=\"https:\/\/www.aude.es\/de\/producto\/paar-aktion-unsichtbare-kopfhoerersignia-silk-cg-3-ix\/\">Aktion <b>Paar <\/b>unsichtbare H\u00f6rger\u00e4te<br><span>Signia Silk C&amp;G 3 IX<\/span><\/a><\/h2>\t\t<\/div>\r\n\t\t\t<\/article>\r\n\t<article class=\"w-grid-item size_1x1 post-2159 producto type-producto status-publish has-post-thumbnail hentry category-signia-de\" data-id=\"2159\">\r\n\t\t<div class=\"w-grid-item-h\">\r\n\t\t\t\t\t\t<div class=\"w-vwrapper usg_vwrapper_1 align_none valign_bottom has-link\" style=\"--vwrapper-gap:1.2rem\"><div class=\"w-post-elm post_image usg_post_image_1 has_ratio\"><img loading=\"lazy\" decoding=\"async\" width=\"1000\" height=\"1000\" src=\"https:\/\/www.aude.es\/wp-content\/uploads\/2025\/02\/asesoramiento-2-2.png\" class=\"attachment-large size-large wp-post-image\" alt=\"Signia Silk IX\" \/><div style=\"padding-bottom:100%\"><\/div><\/div><div class=\"w-hwrapper usg_hwrapper_1 default_align_justify laptops_align_justify tablets_align_justify mobiles_align_justify valign_top\"><div class=\"w-post-elm post_custom_field usg_post_custom_field_2 gama has_text_color type_text color_link_inherit has_border_radius\"><span class=\"w-post-elm-before\">Gama <\/span><span class=\"w-post-elm-value\">econ\u00f3mica<\/span><\/div><div class=\"w-post-elm post_custom_field usg_post_custom_field_1 has_text_color type_text precio color_link_inherit has_border_radius\"><span class=\"w-post-elm-value\">2.495,00 \u20ac<\/span><\/div><\/div><a href=\"https:\/\/www.aude.es\/de\/producto\/paar-promotion-unsichtbarer-kopfhoerersignia-silk-cg-1-ix\/\" class=\"w-vwrapper-link smooth-scroll\" aria-label=\"Link\"><\/a><\/div><h2 class=\"w-post-elm post_title usg_post_title_1 has_text_color align_center entry-title color_link_inherit\"><a href=\"https:\/\/www.aude.es\/de\/producto\/paar-promotion-unsichtbarer-kopfhoerersignia-silk-cg-1-ix\/\">Aktion <b>Paar <\/b>unsichtbare H\u00f6rger\u00e4te<br><span>Signia Silk C&amp;G 1 IX<\/span><\/a><\/h2>\t\t<\/div>\r\n\t\t\t<\/article>\r\n<\/div><div class=\"w-grid-preloader\">\t<div class=\"g-preloader type_1\">\r\n\t\t<div><\/div>\r\n\t<\/div>\r\n\t<\/div>\t<div class=\"w-grid-json hidden\" onclick='return {&quot;action&quot;:&quot;us_ajax_grid&quot;,&quot;infinite_scroll&quot;:0,&quot;max_num_pages&quot;:1,&quot;pagination&quot;:&quot;infinite&quot;,&quot;template_vars&quot;:{&quot;columns&quot;:&quot;3&quot;,&quot;exclude_items&quot;:&quot;none&quot;,&quot;img_size&quot;:&quot;default&quot;,&quot;ignore_items_size&quot;:0,&quot;items_layout&quot;:&quot;526&quot;,&quot;items_offset&quot;:&quot;1&quot;,&quot;load_animation&quot;:&quot;none&quot;,&quot;overriding_link&quot;:&quot;%7B%22url%22%3A%22%22%7D&quot;,&quot;post_id&quot;:0,&quot;query_args&quot;:{&quot;post_type&quot;:[&quot;producto&quot;],&quot;tax_query&quot;:[{&quot;taxonomy&quot;:&quot;category&quot;,&quot;field&quot;:&quot;slug&quot;,&quot;terms&quot;:[&quot;signia&quot;]}],&quot;post_status&quot;:[&quot;publish&quot;,&quot;acf-disabled&quot;],&quot;posts_per_page&quot;:999},&quot;orderby_query_args&quot;:{&quot;orderby&quot;:{&quot;menu_order&quot;:&quot;ASC&quot;},&quot;order&quot;:&quot;ASC&quot;},&quot;type&quot;:&quot;grid&quot;,&quot;us_grid_post_type&quot;:&quot;producto&quot;,&quot;us_grid_ajax_index&quot;:1,&quot;us_grid_filter_query_string&quot;:null,&quot;us_grid_index&quot;:1,&quot;page_args&quot;:[],&quot;lang&quot;:&quot;de&quot;}}'><\/div>\r\n\t<\/div><\/div><\/div><\/div><div class=\"w-tabs-section\" id=\"m522\"><button class=\"w-tabs-section-header\" aria-controls=\"content-m522\" aria-expanded=\"false\"><div class=\"w-tabs-section-title\">Resound<\/div><div class=\"w-tabs-section-control\"><\/div><\/button><div  class=\"w-tabs-section-content\" id=\"content-m522\"><div class=\"w-tabs-section-content-h i-cf\"><div class=\"w-grid type_grid layout_526 cols_3 pagination_infinite\" id=\"us_grid_2\" style=\"--gap:4rem;\" data-filterable=\"true\"><style>@media (max-width:800px){#us_grid_2 .w-grid-item{width:50%}}@media (max-width:600px){#us_grid_2 .w-grid-list{margin:0}#us_grid_2 .w-grid-item{width:100%;padding:0;margin-bottom:var(--gap,0px)}}<\/style><div class=\"w-grid-list\">\t<article class=\"w-grid-item size_1x1 post-2112 producto type-producto status-publish has-post-thumbnail hentry category-resound-de\" data-id=\"2112\">\r\n\t\t<div class=\"w-grid-item-h\">\r\n\t\t\t\t\t\t<div class=\"w-vwrapper usg_vwrapper_1 align_none valign_bottom has-link\" style=\"--vwrapper-gap:1.2rem\"><div class=\"w-post-elm post_image usg_post_image_1 has_ratio\"><img loading=\"lazy\" decoding=\"async\" width=\"1024\" height=\"1024\" src=\"https:\/\/www.aude.es\/wp-content\/uploads\/2025\/02\/RS_Vi_ProductStill_SparkSilver-1024x1024.jpg\" class=\"attachment-large size-large wp-post-image\" alt=\"Aud\u00edfono ReSound Vivia 9 recargable con inteligencia artificial\" \/><div style=\"padding-bottom:100%\"><\/div><\/div><div class=\"w-hwrapper usg_hwrapper_1 default_align_justify laptops_align_justify tablets_align_justify mobiles_align_justify valign_top\"><div class=\"w-post-elm post_custom_field usg_post_custom_field_2 gama has_text_color type_text color_link_inherit has_border_radius\"><span class=\"w-post-elm-before\">Gama <\/span><span class=\"w-post-elm-value\">alta<\/span><\/div><div class=\"w-post-elm post_custom_field usg_post_custom_field_1 has_text_color type_text precio color_link_inherit has_border_radius\"><span class=\"w-post-elm-value\">3.995,00 \u20ac<\/span><\/div><\/div><a href=\"https:\/\/www.aude.es\/de\/producto\/hoergeraetepaar-aktionresound-vivia-9\/\" class=\"w-vwrapper-link smooth-scroll\" aria-label=\"Link\"><\/a><\/div><h2 class=\"w-post-elm post_title usg_post_title_1 has_text_color align_center entry-title color_link_inherit\"><a href=\"https:\/\/www.aude.es\/de\/producto\/hoergeraetepaar-aktionresound-vivia-9\/\">Aktion <b>Paar <\/b>H\u00f6rger\u00e4te<br><span>Resound Vivia 9<\/span><\/a><\/h2>\t\t<\/div>\r\n\t\t\t<\/article>\r\n\t<article class=\"w-grid-item size_1x1 post-2126 producto type-producto status-publish has-post-thumbnail hentry category-resound-de\" data-id=\"2126\">\r\n\t\t<div class=\"w-grid-item-h\">\r\n\t\t\t\t\t\t<div class=\"w-vwrapper usg_vwrapper_1 align_none valign_bottom has-link\" style=\"--vwrapper-gap:1.2rem\"><div class=\"w-post-elm post_image usg_post_image_1 has_ratio\"><img loading=\"lazy\" decoding=\"async\" width=\"1024\" height=\"1024\" src=\"https:\/\/www.aude.es\/wp-content\/uploads\/2025\/02\/resound-vivia-5-audifono-recargable-1024x1024.jpg\" class=\"attachment-large size-large wp-post-image\" alt=\"resound vivia 5 aud\u00edfono\" \/><div style=\"padding-bottom:100%\"><\/div><\/div><div class=\"w-hwrapper usg_hwrapper_1 default_align_justify laptops_align_justify tablets_align_justify mobiles_align_justify valign_top\"><div class=\"w-post-elm post_custom_field usg_post_custom_field_2 gama has_text_color type_text color_link_inherit has_border_radius\"><span class=\"w-post-elm-before\">Gama <\/span><span class=\"w-post-elm-value\">media<\/span><\/div><div class=\"w-post-elm post_custom_field usg_post_custom_field_1 has_text_color type_text precio color_link_inherit has_border_radius\"><span class=\"w-post-elm-value\">3.295,00 \u20ac<\/span><\/div><\/div><a href=\"https:\/\/www.aude.es\/de\/producto\/hoergeraetepaar-aktionresound-vivia-5\/\" class=\"w-vwrapper-link smooth-scroll\" aria-label=\"Link\"><\/a><\/div><h2 class=\"w-post-elm post_title usg_post_title_1 has_text_color align_center entry-title color_link_inherit\"><a href=\"https:\/\/www.aude.es\/de\/producto\/hoergeraetepaar-aktionresound-vivia-5\/\">Aktion <b>Paar <\/b>H\u00f6rger\u00e4te<br><span>Resound Vivia 5<\/span><\/a><\/h2>\t\t<\/div>\r\n\t\t\t<\/article>\r\n\t<article class=\"w-grid-item size_1x1 post-2128 producto type-producto status-publish has-post-thumbnail hentry category-resound-de\" data-id=\"2128\">\r\n\t\t<div class=\"w-grid-item-h\">\r\n\t\t\t\t\t\t<div class=\"w-vwrapper usg_vwrapper_1 align_none valign_bottom has-link\" style=\"--vwrapper-gap:1.2rem\"><div class=\"w-post-elm post_image usg_post_image_1 has_ratio\"><img loading=\"lazy\" decoding=\"async\" width=\"1024\" height=\"1024\" src=\"https:\/\/www.aude.es\/wp-content\/uploads\/2025\/02\/audifono_resound_savi_3_aude_malaga-1024x1024.jpg\" class=\"attachment-large size-large wp-post-image\" alt=\"Aud\u00edfono ReSound Savi 3 con dise\u00f1o discreto y conectividad Bluetooth, disponible en Aude M\u00e1laga\" \/><div style=\"padding-bottom:100%\"><\/div><\/div><div class=\"w-hwrapper usg_hwrapper_1 default_align_justify laptops_align_justify tablets_align_justify mobiles_align_justify valign_top\"><div class=\"w-post-elm post_custom_field usg_post_custom_field_2 gama has_text_color type_text color_link_inherit has_border_radius\"><span class=\"w-post-elm-before\">Gama <\/span><span class=\"w-post-elm-value\">econ\u00f3mica<\/span><\/div><div class=\"w-post-elm post_custom_field usg_post_custom_field_1 has_text_color type_text precio color_link_inherit has_border_radius\"><span class=\"w-post-elm-value\">2895,00 \u20ac<\/span><\/div><\/div><a href=\"https:\/\/www.aude.es\/de\/producto\/aktion-fuer-paar-kopfhoererresound-savi-3\/\" class=\"w-vwrapper-link smooth-scroll\" aria-label=\"Link\"><\/a><\/div><h2 class=\"w-post-elm post_title usg_post_title_1 has_text_color align_center entry-title color_link_inherit\"><a href=\"https:\/\/www.aude.es\/de\/producto\/aktion-fuer-paar-kopfhoererresound-savi-3\/\">Aktion <b>Paar <\/b>H\u00f6rger\u00e4te<br><span>Resound Savi 3<\/span><\/a><\/h2>\t\t<\/div>\r\n\t\t\t<\/article>\r\n<\/div><div class=\"w-grid-preloader\">\t<div class=\"g-preloader type_1\">\r\n\t\t<div><\/div>\r\n\t<\/div>\r\n\t<\/div>\t<div class=\"w-grid-json hidden\" onclick='return {&quot;action&quot;:&quot;us_ajax_grid&quot;,&quot;infinite_scroll&quot;:0,&quot;max_num_pages&quot;:1,&quot;pagination&quot;:&quot;infinite&quot;,&quot;template_vars&quot;:{&quot;columns&quot;:&quot;3&quot;,&quot;exclude_items&quot;:&quot;none&quot;,&quot;img_size&quot;:&quot;default&quot;,&quot;ignore_items_size&quot;:0,&quot;items_layout&quot;:&quot;526&quot;,&quot;items_offset&quot;:&quot;1&quot;,&quot;load_animation&quot;:&quot;none&quot;,&quot;overriding_link&quot;:&quot;%7B%22url%22%3A%22%22%7D&quot;,&quot;post_id&quot;:0,&quot;query_args&quot;:{&quot;post_type&quot;:[&quot;producto&quot;],&quot;tax_query&quot;:[{&quot;taxonomy&quot;:&quot;category&quot;,&quot;field&quot;:&quot;slug&quot;,&quot;terms&quot;:[&quot;resound&quot;]}],&quot;post_status&quot;:[&quot;publish&quot;,&quot;acf-disabled&quot;],&quot;posts_per_page&quot;:999},&quot;orderby_query_args&quot;:{&quot;orderby&quot;:{&quot;menu_order&quot;:&quot;ASC&quot;},&quot;order&quot;:&quot;ASC&quot;},&quot;type&quot;:&quot;grid&quot;,&quot;us_grid_post_type&quot;:&quot;producto&quot;,&quot;us_grid_ajax_index&quot;:2,&quot;us_grid_filter_query_string&quot;:null,&quot;us_grid_index&quot;:2,&quot;page_args&quot;:[],&quot;lang&quot;:&quot;de&quot;}}'><\/div>\r\n\t<\/div><\/div><\/div><\/div><div class=\"w-tabs-section\" id=\"k674\"><button class=\"w-tabs-section-header\" aria-controls=\"content-k674\" aria-expanded=\"false\"><div class=\"w-tabs-section-title\">Phonak<\/div><div class=\"w-tabs-section-control\"><\/div><\/button><div  class=\"w-tabs-section-content\" id=\"content-k674\"><div class=\"w-tabs-section-content-h i-cf\"><div class=\"w-grid type_grid layout_526 cols_3 pagination_infinite\" id=\"us_grid_3\" style=\"--gap:4rem;\" data-filterable=\"true\"><style>@media (max-width:800px){#us_grid_3 .w-grid-item{width:50%}}@media (max-width:600px){#us_grid_3 .w-grid-list{margin:0}#us_grid_3 .w-grid-item{width:100%;padding:0;margin-bottom:var(--gap,0px)}}<\/style><div class=\"w-grid-list\">\t<article class=\"w-grid-item size_1x1 post-2164 producto type-producto status-publish has-post-thumbnail hentry category-phonak-de\" data-id=\"2164\">\r\n\t\t<div class=\"w-grid-item-h\">\r\n\t\t\t\t\t\t<div class=\"w-vwrapper usg_vwrapper_1 align_none valign_bottom has-link\" style=\"--vwrapper-gap:1.2rem\"><div class=\"w-post-elm post_image usg_post_image_1 has_ratio\"><img loading=\"lazy\" decoding=\"async\" width=\"600\" height=\"600\" src=\"https:\/\/www.aude.es\/wp-content\/uploads\/2025\/02\/PH_Packshot_Audeo-I-Sphere-xReceiver_050-1029-P6.png\" class=\"attachment-large size-large wp-post-image\" alt=\"Aud\u00edfonos Phonak Sphere I90 con inteligencia artificial\" \/><div style=\"padding-bottom:100%\"><\/div><\/div><div class=\"w-hwrapper usg_hwrapper_1 default_align_justify laptops_align_justify tablets_align_justify mobiles_align_justify valign_top\"><div class=\"w-post-elm post_custom_field usg_post_custom_field_2 gama has_text_color type_text color_link_inherit has_border_radius\"><span class=\"w-post-elm-before\">Gama <\/span><span class=\"w-post-elm-value\">alta<\/span><\/div><div class=\"w-post-elm post_custom_field usg_post_custom_field_1 has_text_color type_text precio color_link_inherit has_border_radius\"><span class=\"w-post-elm-value\">4395,00 \u20ac<\/span><\/div><\/div><a href=\"https:\/\/www.aude.es\/de\/producto\/hoergeraete-aktionphonak-sphere-i90ki-prozessor\/\" class=\"w-vwrapper-link smooth-scroll\" aria-label=\"Link\"><\/a><\/div><h2 class=\"w-post-elm post_title usg_post_title_1 has_text_color align_center entry-title color_link_inherit\"><a href=\"https:\/\/www.aude.es\/de\/producto\/hoergeraete-aktionphonak-sphere-i90ki-prozessor\/\">Aktion <b>Paar <\/b>H\u00f6rger\u00e4te<br>Phonak Sphere I90<br><span>KI-Prozessor<\/span><\/a><\/h2>\t\t<\/div>\r\n\t\t\t<\/article>\r\n\t<article class=\"w-grid-item size_1x1 post-2134 producto type-producto status-publish has-post-thumbnail hentry category-phonak-de\" data-id=\"2134\">\r\n\t\t<div class=\"w-grid-item-h\">\r\n\t\t\t\t\t\t<div class=\"w-vwrapper usg_vwrapper_1 align_none valign_bottom has-link\" style=\"--vwrapper-gap:1.2rem\"><div class=\"w-post-elm post_image usg_post_image_1 has_ratio\"><img loading=\"lazy\" decoding=\"async\" width=\"600\" height=\"600\" src=\"https:\/\/www.aude.es\/wp-content\/uploads\/2025\/02\/PH_Packshot_Audeo_P-RL_P6_Pair_without_receiver.png\" class=\"attachment-large size-large wp-post-image\" alt=\"Phonak Life\" \/><div style=\"padding-bottom:100%\"><\/div><\/div><div class=\"w-hwrapper usg_hwrapper_1 default_align_justify laptops_align_justify tablets_align_justify mobiles_align_justify valign_top\"><div class=\"w-post-elm post_custom_field usg_post_custom_field_2 gama has_text_color type_text color_link_inherit has_border_radius\"><span class=\"w-post-elm-before\">Gama <\/span><span class=\"w-post-elm-value\">alta<\/span><\/div><div class=\"w-post-elm post_custom_field usg_post_custom_field_1 has_text_color type_text precio color_link_inherit has_border_radius\"><span class=\"w-post-elm-value\">3.995,00 \u20ac<\/span><\/div><\/div><a href=\"https:\/\/www.aude.es\/de\/producto\/aktion-fuer-paar-kopfhoererphonak-audeo-infinio-90\/\" class=\"w-vwrapper-link smooth-scroll\" aria-label=\"Link\"><\/a><\/div><h2 class=\"w-post-elm post_title usg_post_title_1 has_text_color align_center entry-title color_link_inherit\"><a href=\"https:\/\/www.aude.es\/de\/producto\/aktion-fuer-paar-kopfhoererphonak-audeo-infinio-90\/\">Aktion <b>Paar <\/b>H\u00f6rger\u00e4te<br><span>Phonak Audeo Infinio 90<\/span><\/a><\/h2>\t\t<\/div>\r\n\t\t\t<\/article>\r\n\t<article class=\"w-grid-item size_1x1 post-2149 producto type-producto status-publish has-post-thumbnail hentry category-phonak-de\" data-id=\"2149\">\r\n\t\t<div class=\"w-grid-item-h\">\r\n\t\t\t\t\t\t<div class=\"w-vwrapper usg_vwrapper_1 align_none valign_bottom has-link\" style=\"--vwrapper-gap:1.2rem\"><div class=\"w-post-elm post_image usg_post_image_1 has_ratio\"><img loading=\"lazy\" decoding=\"async\" width=\"600\" height=\"600\" src=\"https:\/\/www.aude.es\/wp-content\/uploads\/2025\/02\/PH_Packshot_Audeo_P-RL_P6_Pair_without_receiver.png\" class=\"attachment-large size-large wp-post-image\" alt=\"Phonak Life\" \/><div style=\"padding-bottom:100%\"><\/div><\/div><div class=\"w-hwrapper usg_hwrapper_1 default_align_justify laptops_align_justify tablets_align_justify mobiles_align_justify valign_top\"><div class=\"w-post-elm post_custom_field usg_post_custom_field_2 gama has_text_color type_text color_link_inherit has_border_radius\"><span class=\"w-post-elm-before\">Gama <\/span><span class=\"w-post-elm-value\">media<\/span><\/div><div class=\"w-post-elm post_custom_field usg_post_custom_field_1 has_text_color type_text precio color_link_inherit has_border_radius\"><span class=\"w-post-elm-value\">3.295,00 \u20ac<\/span><\/div><\/div><a href=\"https:\/\/www.aude.es\/de\/producto\/aktion-fuer-paar-kopfhoererphonak-audeo-infinio-50\/\" class=\"w-vwrapper-link smooth-scroll\" aria-label=\"Link\"><\/a><\/div><h2 class=\"w-post-elm post_title usg_post_title_1 has_text_color align_center entry-title color_link_inherit\"><a href=\"https:\/\/www.aude.es\/de\/producto\/aktion-fuer-paar-kopfhoererphonak-audeo-infinio-50\/\">Aktion <b>Paar <\/b>H\u00f6rger\u00e4te<br><span>Phonak Audeo Infinio 50<\/span><\/a><\/h2>\t\t<\/div>\r\n\t\t\t<\/article>\r\n\t<article class=\"w-grid-item size_1x1 post-2150 producto type-producto status-publish has-post-thumbnail hentry category-phonak-de\" data-id=\"2150\">\r\n\t\t<div class=\"w-grid-item-h\">\r\n\t\t\t\t\t\t<div class=\"w-vwrapper usg_vwrapper_1 align_none valign_bottom has-link\" style=\"--vwrapper-gap:1.2rem\"><div class=\"w-post-elm post_image usg_post_image_1 has_ratio\"><img loading=\"lazy\" decoding=\"async\" width=\"600\" height=\"600\" src=\"https:\/\/www.aude.es\/wp-content\/uploads\/2025\/02\/PH_Packshot_Audeo_P-RL_P6_Pair_without_receiver.png\" class=\"attachment-large size-large wp-post-image\" alt=\"Phonak Life\" \/><div style=\"padding-bottom:100%\"><\/div><\/div><div class=\"w-hwrapper usg_hwrapper_1 default_align_justify laptops_align_justify tablets_align_justify mobiles_align_justify valign_top\"><div class=\"w-post-elm post_custom_field usg_post_custom_field_2 gama has_text_color type_text color_link_inherit has_border_radius\"><span class=\"w-post-elm-before\">Gama <\/span><span class=\"w-post-elm-value\">econ\u00f3mica<\/span><\/div><div class=\"w-post-elm post_custom_field usg_post_custom_field_1 has_text_color type_text precio color_link_inherit has_border_radius\"><span class=\"w-post-elm-value\">2.995,00 \u20ac<\/span><\/div><\/div><a href=\"https:\/\/www.aude.es\/de\/producto\/aktion-fuer-paar-kopfhoererphonak-audeo-infinio-30\/\" class=\"w-vwrapper-link smooth-scroll\" aria-label=\"Link\"><\/a><\/div><h2 class=\"w-post-elm post_title usg_post_title_1 has_text_color align_center entry-title color_link_inherit\"><a href=\"https:\/\/www.aude.es\/de\/producto\/aktion-fuer-paar-kopfhoererphonak-audeo-infinio-30\/\">Aktion <b>Paar <\/b>H\u00f6rger\u00e4te<br><span>Phonak Audeo Infinio 30<\/span><\/a><\/h2>\t\t<\/div>\r\n\t\t\t<\/article>\r\n<\/div><div class=\"w-grid-preloader\">\t<div class=\"g-preloader type_1\">\r\n\t\t<div><\/div>\r\n\t<\/div>\r\n\t<\/div>\t<div class=\"w-grid-json hidden\" onclick='return {&quot;action&quot;:&quot;us_ajax_grid&quot;,&quot;infinite_scroll&quot;:0,&quot;max_num_pages&quot;:1,&quot;pagination&quot;:&quot;infinite&quot;,&quot;template_vars&quot;:{&quot;columns&quot;:&quot;3&quot;,&quot;exclude_items&quot;:&quot;none&quot;,&quot;img_size&quot;:&quot;default&quot;,&quot;ignore_items_size&quot;:0,&quot;items_layout&quot;:&quot;526&quot;,&quot;items_offset&quot;:&quot;1&quot;,&quot;load_animation&quot;:&quot;none&quot;,&quot;overriding_link&quot;:&quot;%7B%22url%22%3A%22%22%7D&quot;,&quot;post_id&quot;:0,&quot;query_args&quot;:{&quot;post_type&quot;:[&quot;producto&quot;],&quot;tax_query&quot;:[{&quot;taxonomy&quot;:&quot;category&quot;,&quot;field&quot;:&quot;slug&quot;,&quot;terms&quot;:[&quot;phonak&quot;]}],&quot;post_status&quot;:[&quot;publish&quot;,&quot;acf-disabled&quot;],&quot;posts_per_page&quot;:999},&quot;orderby_query_args&quot;:{&quot;orderby&quot;:{&quot;menu_order&quot;:&quot;ASC&quot;},&quot;order&quot;:&quot;ASC&quot;},&quot;type&quot;:&quot;grid&quot;,&quot;us_grid_post_type&quot;:&quot;producto&quot;,&quot;us_grid_ajax_index&quot;:3,&quot;us_grid_filter_query_string&quot;:null,&quot;us_grid_index&quot;:3,&quot;page_args&quot;:[],&quot;lang&quot;:&quot;de&quot;}}'><\/div>\r\n\t<\/div><\/div><\/div><\/div><\/div><\/div><\/div><\/div><\/div><\/div><\/div><\/section><section class=\"l-section wpb_row height_medium\"><div class=\"l-section-h i-cf\"><div class=\"g-cols vc_row via_flex valign_top type_default stacking_default\"><div class=\"vc_col-sm-12 wpb_column vc_column_container\"><div class=\"vc_column-inner\"><div class=\"wpb_wrapper\"><div class=\"w-btn-wrapper align_none\"><a class=\"w-btn us-btn-style_1\" href=\"https:\/\/www.aude.es\/centro-auditivo-malaga\/\"><span class=\"w-btn-label\">H\u00f6rzentrum Malaga<\/span><\/a><\/div><\/div><\/div><\/div><\/div><\/div><\/section>\n","protected":false},"excerpt":{"rendered":"Volver atr\u00e1sAktion Paar H\u00f6rger\u00e4tePhonak Audeo Infinio 30Das preisg\u00fcnstige Sortiment des Schweizer Herstellers. Wasserfest, geeignet f\u00fcr anspruchsvollste Umgebungen und intensive Nutzung. In verschiedenen Farben erh\u00e4ltlich.Beinhaltet ein Paar wiederaufladbare H\u00f6rger\u00e4te, ein Ladeger\u00e4t, 3 Jahre Garantie mit Verlust- und Diebstahlversicherung (mit der Option auf 5 Jahre zu verl\u00e4ngern) und lebenslangen Kundendienst. Precio:2.995,00 \u20acPrestaciones:Conversacion en Vivo: 0 Analizador de...","protected":false},"author":2,"featured_media":0,"parent":0,"menu_order":0,"comment_status":"closed","ping_status":"closed","template":"","meta":{"_acf_changed":false,"_analytify_skip_tracking":false,"footnotes":""},"class_list":["post-1783","page","type-page","status-publish","hentry"],"acf":[],"yoast_head":"<!-- This site is optimized with the Yoast SEO plugin v27.5 - https:\/\/yoast.com\/product\/yoast-seo-wordpress\/ -->\n<title>H\u00f6rger\u00e4tepreise in M\u00e1laga | H\u00f6rzentrum Aude<\/title>\n<meta name=\"description\" content=\"Entdecken Sie die Preise f\u00fcr hochwertige H\u00f6rger\u00e4te im Aude Hearing Center. Wir bieten Optionen f\u00fcr jedes Budget in M\u00e1laga.\" \/>\n<meta name=\"robots\" content=\"index, follow, max-snippet:-1, max-image-preview:large, max-video-preview:-1\" \/>\n<link rel=\"canonical\" href=\"https:\/\/www.aude.es\/de\/preise-fuer-hoergeraete\/\" \/>\n<meta property=\"og:locale\" content=\"de_DE\" \/>\n<meta property=\"og:type\" content=\"article\" \/>\n<meta property=\"og:title\" content=\"H\u00f6rger\u00e4tepreise in M\u00e1laga | H\u00f6rzentrum Aude\" \/>\n<meta property=\"og:description\" content=\"Entdecken Sie die Preise f\u00fcr hochwertige H\u00f6rger\u00e4te im Aude Hearing Center. Wir bieten Optionen f\u00fcr jedes Budget in M\u00e1laga.\" \/>\n<meta property=\"og:url\" content=\"https:\/\/www.aude.es\/de\/preise-fuer-hoergeraete\/\" \/>\n<meta property=\"og:site_name\" content=\"Aude Centro Auditivo\" \/>\n<meta property=\"article:publisher\" content=\"https:\/\/www.facebook.com\/audecentroauditivo\" \/>\n<meta property=\"article:modified_time\" content=\"2026-01-02T20:20:28+00:00\" \/>\n<meta property=\"og:image\" content=\"https:\/\/www.aude.es\/wp-content\/uploads\/2025\/01\/aude-bg_-scaled-e1738047783409.webp\" \/>\n\t<meta property=\"og:image:width\" content=\"1306\" \/>\n\t<meta property=\"og:image:height\" content=\"1146\" \/>\n\t<meta property=\"og:image:type\" content=\"image\/webp\" \/>\n<meta name=\"twitter:card\" content=\"summary_large_image\" \/>\n<meta name=\"twitter:label1\" content=\"Gesch\u00e4tzte Lesezeit\" \/>\n\t<meta name=\"twitter:data1\" content=\"3\u00a0Minuten\" \/>\n<script type=\"application\/ld+json\" class=\"yoast-schema-graph\">{\"@context\":\"https:\\\/\\\/schema.org\",\"@graph\":[{\"@type\":\"WebPage\",\"@id\":\"https:\\\/\\\/www.aude.es\\\/de\\\/preise-fuer-hoergeraete\\\/\",\"url\":\"https:\\\/\\\/www.aude.es\\\/de\\\/preise-fuer-hoergeraete\\\/\",\"name\":\"H\u00f6rger\u00e4tepreise in M\u00e1laga | H\u00f6rzentrum Aude\",\"isPartOf\":{\"@id\":\"https:\\\/\\\/www.aude.es\\\/de\\\/#website\"},\"datePublished\":\"2025-01-28T09:26:23+00:00\",\"dateModified\":\"2026-01-02T20:20:28+00:00\",\"description\":\"Entdecken Sie die Preise f\u00fcr hochwertige H\u00f6rger\u00e4te im Aude Hearing Center. Wir bieten Optionen f\u00fcr jedes Budget in M\u00e1laga.\",\"breadcrumb\":{\"@id\":\"https:\\\/\\\/www.aude.es\\\/de\\\/preise-fuer-hoergeraete\\\/#breadcrumb\"},\"inLanguage\":\"de\",\"potentialAction\":[{\"@type\":\"ReadAction\",\"target\":[\"https:\\\/\\\/www.aude.es\\\/de\\\/preise-fuer-hoergeraete\\\/\"]}]},{\"@type\":\"BreadcrumbList\",\"@id\":\"https:\\\/\\\/www.aude.es\\\/de\\\/preise-fuer-hoergeraete\\\/#breadcrumb\",\"itemListElement\":[{\"@type\":\"ListItem\",\"position\":1,\"name\":\"Portada\",\"item\":\"https:\\\/\\\/www.aude.es\\\/de\\\/wir-kuemmern-uns-um-ihre-hoergesundheit\\\/\"},{\"@type\":\"ListItem\",\"position\":2,\"name\":\"Preise f\u00fcr H\u00f6rger\u00e4te\"}]},{\"@type\":\"WebSite\",\"@id\":\"https:\\\/\\\/www.aude.es\\\/de\\\/#website\",\"url\":\"https:\\\/\\\/www.aude.es\\\/de\\\/\",\"name\":\"Aude Centro Auditivo\",\"description\":\"Centro Auditivo\",\"publisher\":{\"@id\":\"https:\\\/\\\/www.aude.es\\\/de\\\/#organization\"},\"potentialAction\":[{\"@type\":\"SearchAction\",\"target\":{\"@type\":\"EntryPoint\",\"urlTemplate\":\"https:\\\/\\\/www.aude.es\\\/de\\\/?s={search_term_string}\"},\"query-input\":{\"@type\":\"PropertyValueSpecification\",\"valueRequired\":true,\"valueName\":\"search_term_string\"}}],\"inLanguage\":\"de\"},{\"@type\":\"Organization\",\"@id\":\"https:\\\/\\\/www.aude.es\\\/de\\\/#organization\",\"name\":\"Aude Centro Auditivo\",\"alternateName\":\"Tienda de Aud\u00edfonos\",\"url\":\"https:\\\/\\\/www.aude.es\\\/de\\\/\",\"logo\":{\"@type\":\"ImageObject\",\"inLanguage\":\"de\",\"@id\":\"https:\\\/\\\/www.aude.es\\\/de\\\/#\\\/schema\\\/logo\\\/image\\\/\",\"url\":\"https:\\\/\\\/www.aude.es\\\/wp-content\\\/uploads\\\/2025\\\/01\\\/cropped-AUDE_FAVICON_.png\",\"contentUrl\":\"https:\\\/\\\/www.aude.es\\\/wp-content\\\/uploads\\\/2025\\\/01\\\/cropped-AUDE_FAVICON_.png\",\"width\":512,\"height\":512,\"caption\":\"Aude Centro Auditivo\"},\"image\":{\"@id\":\"https:\\\/\\\/www.aude.es\\\/de\\\/#\\\/schema\\\/logo\\\/image\\\/\"},\"sameAs\":[\"https:\\\/\\\/www.facebook.com\\\/audecentroauditivo\",\"https:\\\/\\\/www.instagram.com\\\/audecentroauditivo\",\"https:\\\/\\\/www.linkedin.com\\\/company\\\/aude-centro-auditivo\"]}]}<\/script>\n<!-- \/ Yoast SEO plugin. -->","yoast_head_json":{"title":"H\u00f6rger\u00e4tepreise in M\u00e1laga | H\u00f6rzentrum Aude","description":"Entdecken Sie die Preise f\u00fcr hochwertige H\u00f6rger\u00e4te im Aude Hearing Center. Wir bieten Optionen f\u00fcr jedes Budget in M\u00e1laga.","robots":{"index":"index","follow":"follow","max-snippet":"max-snippet:-1","max-image-preview":"max-image-preview:large","max-video-preview":"max-video-preview:-1"},"canonical":"https:\/\/www.aude.es\/de\/preise-fuer-hoergeraete\/","og_locale":"de_DE","og_type":"article","og_title":"H\u00f6rger\u00e4tepreise in M\u00e1laga | H\u00f6rzentrum Aude","og_description":"Entdecken Sie die Preise f\u00fcr hochwertige H\u00f6rger\u00e4te im Aude Hearing Center. Wir bieten Optionen f\u00fcr jedes Budget in M\u00e1laga.","og_url":"https:\/\/www.aude.es\/de\/preise-fuer-hoergeraete\/","og_site_name":"Aude Centro Auditivo","article_publisher":"https:\/\/www.facebook.com\/audecentroauditivo","article_modified_time":"2026-01-02T20:20:28+00:00","og_image":[{"width":1306,"height":1146,"url":"https:\/\/www.aude.es\/wp-content\/uploads\/2025\/01\/aude-bg_-scaled-e1738047783409.webp","type":"image\/webp"}],"twitter_card":"summary_large_image","twitter_misc":{"Gesch\u00e4tzte Lesezeit":"3\u00a0Minuten"},"schema":{"@context":"https:\/\/schema.org","@graph":[{"@type":"WebPage","@id":"https:\/\/www.aude.es\/de\/preise-fuer-hoergeraete\/","url":"https:\/\/www.aude.es\/de\/preise-fuer-hoergeraete\/","name":"H\u00f6rger\u00e4tepreise in M\u00e1laga | H\u00f6rzentrum Aude","isPartOf":{"@id":"https:\/\/www.aude.es\/de\/#website"},"datePublished":"2025-01-28T09:26:23+00:00","dateModified":"2026-01-02T20:20:28+00:00","description":"Entdecken Sie die Preise f\u00fcr hochwertige H\u00f6rger\u00e4te im Aude Hearing Center. Wir bieten Optionen f\u00fcr jedes Budget in M\u00e1laga.","breadcrumb":{"@id":"https:\/\/www.aude.es\/de\/preise-fuer-hoergeraete\/#breadcrumb"},"inLanguage":"de","potentialAction":[{"@type":"ReadAction","target":["https:\/\/www.aude.es\/de\/preise-fuer-hoergeraete\/"]}]},{"@type":"BreadcrumbList","@id":"https:\/\/www.aude.es\/de\/preise-fuer-hoergeraete\/#breadcrumb","itemListElement":[{"@type":"ListItem","position":1,"name":"Portada","item":"https:\/\/www.aude.es\/de\/wir-kuemmern-uns-um-ihre-hoergesundheit\/"},{"@type":"ListItem","position":2,"name":"Preise f\u00fcr H\u00f6rger\u00e4te"}]},{"@type":"WebSite","@id":"https:\/\/www.aude.es\/de\/#website","url":"https:\/\/www.aude.es\/de\/","name":"Aude Centro Auditivo","description":"Centro Auditivo","publisher":{"@id":"https:\/\/www.aude.es\/de\/#organization"},"potentialAction":[{"@type":"SearchAction","target":{"@type":"EntryPoint","urlTemplate":"https:\/\/www.aude.es\/de\/?s={search_term_string}"},"query-input":{"@type":"PropertyValueSpecification","valueRequired":true,"valueName":"search_term_string"}}],"inLanguage":"de"},{"@type":"Organization","@id":"https:\/\/www.aude.es\/de\/#organization","name":"Aude Centro Auditivo","alternateName":"Tienda de Aud\u00edfonos","url":"https:\/\/www.aude.es\/de\/","logo":{"@type":"ImageObject","inLanguage":"de","@id":"https:\/\/www.aude.es\/de\/#\/schema\/logo\/image\/","url":"https:\/\/www.aude.es\/wp-content\/uploads\/2025\/01\/cropped-AUDE_FAVICON_.png","contentUrl":"https:\/\/www.aude.es\/wp-content\/uploads\/2025\/01\/cropped-AUDE_FAVICON_.png","width":512,"height":512,"caption":"Aude Centro Auditivo"},"image":{"@id":"https:\/\/www.aude.es\/de\/#\/schema\/logo\/image\/"},"sameAs":["https:\/\/www.facebook.com\/audecentroauditivo","https:\/\/www.instagram.com\/audecentroauditivo","https:\/\/www.linkedin.com\/company\/aude-centro-auditivo"]}]}},"_links":{"self":[{"href":"https:\/\/www.aude.es\/de\/wp-json\/wp\/v2\/pages\/1783","targetHints":{"allow":["GET"]}}],"collection":[{"href":"https:\/\/www.aude.es\/de\/wp-json\/wp\/v2\/pages"}],"about":[{"href":"https:\/\/www.aude.es\/de\/wp-json\/wp\/v2\/types\/page"}],"author":[{"embeddable":true,"href":"https:\/\/www.aude.es\/de\/wp-json\/wp\/v2\/users\/2"}],"replies":[{"embeddable":true,"href":"https:\/\/www.aude.es\/de\/wp-json\/wp\/v2\/comments?post=1783"}],"version-history":[{"count":7,"href":"https:\/\/www.aude.es\/de\/wp-json\/wp\/v2\/pages\/1783\/revisions"}],"predecessor-version":[{"id":2820,"href":"https:\/\/www.aude.es\/de\/wp-json\/wp\/v2\/pages\/1783\/revisions\/2820"}],"wp:attachment":[{"href":"https:\/\/www.aude.es\/de\/wp-json\/wp\/v2\/media?parent=1783"}],"curies":[{"name":"wp","href":"https:\/\/api.w.org\/{rel}","templated":true}]}}