{"id":2106,"date":"2025-01-28T10:57:18","date_gmt":"2025-01-28T08:57:18","guid":{"rendered":"https:\/\/www.aude.es\/blog\/"},"modified":"2025-09-11T12:47:10","modified_gmt":"2025-09-11T10:47:10","slug":"blog","status":"publish","type":"page","link":"https:\/\/www.aude.es\/de\/blog\/","title":{"rendered":"Blog"},"content":{"rendered":"<section class=\"l-section wpb_row height_medium with_img with_video with_shape\"><div class=\"l-section-img\" role=\"img\" data-img-width=\"1600\" data-img-height=\"1200\" style=\"background-image: url(https:\/\/www.aude.es\/wp-content\/uploads\/2025\/01\/WhatsApp-Image-2025-01-16-at-12.05.27-5.jpeg);background-repeat: no-repeat;\"><\/div><div id=\"us_bg_video_e37f\" class=\"l-section-video\"><script>!function(w){var node = document.getElementById( 'us_bg_video_e37f' );if ( w.innerWidth <= 6 ) { node.remove() }}(window);<\/script><style>@media(max-width:6px){#us_bg_video_e37f{display:none!important}}<\/style><video  autoplay loop muted playsinline preload=\"auto\"><source type=\"video\/mp4\" src=\"https:\/\/www.aude.es\/wp-content\/uploads\/2025\/01\/aude-vid-bg-c.mp4\" \/><\/video><\/div><div class=\"l-section-overlay\" style=\"background:var(--color-header-top-transparent-text)\"><\/div><div class=\"l-section-shape type_wave pos_bottom on_front hor_flip\" style=\"height:8vmin;color:var(--color-content-secondary)\"><svg xmlns=\"http:\/\/www.w3.org\/2000\/svg\" viewBox=\"0 4 64 4\" preserveAspectRatio=\"none\" width=\"100%\" height=\"100%\">\r\n\t<path fill=\"currentColor\" d=\"M64 6 C32 0 32 12 0 6 L0 8 L64 8 Z\"\/>\r\n<\/svg><\/div><div class=\"l-section-h i-cf\"><div class=\"g-cols vc_row via_flex valign_top type_default stacking_default\"><div class=\"vc_col-sm-12 wpb_column vc_column_container\"><div class=\"vc_column-inner\"><div class=\"wpb_wrapper\"><div class=\"w-separator size_custom\" style=\"height:50px\"><\/div><div class=\"w-vwrapper us_custom_6e74c4b0 align_none valign_middle\" style=\"--vwrapper-gap:0rem\">[vc_custom_heading text=&#8220;Schauen Sie sich unseren Blog und die Neuigkeiten an, die wir hochladen&#8220; font_container=&#8220;tag:p|text_align:left&#8220; use_theme_fonts=&#8220;yes&#8220; css=&#8220;%7B%22default%22%3A%7B%22font-size%22%3A%221.5rem%22%2C%22line-height%22%3A%221.075%22%2C%22font-weight%22%3A%22700%22%7D%7D&#8220;][vc_custom_heading text=&#8220;<strong>Blog des Aude Hearing Center<\/strong>&#8220; font_container=&#8220;tag:h1|text_align:left&#8220; use_theme_fonts=&#8220;yes&#8220; css=&#8220;%7B%22default%22%3A%7B%22line-height%22%3A%221.075%22%2C%22padding-top%22%3A%220%22%7D%7D&#8220;]<div class=\"w-separator size_small\"><\/div><div class=\"w-btn-wrapper align_none\"><a class=\"w-btn us-btn-style_4\" href=\"#\"><span class=\"w-btn-label\">Siehe H\u00f6rger\u00e4te<\/span><\/a><\/div><\/div><div class=\"w-separator size_medium\"><\/div><div class=\"w-separator size_custom\" style=\"height:50px\"><\/div><\/div><\/div><\/div><\/div><\/div><\/section><section class=\"l-section wpb_row us_custom_0db20381 height_medium\"><div class=\"l-section-h i-cf\"><div class=\"g-cols vc_row via_flex valign_top type_default stacking_default\"><div class=\"vc_col-sm-12 wpb_column vc_column_container\"><div class=\"vc_column-inner\"><div class=\"wpb_wrapper\"><div class=\"w-separator size_custom\" style=\"height:50px\"><\/div><div class=\"w-grid blogGrid type_grid layout_200 cols_3 valign_center pagination_infinite\" id=\"us_grid_1\" style=\"--gap:0.5rem;\" data-filterable=\"true\"><style>@media (max-width:800px){#us_grid_1 .w-grid-item{width:50%}}@media (max-width:600px){#us_grid_1 .w-grid-list{margin:0}#us_grid_1 .w-grid-item{width:100%;padding:0;margin-bottom:var(--gap,0px)}}.layout_200 .w-grid-item-h{}.layout_200 .usg_text_1{color:var(--color-content-bg)!important;font-size:1.1rem!important;font-weight:600!important;margin-bottom:15px!important;background:rgba(0,0,0,0.01)!important;text-shadow:0 0 3px #000000!important}.layout_200 .usg_btn_1{max-width:50%!important}.layout_200 .usg_vwrapper_1{padding-right:0px!important;position:relative!important}.layout_200 .usg_image_1{border-radius:20px!important}.layout_200 .usg_vwrapper_2{position:absolute!important;padding:1.5rem!important}@media (min-width:801px) and (max-width:1224px){.layout_200 .usg_btn_1{max-width:50%!important}}@media (min-width:601px) and (max-width:800px){.layout_200 .usg_btn_1{max-width:100%!important}}@media (max-width:600px){.layout_200 .usg_btn_1{max-width:100%!important}}<\/style><div class=\"w-grid-list\">\t<article class=\"w-grid-item size_1x1 post-2830 post type-post status-publish format-standard has-post-thumbnail hentry category-nicht-kategorisiert\" data-id=\"2830\">\r\n\t\t<div class=\"w-grid-item-h\">\r\n\t\t\t\t\t\t<div class=\"w-vwrapper usg_vwrapper_1 blogHomeMain align_none valign_bottom\" style=\"--vwrapper-gap:0rem\"><div class=\"w-image usg_image_1 has_ratio\"><div class=\"w-image-h\"><div style=\"padding-bottom:75%\"><\/div><img decoding=\"async\" width=\"1024\" height=\"516\" src=\"https:\/\/www.aude.es\/wp-content\/uploads\/2025\/01\/tinnitus-1024x516.jpg\" class=\"attachment-large size-large\" alt=\"\" loading=\"lazy\" \/><\/div><\/div><div class=\"w-vwrapper usg_vwrapper_2 align_none valign_middle\" style=\"--vwrapper-gap:0rem\"><div class=\"w-text usg_text_1 has_text_color\"><span class=\"w-text-h\"><span class=\"w-text-value\">Tinnitus, ein ernstes Problem. Was kann ich tun?<\/span><\/span><\/div><a class=\"w-btn us-btn-style_4 usg_btn_1\" href=\"https:\/\/www.aude.es\/de\/tinnitus-ein-ernstes-problem-was-kann-ich-tun\/\"><span class=\"w-btn-label\">Saber m\u00e1s<\/span><\/a><\/div><\/div>\t\t<\/div>\r\n\t\t\t<\/article>\r\n\t<article class=\"w-grid-item size_1x1 post-2834 post type-post status-publish format-standard has-post-thumbnail hentry category-nicht-kategorisiert\" data-id=\"2834\">\r\n\t\t<div class=\"w-grid-item-h\">\r\n\t\t\t\t\t\t<div class=\"w-vwrapper usg_vwrapper_1 blogHomeMain align_none valign_bottom\" style=\"--vwrapper-gap:0rem\"><div class=\"w-image usg_image_1 has_ratio\"><div class=\"w-image-h\"><div style=\"padding-bottom:75%\"><\/div><img decoding=\"async\" width=\"454\" height=\"341\" src=\"https:\/\/www.aude.es\/wp-content\/uploads\/2025\/01\/rock.webp\" class=\"attachment-large size-large\" alt=\"Tinnitus en m\u00fasicos\" loading=\"lazy\" \/><\/div><\/div><div class=\"w-vwrapper usg_vwrapper_2 align_none valign_middle\" style=\"--vwrapper-gap:0rem\"><div class=\"w-text usg_text_1 has_text_color\"><span class=\"w-text-h\"><span class=\"w-text-value\">Rockmusik, Tinnitus und wie man ihm vorbeugen kann<\/span><\/span><\/div><a class=\"w-btn us-btn-style_4 usg_btn_1\" href=\"https:\/\/www.aude.es\/de\/rockmusik-tinnitus-und-wie-man-ihm-vorbeugen-kann\/\"><span class=\"w-btn-label\">Saber m\u00e1s<\/span><\/a><\/div><\/div>\t\t<\/div>\r\n\t\t\t<\/article>\r\n\t<article class=\"w-grid-item size_1x1 post-2177 post type-post status-publish format-standard has-post-thumbnail hentry category-nicht-kategorisiert\" data-id=\"2177\">\r\n\t\t<div class=\"w-grid-item-h\">\r\n\t\t\t\t\t\t<div class=\"w-vwrapper usg_vwrapper_1 blogHomeMain align_none valign_bottom\" style=\"--vwrapper-gap:0rem\"><div class=\"w-image usg_image_1 has_ratio\"><div class=\"w-image-h\"><div style=\"padding-bottom:75%\"><\/div><img decoding=\"async\" width=\"1024\" height=\"683\" src=\"https:\/\/www.aude.es\/wp-content\/uploads\/2025\/06\/PRECIO-AUDIFONOS-1024x683.jpg\" class=\"attachment-large size-large\" alt=\"Aud\u00edfono Signia con texto sobre el precio de los aud\u00edfonos en Aude Centro Auditivo\" loading=\"lazy\" \/><\/div><\/div><div class=\"w-vwrapper usg_vwrapper_2 align_none valign_middle\" style=\"--vwrapper-gap:0rem\"><div class=\"w-text usg_text_1 has_text_color\"><span class=\"w-text-h\"><span class=\"w-text-value\">Was ist der tats\u00e4chliche Preis eines H\u00f6rger\u00e4ts? Informieren Sie sich im Aude Hearing Center M\u00e1laga<\/span><\/span><\/div><a class=\"w-btn us-btn-style_4 usg_btn_1\" href=\"https:\/\/www.aude.es\/de\/was-ist-der-tatsaechliche-preis-eines-hoergeraets-informieren-sie-sich-im-aude-hearing-center-malaga\/\"><span class=\"w-btn-label\">Saber m\u00e1s<\/span><\/a><\/div><\/div>\t\t<\/div>\r\n\t\t\t<\/article>\r\n<\/div><div class=\"w-grid-preloader\">\t<div class=\"g-preloader type_1\">\r\n\t\t<div><\/div>\r\n\t<\/div>\r\n\t<\/div>\t<div class=\"w-grid-json hidden\" onclick='return {&quot;action&quot;:&quot;us_ajax_grid&quot;,&quot;infinite_scroll&quot;:0,&quot;max_num_pages&quot;:1,&quot;pagination&quot;:&quot;infinite&quot;,&quot;template_vars&quot;:{&quot;columns&quot;:&quot;3&quot;,&quot;exclude_items&quot;:&quot;none&quot;,&quot;img_size&quot;:&quot;default&quot;,&quot;ignore_items_size&quot;:0,&quot;items_layout&quot;:&quot;200&quot;,&quot;items_offset&quot;:&quot;1&quot;,&quot;load_animation&quot;:&quot;none&quot;,&quot;overriding_link&quot;:&quot;%7B%22type%22%3A%22custom_field%22%2C%22custom_field%22%3A%22us_tile_link%22%7D&quot;,&quot;post_id&quot;:0,&quot;query_args&quot;:{&quot;post_type&quot;:[&quot;post&quot;],&quot;post_status&quot;:[&quot;publish&quot;,&quot;acf-disabled&quot;],&quot;posts_per_page&quot;:999},&quot;orderby_query_args&quot;:{&quot;orderby&quot;:{&quot;date&quot;:&quot;ASC&quot;}},&quot;type&quot;:&quot;grid&quot;,&quot;us_grid_post_type&quot;:&quot;post&quot;,&quot;us_grid_ajax_index&quot;:1,&quot;us_grid_filter_query_string&quot;:null,&quot;us_grid_index&quot;:1,&quot;page_args&quot;:[],&quot;lang&quot;:&quot;de&quot;}}'><\/div>\r\n\t<\/div><\/div><\/div><\/div><\/div><\/div><\/section>\n","protected":false},"excerpt":{"rendered":"Was ist der tats\u00e4chliche Preis von H\u00f6rger\u00e4ten? Die Preise f\u00fcr H\u00f6rger\u00e4te zu ermitteln, kann kompliziert sein. Oftmals erhalten H\u00f6rger\u00e4teakustiker sehr unterschiedliche Angebote, manchmal mit Differenzen von bis zu Tausenden von Euro. Doch was sind die Ursachen f\u00fcr diese Unterschiede? Was ist eigentlich im Preis eines H\u00f6rger\u00e4ts enthalten? Wenn Sie ein H\u00f6rger\u00e4t kaufen, kaufen Sie nicht...","protected":false},"author":2,"featured_media":0,"parent":0,"menu_order":0,"comment_status":"closed","ping_status":"closed","template":"","meta":{"_acf_changed":false,"_analytify_skip_tracking":false,"footnotes":""},"class_list":["post-2106","page","type-page","status-publish","hentry"],"acf":[],"yoast_head":"<!-- This site is optimized with the Yoast SEO plugin v27.5 - https:\/\/yoast.com\/product\/yoast-seo-wordpress\/ -->\n<title>Blog des Aude Hearing Center | Tipps f\u00fcr ein gesundes Geh\u00f6r<\/title>\n<meta name=\"description\" content=\"Entdecken Sie Artikel zum Thema H\u00f6ren, Tipps zur H\u00f6rpflege und Neuigkeiten zu H\u00f6rger\u00e4ten im Blog des Aude Hearing Center in Malaga.\" \/>\n<meta name=\"robots\" content=\"index, follow, max-snippet:-1, max-image-preview:large, max-video-preview:-1\" \/>\n<link rel=\"canonical\" href=\"https:\/\/www.aude.es\/de\/blog\/\" \/>\n<meta property=\"og:locale\" content=\"de_DE\" \/>\n<meta property=\"og:type\" content=\"article\" \/>\n<meta property=\"og:title\" content=\"Blog des Aude Hearing Center | Tipps f\u00fcr ein gesundes Geh\u00f6r\" \/>\n<meta property=\"og:description\" content=\"Entdecken Sie Artikel zum Thema H\u00f6ren, Tipps zur H\u00f6rpflege und Neuigkeiten zu H\u00f6rger\u00e4ten im Blog des Aude Hearing Center in Malaga.\" \/>\n<meta property=\"og:url\" content=\"https:\/\/www.aude.es\/de\/blog\/\" \/>\n<meta property=\"og:site_name\" content=\"Aude Centro Auditivo\" \/>\n<meta property=\"article:publisher\" content=\"https:\/\/www.facebook.com\/audecentroauditivo\" \/>\n<meta property=\"article:modified_time\" content=\"2025-09-11T10:47:10+00:00\" \/>\n<meta property=\"og:image\" content=\"https:\/\/www.aude.es\/wp-content\/uploads\/2025\/01\/aude-bg_-scaled-e1738047783409.webp\" \/>\n\t<meta property=\"og:image:width\" content=\"1306\" \/>\n\t<meta property=\"og:image:height\" content=\"1146\" \/>\n\t<meta property=\"og:image:type\" content=\"image\/webp\" \/>\n<meta name=\"twitter:card\" content=\"summary_large_image\" \/>\n<meta name=\"twitter:label1\" content=\"Gesch\u00e4tzte Lesezeit\" \/>\n\t<meta name=\"twitter:data1\" content=\"1\u00a0Minute\" \/>\n<script type=\"application\/ld+json\" class=\"yoast-schema-graph\">{\"@context\":\"https:\\\/\\\/schema.org\",\"@graph\":[{\"@type\":\"WebPage\",\"@id\":\"https:\\\/\\\/www.aude.es\\\/de\\\/blog\\\/\",\"url\":\"https:\\\/\\\/www.aude.es\\\/de\\\/blog\\\/\",\"name\":\"Blog des Aude Hearing Center | Tipps f\u00fcr ein gesundes Geh\u00f6r\",\"isPartOf\":{\"@id\":\"https:\\\/\\\/www.aude.es\\\/de\\\/#website\"},\"datePublished\":\"2025-01-28T08:57:18+00:00\",\"dateModified\":\"2025-09-11T10:47:10+00:00\",\"description\":\"Entdecken Sie Artikel zum Thema H\u00f6ren, Tipps zur H\u00f6rpflege und Neuigkeiten zu H\u00f6rger\u00e4ten im Blog des Aude Hearing Center in Malaga.\",\"breadcrumb\":{\"@id\":\"https:\\\/\\\/www.aude.es\\\/de\\\/blog\\\/#breadcrumb\"},\"inLanguage\":\"de\",\"potentialAction\":[{\"@type\":\"ReadAction\",\"target\":[\"https:\\\/\\\/www.aude.es\\\/de\\\/blog\\\/\"]}]},{\"@type\":\"BreadcrumbList\",\"@id\":\"https:\\\/\\\/www.aude.es\\\/de\\\/blog\\\/#breadcrumb\",\"itemListElement\":[{\"@type\":\"ListItem\",\"position\":1,\"name\":\"Portada\",\"item\":\"https:\\\/\\\/www.aude.es\\\/de\\\/wir-kuemmern-uns-um-ihre-hoergesundheit\\\/\"},{\"@type\":\"ListItem\",\"position\":2,\"name\":\"Blog\"}]},{\"@type\":\"WebSite\",\"@id\":\"https:\\\/\\\/www.aude.es\\\/de\\\/#website\",\"url\":\"https:\\\/\\\/www.aude.es\\\/de\\\/\",\"name\":\"Aude Centro Auditivo\",\"description\":\"Centro Auditivo\",\"publisher\":{\"@id\":\"https:\\\/\\\/www.aude.es\\\/de\\\/#organization\"},\"potentialAction\":[{\"@type\":\"SearchAction\",\"target\":{\"@type\":\"EntryPoint\",\"urlTemplate\":\"https:\\\/\\\/www.aude.es\\\/de\\\/?s={search_term_string}\"},\"query-input\":{\"@type\":\"PropertyValueSpecification\",\"valueRequired\":true,\"valueName\":\"search_term_string\"}}],\"inLanguage\":\"de\"},{\"@type\":\"Organization\",\"@id\":\"https:\\\/\\\/www.aude.es\\\/de\\\/#organization\",\"name\":\"Aude Centro Auditivo\",\"alternateName\":\"Tienda de Aud\u00edfonos\",\"url\":\"https:\\\/\\\/www.aude.es\\\/de\\\/\",\"logo\":{\"@type\":\"ImageObject\",\"inLanguage\":\"de\",\"@id\":\"https:\\\/\\\/www.aude.es\\\/de\\\/#\\\/schema\\\/logo\\\/image\\\/\",\"url\":\"https:\\\/\\\/www.aude.es\\\/wp-content\\\/uploads\\\/2025\\\/01\\\/cropped-AUDE_FAVICON_.png\",\"contentUrl\":\"https:\\\/\\\/www.aude.es\\\/wp-content\\\/uploads\\\/2025\\\/01\\\/cropped-AUDE_FAVICON_.png\",\"width\":512,\"height\":512,\"caption\":\"Aude Centro Auditivo\"},\"image\":{\"@id\":\"https:\\\/\\\/www.aude.es\\\/de\\\/#\\\/schema\\\/logo\\\/image\\\/\"},\"sameAs\":[\"https:\\\/\\\/www.facebook.com\\\/audecentroauditivo\",\"https:\\\/\\\/www.instagram.com\\\/audecentroauditivo\",\"https:\\\/\\\/www.linkedin.com\\\/company\\\/aude-centro-auditivo\"]}]}<\/script>\n<!-- \/ Yoast SEO plugin. -->","yoast_head_json":{"title":"Blog des Aude Hearing Center | Tipps f\u00fcr ein gesundes Geh\u00f6r","description":"Entdecken Sie Artikel zum Thema H\u00f6ren, Tipps zur H\u00f6rpflege und Neuigkeiten zu H\u00f6rger\u00e4ten im Blog des Aude Hearing Center in Malaga.","robots":{"index":"index","follow":"follow","max-snippet":"max-snippet:-1","max-image-preview":"max-image-preview:large","max-video-preview":"max-video-preview:-1"},"canonical":"https:\/\/www.aude.es\/de\/blog\/","og_locale":"de_DE","og_type":"article","og_title":"Blog des Aude Hearing Center | Tipps f\u00fcr ein gesundes Geh\u00f6r","og_description":"Entdecken Sie Artikel zum Thema H\u00f6ren, Tipps zur H\u00f6rpflege und Neuigkeiten zu H\u00f6rger\u00e4ten im Blog des Aude Hearing Center in Malaga.","og_url":"https:\/\/www.aude.es\/de\/blog\/","og_site_name":"Aude Centro Auditivo","article_publisher":"https:\/\/www.facebook.com\/audecentroauditivo","article_modified_time":"2025-09-11T10:47:10+00:00","og_image":[{"width":1306,"height":1146,"url":"https:\/\/www.aude.es\/wp-content\/uploads\/2025\/01\/aude-bg_-scaled-e1738047783409.webp","type":"image\/webp"}],"twitter_card":"summary_large_image","twitter_misc":{"Gesch\u00e4tzte Lesezeit":"1\u00a0Minute"},"schema":{"@context":"https:\/\/schema.org","@graph":[{"@type":"WebPage","@id":"https:\/\/www.aude.es\/de\/blog\/","url":"https:\/\/www.aude.es\/de\/blog\/","name":"Blog des Aude Hearing Center | Tipps f\u00fcr ein gesundes Geh\u00f6r","isPartOf":{"@id":"https:\/\/www.aude.es\/de\/#website"},"datePublished":"2025-01-28T08:57:18+00:00","dateModified":"2025-09-11T10:47:10+00:00","description":"Entdecken Sie Artikel zum Thema H\u00f6ren, Tipps zur H\u00f6rpflege und Neuigkeiten zu H\u00f6rger\u00e4ten im Blog des Aude Hearing Center in Malaga.","breadcrumb":{"@id":"https:\/\/www.aude.es\/de\/blog\/#breadcrumb"},"inLanguage":"de","potentialAction":[{"@type":"ReadAction","target":["https:\/\/www.aude.es\/de\/blog\/"]}]},{"@type":"BreadcrumbList","@id":"https:\/\/www.aude.es\/de\/blog\/#breadcrumb","itemListElement":[{"@type":"ListItem","position":1,"name":"Portada","item":"https:\/\/www.aude.es\/de\/wir-kuemmern-uns-um-ihre-hoergesundheit\/"},{"@type":"ListItem","position":2,"name":"Blog"}]},{"@type":"WebSite","@id":"https:\/\/www.aude.es\/de\/#website","url":"https:\/\/www.aude.es\/de\/","name":"Aude Centro Auditivo","description":"Centro Auditivo","publisher":{"@id":"https:\/\/www.aude.es\/de\/#organization"},"potentialAction":[{"@type":"SearchAction","target":{"@type":"EntryPoint","urlTemplate":"https:\/\/www.aude.es\/de\/?s={search_term_string}"},"query-input":{"@type":"PropertyValueSpecification","valueRequired":true,"valueName":"search_term_string"}}],"inLanguage":"de"},{"@type":"Organization","@id":"https:\/\/www.aude.es\/de\/#organization","name":"Aude Centro Auditivo","alternateName":"Tienda de Aud\u00edfonos","url":"https:\/\/www.aude.es\/de\/","logo":{"@type":"ImageObject","inLanguage":"de","@id":"https:\/\/www.aude.es\/de\/#\/schema\/logo\/image\/","url":"https:\/\/www.aude.es\/wp-content\/uploads\/2025\/01\/cropped-AUDE_FAVICON_.png","contentUrl":"https:\/\/www.aude.es\/wp-content\/uploads\/2025\/01\/cropped-AUDE_FAVICON_.png","width":512,"height":512,"caption":"Aude Centro Auditivo"},"image":{"@id":"https:\/\/www.aude.es\/de\/#\/schema\/logo\/image\/"},"sameAs":["https:\/\/www.facebook.com\/audecentroauditivo","https:\/\/www.instagram.com\/audecentroauditivo","https:\/\/www.linkedin.com\/company\/aude-centro-auditivo"]}]}},"_links":{"self":[{"href":"https:\/\/www.aude.es\/de\/wp-json\/wp\/v2\/pages\/2106","targetHints":{"allow":["GET"]}}],"collection":[{"href":"https:\/\/www.aude.es\/de\/wp-json\/wp\/v2\/pages"}],"about":[{"href":"https:\/\/www.aude.es\/de\/wp-json\/wp\/v2\/types\/page"}],"author":[{"embeddable":true,"href":"https:\/\/www.aude.es\/de\/wp-json\/wp\/v2\/users\/2"}],"replies":[{"embeddable":true,"href":"https:\/\/www.aude.es\/de\/wp-json\/wp\/v2\/comments?post=2106"}],"version-history":[{"count":2,"href":"https:\/\/www.aude.es\/de\/wp-json\/wp\/v2\/pages\/2106\/revisions"}],"predecessor-version":[{"id":2108,"href":"https:\/\/www.aude.es\/de\/wp-json\/wp\/v2\/pages\/2106\/revisions\/2108"}],"wp:attachment":[{"href":"https:\/\/www.aude.es\/de\/wp-json\/wp\/v2\/media?parent=2106"}],"curies":[{"name":"wp","href":"https:\/\/api.w.org\/{rel}","templated":true}]}}