{"id":1685,"date":"2025-01-28T11:26:23","date_gmt":"2025-01-28T09:26:23","guid":{"rendered":"https:\/\/www.aude.es\/hearing-aid-pricing\/"},"modified":"2026-01-02T22:19:28","modified_gmt":"2026-01-02T20:19:28","slug":"hearing-aid-pricing","status":"publish","type":"page","link":"https:\/\/www.aude.es\/en\/hearing-aid-pricing\/","title":{"rendered":"Hearing Aid Prices"},"content":{"rendered":"<section class=\"l-section wpb_row height_medium with_img with_video with_shape\"><div class=\"l-section-img\" role=\"img\" data-img-width=\"1600\" data-img-height=\"1200\" style=\"background-image: url(https:\/\/www.aude.es\/wp-content\/uploads\/2025\/01\/WhatsApp-Image-2025-01-16-at-12.05.27-5.jpeg);background-repeat: no-repeat;\"><\/div><div id=\"us_bg_video_l3c8\" class=\"l-section-video\"><script>!function(w){var node = document.getElementById( 'us_bg_video_l3c8' );if ( w.innerWidth <= 6 ) { node.remove() }}(window);<\/script><style>@media(max-width:6px){#us_bg_video_l3c8{display:none!important}}<\/style><video  autoplay loop muted playsinline preload=\"auto\"><source type=\"video\/mp4\" src=\"https:\/\/www.aude.es\/wp-content\/uploads\/2025\/01\/aude-vid-bg-c.mp4\" \/><\/video><\/div><div class=\"l-section-overlay\" style=\"background:var(--color-header-top-transparent-text)\"><\/div><div class=\"l-section-shape type_wave pos_bottom on_front hor_flip\" style=\"height:8vmin;color:var(--color-content-secondary)\"><svg xmlns=\"http:\/\/www.w3.org\/2000\/svg\" viewBox=\"0 4 64 4\" preserveAspectRatio=\"none\" width=\"100%\" height=\"100%\">\r\n\t<path fill=\"currentColor\" d=\"M64 6 C32 0 32 12 0 6 L0 8 L64 8 Z\"\/>\r\n<\/svg><\/div><div class=\"l-section-h i-cf\"><div class=\"g-cols vc_row via_flex valign_top type_default stacking_default\"><div class=\"vc_col-sm-12 wpb_column vc_column_container\"><div class=\"vc_column-inner\"><div class=\"wpb_wrapper\"><div class=\"w-separator hide_on_default hide_on_laptops hide_on_tablets size_custom\" style=\"height:50px\"><\/div><div class=\"w-vwrapper us_custom_6e74c4b0 align_none valign_middle\" style=\"--vwrapper-gap:0rem\">[vc_custom_heading text=&#8221;Try them for 30 days before you buy them.&#8221; use_theme_fonts=&#8221;yes&#8221; css=&#8221;%7B%22default%22%3A%7B%22font-size%22%3A%221.5rem%22%2C%22line-height%22%3A%221.075%22%2C%22font-weight%22%3A%22700%22%7D%7D&#8221;][vc_custom_heading text=&#8221;<strong>How much does a hearing aid cost? Find out in Aude Hearing Center <\/strong>&#8221; font_container=&#8221;tag:h1|text_align:left&#8221; use_theme_fonts=&#8221;yes&#8221; css=&#8221;%7B%22default%22%3A%7B%22line-height%22%3A%221.075%22%2C%22padding-top%22%3A%220%22%7D%7D&#8221;]<div class=\"w-separator size_small\"><\/div><\/div><div class=\"w-separator size_medium\"><\/div><div class=\"w-separator hide_on_default hide_on_laptops hide_on_tablets size_custom\" style=\"height:50px\"><\/div><\/div><\/div><\/div><\/div><\/div><\/section><section class=\"l-section wpb_row 77 height_small with_shape\" id=\"precios\"><div class=\"l-section-shape type_wave pos_top on_front hor_flip\" style=\"height:8vmin;color:var(--color-content-secondary)\"><svg xmlns=\"http:\/\/www.w3.org\/2000\/svg\" viewBox=\"0 4 64 4\" preserveAspectRatio=\"none\" width=\"100%\" height=\"100%\">\r\n\t<path fill=\"currentColor\" d=\"M64 6 C32 0 32 12 0 6 L0 8 L64 8 Z\"\/>\r\n<\/svg><\/div><div class=\"l-section-h i-cf\"><div class=\"g-cols vc_row via_flex valign_top type_default stacking_default\"><div class=\"vc_col-sm-12 wpb_column vc_column_container\"><div class=\"vc_column-inner\"><div class=\"wpb_wrapper\"><div class=\"w-separator hide_on_default hide_on_laptops hide_on_tablets size_custom\" style=\"height:50px\"><\/div><div class=\"w-separator size_medium\"><\/div><div class=\"w-tabs fabs layout_hor style_radio3 switch_click has_scrolling\" style=\"--sections-title-size:2rem\"><div class=\"w-tabs-list items_3 align_center\" style=\"font-family:var(--h1-font-family);\"><div class=\"w-tabs-list-h\"><button class=\"w-tabs-item active defined-active\" aria-controls=\"content-o7fd\" aria-expanded=\"true\"><span class=\"w-tabs-item-title\">Signia<\/span><\/button><button class=\"w-tabs-item\" aria-controls=\"content-dae6\" aria-expanded=\"false\"><span class=\"w-tabs-item-title\">Resound<\/span><\/button><button class=\"w-tabs-item\" aria-controls=\"content-x6c1\" aria-expanded=\"false\"><span class=\"w-tabs-item-title\">Phonak<\/span><\/button><\/div><\/div><div class=\"w-tabs-sections titles-align_none icon_chevron cpos_right\"><div class=\"w-tabs-section active\" id=\"o7fd\"><button class=\"w-tabs-section-header active\" aria-controls=\"content-o7fd\" aria-expanded=\"true\"><div class=\"w-tabs-section-title\">Signia<\/div><div class=\"w-tabs-section-control\"><\/div><\/button><div  class=\"w-tabs-section-content\" id=\"content-o7fd\"><div class=\"w-tabs-section-content-h i-cf\"><div class=\"w-grid type_grid layout_526 cols_3 pagination_infinite\" id=\"us_grid_1\" style=\"--gap:4rem;\" data-filterable=\"true\"><style>@media (max-width:800px){#us_grid_1 .w-grid-item{width:50%}}@media (max-width:600px){#us_grid_1 .w-grid-list{margin:0}#us_grid_1 .w-grid-item{width:100%;padding:0;margin-bottom:var(--gap,0px)}}.layout_526 .w-grid-item-h{}.layout_526 .usg_post_image_1{transition-duration:0.35s;transform-origin:50% 50%;transform:scale(1) translate(0%,0%)}.layout_526 .w-grid-item-h:hover .usg_post_image_1{transform:scale(1.1) translate(0%,0%);opacity:0.8}.layout_526 .usg_vwrapper_1{margin-bottom:1.5rem!important;border-radius:25px!important;position:relative!important;padding:1.25rem!important;border:2px solid var(--color-content-primary)!important}.layout_526 .usg_post_title_1{color:var(--color-content-heading)!important;font-size:1.2rem!important}.layout_526 .usg_post_custom_field_1{color:#ffffff!important;font-size:0.9rem!important;border-radius:50px!important;bottom:0!important;right:0!important;background:var(--color-content-primary)!important;padding:0.5rem 1rem 0.5rem 1rem!important}.layout_526 .usg_hwrapper_1{margin-bottom:0!important}.layout_526 .usg_post_custom_field_2{color:#ffffff!important;font-size:0.9rem!important;border-radius:50px!important;left:0!important;bottom:0!important;background:var(--color-content-primary)!important;padding:0.5rem 1rem 0.5rem 1rem!important}@media (min-width:801px) and (max-width:1224px){.layout_526 .usg_post_custom_field_1{padding:0.5rem 1rem 0.5rem 1rem!important}.layout_526 .usg_post_custom_field_2{padding:0.5rem 1rem 0.5rem 1rem!important}}@media (min-width:601px) and (max-width:800px){.layout_526 .usg_post_custom_field_1{padding:0.5rem 1rem 0.5rem 1rem!important}.layout_526 .usg_post_custom_field_2{margin-right:0!important;padding:0.5rem 1rem 0.5rem 1rem!important}}@media (max-width:600px){.layout_526 .usg_post_custom_field_1{padding:0.5rem 1rem 0.5rem 1rem!important}.layout_526 .usg_post_custom_field_2{margin-right:0!important;padding:0.5rem 1rem 0.5rem 1rem!important}}<\/style><div class=\"w-grid-list\">\t<article class=\"w-grid-item size_1x1 post-1710 producto type-producto status-publish has-post-thumbnail hentry category-signia-en\" data-id=\"1710\">\r\n\t\t<div class=\"w-grid-item-h\">\r\n\t\t\t\t\t\t<div class=\"w-vwrapper usg_vwrapper_1 align_none valign_bottom has-link\" style=\"--vwrapper-gap:1.2rem\"><div class=\"w-post-elm post_image usg_post_image_1 has_ratio\"><img loading=\"lazy\" decoding=\"async\" width=\"1024\" height=\"1024\" src=\"https:\/\/www.aude.es\/wp-content\/uploads\/2025\/01\/audifono-signia-pure-cg-bct-ix-graphite-1024x1024.jpg\" class=\"attachment-large size-large wp-post-image\" alt=\"audifono-signia-pure-cg-bct-ix-graphite\" \/><div style=\"padding-bottom:100%\"><\/div><\/div><div class=\"w-hwrapper usg_hwrapper_1 default_align_justify laptops_align_justify tablets_align_justify mobiles_align_justify valign_top\"><div class=\"w-post-elm post_custom_field usg_post_custom_field_2 gama has_text_color type_text color_link_inherit has_border_radius\"><span class=\"w-post-elm-before\">Gama <\/span><span class=\"w-post-elm-value\">alta<\/span><\/div><div class=\"w-post-elm post_custom_field usg_post_custom_field_1 has_text_color type_text precio color_link_inherit has_border_radius\"><span class=\"w-post-elm-value\">3.895,00 \u20ac<\/span><\/div><\/div><a href=\"https:\/\/www.aude.es\/en\/producto\/audiophone-couple-promotionsignia-cg-7-ix\/\" class=\"w-vwrapper-link smooth-scroll\" aria-label=\"Link\"><\/a><\/div><h2 class=\"w-post-elm post_title usg_post_title_1 has_text_color align_center entry-title color_link_inherit\"><a href=\"https:\/\/www.aude.es\/en\/producto\/audiophone-couple-promotionsignia-cg-7-ix\/\"><b>PAIR <\/b>OF HEARING AIDS PROMOTION<br><span>Signia C&amp;G BCT 7 IX<\/span><\/a><\/h2>\t\t<\/div>\r\n\t\t\t<\/article>\r\n\t<article class=\"w-grid-item size_1x1 post-1712 producto type-producto status-publish has-post-thumbnail hentry category-signia-en\" data-id=\"1712\">\r\n\t\t<div class=\"w-grid-item-h\">\r\n\t\t\t\t\t\t<div class=\"w-vwrapper usg_vwrapper_1 align_none valign_bottom has-link\" style=\"--vwrapper-gap:1.2rem\"><div class=\"w-post-elm post_image usg_post_image_1 has_ratio\"><img loading=\"lazy\" decoding=\"async\" width=\"1024\" height=\"1024\" src=\"https:\/\/www.aude.es\/wp-content\/uploads\/2025\/01\/audifono-signia-pure-cg-bct-ix-rosegold-1024x1024.jpg\" class=\"attachment-large size-large wp-post-image\" alt=\"audifono-signia-pure-cg-bct-ix-rosegold\" \/><div style=\"padding-bottom:100%\"><\/div><\/div><div class=\"w-hwrapper usg_hwrapper_1 default_align_justify laptops_align_justify tablets_align_justify mobiles_align_justify valign_top\"><div class=\"w-post-elm post_custom_field usg_post_custom_field_2 gama has_text_color type_text color_link_inherit has_border_radius\"><span class=\"w-post-elm-before\">Gama <\/span><span class=\"w-post-elm-value\">media<\/span><\/div><div class=\"w-post-elm post_custom_field usg_post_custom_field_1 has_text_color type_text precio color_link_inherit has_border_radius\"><span class=\"w-post-elm-value\">3.195,00 \u20ac<\/span><\/div><\/div><a href=\"https:\/\/www.aude.es\/en\/producto\/audiophone-couple-promotionsignia-cg-3-ix\/\" class=\"w-vwrapper-link smooth-scroll\" aria-label=\"Link\"><\/a><\/div><h2 class=\"w-post-elm post_title usg_post_title_1 has_text_color align_center entry-title color_link_inherit\"><a href=\"https:\/\/www.aude.es\/en\/producto\/audiophone-couple-promotionsignia-cg-3-ix\/\"><b>PAIR <\/b>OF HEARING AIDS PROMOTION<br><span>Signia C&amp;G BCT 3 IX<\/span><\/a><\/h2>\t\t<\/div>\r\n\t\t\t<\/article>\r\n\t<article class=\"w-grid-item size_1x1 post-1715 producto type-producto status-publish has-post-thumbnail hentry category-signia-en\" data-id=\"1715\">\r\n\t\t<div class=\"w-grid-item-h\">\r\n\t\t\t\t\t\t<div class=\"w-vwrapper usg_vwrapper_1 align_none valign_bottom has-link\" style=\"--vwrapper-gap:1.2rem\"><div class=\"w-post-elm post_image usg_post_image_1 has_ratio\"><img loading=\"lazy\" decoding=\"async\" width=\"1000\" height=\"1000\" src=\"https:\/\/www.aude.es\/wp-content\/uploads\/2025\/03\/Pure-CnG-IX_Silver_Pair_Shadow_V02.png\" class=\"attachment-large size-large wp-post-image\" alt=\"Promoci\u00f3n pareja de aud\u00edfonos Signia\" \/><div style=\"padding-bottom:100%\"><\/div><\/div><div class=\"w-hwrapper usg_hwrapper_1 default_align_justify laptops_align_justify tablets_align_justify mobiles_align_justify valign_top\"><div class=\"w-post-elm post_custom_field usg_post_custom_field_2 gama has_text_color type_text color_link_inherit has_border_radius\"><span class=\"w-post-elm-before\">Gama <\/span><span class=\"w-post-elm-value\">econ\u00f3mica<\/span><\/div><div class=\"w-post-elm post_custom_field usg_post_custom_field_1 has_text_color type_text precio color_link_inherit has_border_radius\"><span class=\"w-post-elm-value\">2.495,00 \u20ac<\/span><\/div><\/div><a href=\"https:\/\/www.aude.es\/en\/producto\/audiophone-couple-promotionsignia-cg-1-ix\/\" class=\"w-vwrapper-link smooth-scroll\" aria-label=\"Link\"><\/a><\/div><h2 class=\"w-post-elm post_title usg_post_title_1 has_text_color align_center entry-title color_link_inherit\"><a href=\"https:\/\/www.aude.es\/en\/producto\/audiophone-couple-promotionsignia-cg-1-ix\/\"><b>PAIR <\/b>OF HEARING AIDS PROMOTION<br><span>Signia C&amp;G 1 IX<\/span><\/a><\/h2>\t\t<\/div>\r\n\t\t\t<\/article>\r\n\t<article class=\"w-grid-item size_1x1 post-1716 producto type-producto status-publish has-post-thumbnail hentry category-signia-en\" data-id=\"1716\">\r\n\t\t<div class=\"w-grid-item-h\">\r\n\t\t\t\t\t\t<div class=\"w-vwrapper usg_vwrapper_1 align_none valign_bottom has-link\" style=\"--vwrapper-gap:1.2rem\"><div class=\"w-post-elm post_image usg_post_image_1 has_ratio\"><img loading=\"lazy\" decoding=\"async\" width=\"690\" height=\"690\" src=\"https:\/\/www.aude.es\/wp-content\/uploads\/2025\/01\/f25fc0_9f09ed5479d34ac8a723917a3f5f0cd3mv2.jpg\" class=\"attachment-large size-large wp-post-image\" alt=\"\" \/><div style=\"padding-bottom:100%\"><\/div><\/div><div class=\"w-hwrapper usg_hwrapper_1 default_align_justify laptops_align_justify tablets_align_justify mobiles_align_justify valign_top\"><div class=\"w-post-elm post_custom_field usg_post_custom_field_2 gama has_text_color type_text color_link_inherit has_border_radius\"><span class=\"w-post-elm-before\">Gama <\/span><span class=\"w-post-elm-value\">econ\u00f3mica<\/span><\/div><div class=\"w-post-elm post_custom_field usg_post_custom_field_1 has_text_color type_text precio color_link_inherit has_border_radius\"><span class=\"w-post-elm-value\">995,00 \u20ac<\/span><\/div><\/div><a href=\"https:\/\/www.aude.es\/en\/producto\/promotionaudifono-as-rie\/\" class=\"w-vwrapper-link smooth-scroll\" aria-label=\"Link\"><\/a><\/div><h2 class=\"w-post-elm post_title usg_post_title_1 has_text_color align_center entry-title color_link_inherit\"><a href=\"https:\/\/www.aude.es\/en\/producto\/promotionaudifono-as-rie\/\">PROMOTION<br><span>AS Rie Hearing Aid<\/span><\/a><\/h2>\t\t<\/div>\r\n\t\t\t<\/article>\r\n\t<article class=\"w-grid-item size_1x1 post-1708 producto type-producto status-publish has-post-thumbnail hentry category-signia-en\" data-id=\"1708\">\r\n\t\t<div class=\"w-grid-item-h\">\r\n\t\t\t\t\t\t<div class=\"w-vwrapper usg_vwrapper_1 align_none valign_bottom has-link\" style=\"--vwrapper-gap:1.2rem\"><div class=\"w-post-elm post_image usg_post_image_1 has_ratio\"><img loading=\"lazy\" decoding=\"async\" width=\"1000\" height=\"1000\" src=\"https:\/\/www.aude.es\/wp-content\/uploads\/2025\/02\/asesoramiento-2-2.png\" class=\"attachment-large size-large wp-post-image\" alt=\"Signia Silk IX\" \/><div style=\"padding-bottom:100%\"><\/div><\/div><div class=\"w-hwrapper usg_hwrapper_1 default_align_justify laptops_align_justify tablets_align_justify mobiles_align_justify valign_top\"><div class=\"w-post-elm post_custom_field usg_post_custom_field_2 gama has_text_color type_text color_link_inherit has_border_radius\"><span class=\"w-post-elm-before\">Gama <\/span><span class=\"w-post-elm-value\">alta<\/span><\/div><div class=\"w-post-elm post_custom_field usg_post_custom_field_1 has_text_color type_text precio color_link_inherit has_border_radius\"><span class=\"w-post-elm-value\">3.895,00 \u20ac<\/span><\/div><\/div><a href=\"https:\/\/www.aude.es\/en\/producto\/promotion-invisible-hearing-systems-couplesignia-silk-cg-7-ix\/\" class=\"w-vwrapper-link smooth-scroll\" aria-label=\"Link\"><\/a><\/div><h2 class=\"w-post-elm post_title usg_post_title_1 has_text_color align_center entry-title color_link_inherit\"><a href=\"https:\/\/www.aude.es\/en\/producto\/promotion-invisible-hearing-systems-couplesignia-silk-cg-7-ix\/\"><b>PAIR <\/b>OF HEARING AIDS PROMOTION<br><span>Signia Silk C&amp;G 7 IX<\/span><\/a><\/h2>\t\t<\/div>\r\n\t\t\t<\/article>\r\n\t<article class=\"w-grid-item size_1x1 post-1703 producto type-producto status-publish has-post-thumbnail hentry category-signia-en\" data-id=\"1703\">\r\n\t\t<div class=\"w-grid-item-h\">\r\n\t\t\t\t\t\t<div class=\"w-vwrapper usg_vwrapper_1 align_none valign_bottom has-link\" style=\"--vwrapper-gap:1.2rem\"><div class=\"w-post-elm post_image usg_post_image_1 has_ratio\"><img loading=\"lazy\" decoding=\"async\" width=\"1000\" height=\"1000\" src=\"https:\/\/www.aude.es\/wp-content\/uploads\/2025\/02\/asesoramiento-2-2.png\" class=\"attachment-large size-large wp-post-image\" alt=\"Signia Silk IX\" \/><div style=\"padding-bottom:100%\"><\/div><\/div><div class=\"w-hwrapper usg_hwrapper_1 default_align_justify laptops_align_justify tablets_align_justify mobiles_align_justify valign_top\"><div class=\"w-post-elm post_custom_field usg_post_custom_field_2 gama has_text_color type_text color_link_inherit has_border_radius\"><span class=\"w-post-elm-before\">Gama <\/span><span class=\"w-post-elm-value\">media<\/span><\/div><div class=\"w-post-elm post_custom_field usg_post_custom_field_1 has_text_color type_text precio color_link_inherit has_border_radius\"><span class=\"w-post-elm-value\">3.195,00 \u20ac<\/span><\/div><\/div><a href=\"https:\/\/www.aude.es\/en\/producto\/promotion-invisible-hearing-systems-couplesignia-silk-cg-3-ix\/\" class=\"w-vwrapper-link smooth-scroll\" aria-label=\"Link\"><\/a><\/div><h2 class=\"w-post-elm post_title usg_post_title_1 has_text_color align_center entry-title color_link_inherit\"><a href=\"https:\/\/www.aude.es\/en\/producto\/promotion-invisible-hearing-systems-couplesignia-silk-cg-3-ix\/\"><b>PAIR <\/b>OF HEARING AIDS PROMOTION<br><span>Signia Silk C&amp;G 3 IX<\/span><\/a><\/h2>\t\t<\/div>\r\n\t\t\t<\/article>\r\n\t<article class=\"w-grid-item size_1x1 post-1709 producto type-producto status-publish has-post-thumbnail hentry category-signia-en\" data-id=\"1709\">\r\n\t\t<div class=\"w-grid-item-h\">\r\n\t\t\t\t\t\t<div class=\"w-vwrapper usg_vwrapper_1 align_none valign_bottom has-link\" style=\"--vwrapper-gap:1.2rem\"><div class=\"w-post-elm post_image usg_post_image_1 has_ratio\"><img loading=\"lazy\" decoding=\"async\" width=\"1000\" height=\"1000\" src=\"https:\/\/www.aude.es\/wp-content\/uploads\/2025\/02\/asesoramiento-2-2.png\" class=\"attachment-large size-large wp-post-image\" alt=\"Signia Silk IX\" \/><div style=\"padding-bottom:100%\"><\/div><\/div><div class=\"w-hwrapper usg_hwrapper_1 default_align_justify laptops_align_justify tablets_align_justify mobiles_align_justify valign_top\"><div class=\"w-post-elm post_custom_field usg_post_custom_field_2 gama has_text_color type_text color_link_inherit has_border_radius\"><span class=\"w-post-elm-before\">Gama <\/span><span class=\"w-post-elm-value\">econ\u00f3mica<\/span><\/div><div class=\"w-post-elm post_custom_field usg_post_custom_field_1 has_text_color type_text precio color_link_inherit has_border_radius\"><span class=\"w-post-elm-value\">2.495,00 \u20ac<\/span><\/div><\/div><a href=\"https:\/\/www.aude.es\/en\/producto\/promotion-invisible-hearing-systems-couplesignia-silk-cg-1-ix\/\" class=\"w-vwrapper-link smooth-scroll\" aria-label=\"Link\"><\/a><\/div><h2 class=\"w-post-elm post_title usg_post_title_1 has_text_color align_center entry-title color_link_inherit\"><a href=\"https:\/\/www.aude.es\/en\/producto\/promotion-invisible-hearing-systems-couplesignia-silk-cg-1-ix\/\"><b>PAIR <\/b>OF HEARING AIDS PROMOTION<br><span>Signia Silk C&amp;G 1 IX<\/span><\/a><\/h2>\t\t<\/div>\r\n\t\t\t<\/article>\r\n<\/div><div class=\"w-grid-preloader\">\t<div class=\"g-preloader type_1\">\r\n\t\t<div><\/div>\r\n\t<\/div>\r\n\t<\/div>\t<div class=\"w-grid-json hidden\" onclick='return {&quot;action&quot;:&quot;us_ajax_grid&quot;,&quot;infinite_scroll&quot;:0,&quot;max_num_pages&quot;:1,&quot;pagination&quot;:&quot;infinite&quot;,&quot;template_vars&quot;:{&quot;columns&quot;:&quot;3&quot;,&quot;exclude_items&quot;:&quot;none&quot;,&quot;img_size&quot;:&quot;default&quot;,&quot;ignore_items_size&quot;:0,&quot;items_layout&quot;:&quot;526&quot;,&quot;items_offset&quot;:&quot;1&quot;,&quot;load_animation&quot;:&quot;none&quot;,&quot;overriding_link&quot;:&quot;%7B%22url%22%3A%22%22%7D&quot;,&quot;post_id&quot;:0,&quot;query_args&quot;:{&quot;post_type&quot;:[&quot;producto&quot;],&quot;tax_query&quot;:[{&quot;taxonomy&quot;:&quot;category&quot;,&quot;field&quot;:&quot;slug&quot;,&quot;terms&quot;:[&quot;signia&quot;]}],&quot;post_status&quot;:[&quot;publish&quot;,&quot;acf-disabled&quot;],&quot;posts_per_page&quot;:999},&quot;orderby_query_args&quot;:{&quot;orderby&quot;:{&quot;menu_order&quot;:&quot;ASC&quot;},&quot;order&quot;:&quot;ASC&quot;},&quot;type&quot;:&quot;grid&quot;,&quot;us_grid_post_type&quot;:&quot;producto&quot;,&quot;us_grid_ajax_index&quot;:1,&quot;us_grid_filter_query_string&quot;:null,&quot;us_grid_index&quot;:1,&quot;page_args&quot;:[],&quot;lang&quot;:&quot;en&quot;}}'><\/div>\r\n\t<\/div><\/div><\/div><\/div><div class=\"w-tabs-section\" id=\"dae6\"><button class=\"w-tabs-section-header\" aria-controls=\"content-dae6\" aria-expanded=\"false\"><div class=\"w-tabs-section-title\">Resound<\/div><div class=\"w-tabs-section-control\"><\/div><\/button><div  class=\"w-tabs-section-content\" id=\"content-dae6\"><div class=\"w-tabs-section-content-h i-cf\"><div class=\"w-grid type_grid layout_526 cols_3 pagination_infinite\" id=\"us_grid_2\" style=\"--gap:4rem;\" data-filterable=\"true\"><style>@media (max-width:800px){#us_grid_2 .w-grid-item{width:50%}}@media (max-width:600px){#us_grid_2 .w-grid-list{margin:0}#us_grid_2 .w-grid-item{width:100%;padding:0;margin-bottom:var(--gap,0px)}}<\/style><div class=\"w-grid-list\">\t<article class=\"w-grid-item size_1x1 post-1713 producto type-producto status-publish has-post-thumbnail hentry category-resound-en\" data-id=\"1713\">\r\n\t\t<div class=\"w-grid-item-h\">\r\n\t\t\t\t\t\t<div class=\"w-vwrapper usg_vwrapper_1 align_none valign_bottom has-link\" style=\"--vwrapper-gap:1.2rem\"><div class=\"w-post-elm post_image usg_post_image_1 has_ratio\"><img loading=\"lazy\" decoding=\"async\" width=\"1024\" height=\"1024\" src=\"https:\/\/www.aude.es\/wp-content\/uploads\/2025\/02\/RS_Vi_ProductStill_SparkSilver-1024x1024.jpg\" class=\"attachment-large size-large wp-post-image\" alt=\"Aud\u00edfono ReSound Vivia 9 recargable con inteligencia artificial\" \/><div style=\"padding-bottom:100%\"><\/div><\/div><div class=\"w-hwrapper usg_hwrapper_1 default_align_justify laptops_align_justify tablets_align_justify mobiles_align_justify valign_top\"><div class=\"w-post-elm post_custom_field usg_post_custom_field_2 gama has_text_color type_text color_link_inherit has_border_radius\"><span class=\"w-post-elm-before\">Gama <\/span><span class=\"w-post-elm-value\">alta<\/span><\/div><div class=\"w-post-elm post_custom_field usg_post_custom_field_1 has_text_color type_text precio color_link_inherit has_border_radius\"><span class=\"w-post-elm-value\">3.995,00 \u20ac<\/span><\/div><\/div><a href=\"https:\/\/www.aude.es\/en\/producto\/promotion-headphones-coupleresound-vivia-9\/\" class=\"w-vwrapper-link smooth-scroll\" aria-label=\"Link\"><\/a><\/div><h2 class=\"w-post-elm post_title usg_post_title_1 has_text_color align_center entry-title color_link_inherit\"><a href=\"https:\/\/www.aude.es\/en\/producto\/promotion-headphones-coupleresound-vivia-9\/\"><b>PAIR <\/b>OF HEARING AIDS PROMOTION<br><span>Resound Vivia 9<\/span><\/a><\/h2>\t\t<\/div>\r\n\t\t\t<\/article>\r\n\t<article class=\"w-grid-item size_1x1 post-1704 producto type-producto status-publish has-post-thumbnail hentry category-resound-en\" data-id=\"1704\">\r\n\t\t<div class=\"w-grid-item-h\">\r\n\t\t\t\t\t\t<div class=\"w-vwrapper usg_vwrapper_1 align_none valign_bottom has-link\" style=\"--vwrapper-gap:1.2rem\"><div class=\"w-post-elm post_image usg_post_image_1 has_ratio\"><img loading=\"lazy\" decoding=\"async\" width=\"1024\" height=\"1024\" src=\"https:\/\/www.aude.es\/wp-content\/uploads\/2025\/02\/resound-vivia-5-audifono-recargable-1024x1024.jpg\" class=\"attachment-large size-large wp-post-image\" alt=\"resound vivia 5 aud\u00edfono\" \/><div style=\"padding-bottom:100%\"><\/div><\/div><div class=\"w-hwrapper usg_hwrapper_1 default_align_justify laptops_align_justify tablets_align_justify mobiles_align_justify valign_top\"><div class=\"w-post-elm post_custom_field usg_post_custom_field_2 gama has_text_color type_text color_link_inherit has_border_radius\"><span class=\"w-post-elm-before\">Gama <\/span><span class=\"w-post-elm-value\">media<\/span><\/div><div class=\"w-post-elm post_custom_field usg_post_custom_field_1 has_text_color type_text precio color_link_inherit has_border_radius\"><span class=\"w-post-elm-value\">3.295,00 \u20ac<\/span><\/div><\/div><a href=\"https:\/\/www.aude.es\/en\/producto\/promotion-headphones-coupleresound-vivia-5\/\" class=\"w-vwrapper-link smooth-scroll\" aria-label=\"Link\"><\/a><\/div><h2 class=\"w-post-elm post_title usg_post_title_1 has_text_color align_center entry-title color_link_inherit\"><a href=\"https:\/\/www.aude.es\/en\/producto\/promotion-headphones-coupleresound-vivia-5\/\"><b>PAIR <\/b>OF HEARING AIDS PROMOTION<br><span>Resound Vivia 5<\/span><\/a><\/h2>\t\t<\/div>\r\n\t\t\t<\/article>\r\n\t<article class=\"w-grid-item size_1x1 post-1705 producto type-producto status-publish has-post-thumbnail hentry category-resound-en\" data-id=\"1705\">\r\n\t\t<div class=\"w-grid-item-h\">\r\n\t\t\t\t\t\t<div class=\"w-vwrapper usg_vwrapper_1 align_none valign_bottom has-link\" style=\"--vwrapper-gap:1.2rem\"><div class=\"w-post-elm post_image usg_post_image_1 has_ratio\"><img loading=\"lazy\" decoding=\"async\" width=\"1024\" height=\"1024\" src=\"https:\/\/www.aude.es\/wp-content\/uploads\/2025\/02\/audifono_resound_savi_3_aude_malaga-1024x1024.jpg\" class=\"attachment-large size-large wp-post-image\" alt=\"Aud\u00edfono ReSound Savi 3 con dise\u00f1o discreto y conectividad Bluetooth, disponible en Aude M\u00e1laga\" \/><div style=\"padding-bottom:100%\"><\/div><\/div><div class=\"w-hwrapper usg_hwrapper_1 default_align_justify laptops_align_justify tablets_align_justify mobiles_align_justify valign_top\"><div class=\"w-post-elm post_custom_field usg_post_custom_field_2 gama has_text_color type_text color_link_inherit has_border_radius\"><span class=\"w-post-elm-before\">Gama <\/span><span class=\"w-post-elm-value\">econ\u00f3mica<\/span><\/div><div class=\"w-post-elm post_custom_field usg_post_custom_field_1 has_text_color type_text precio color_link_inherit has_border_radius\"><span class=\"w-post-elm-value\">2895,00 \u20ac<\/span><\/div><\/div><a href=\"https:\/\/www.aude.es\/en\/producto\/promotion-pair-of-headphonesresound-savi-3\/\" class=\"w-vwrapper-link smooth-scroll\" aria-label=\"Link\"><\/a><\/div><h2 class=\"w-post-elm post_title usg_post_title_1 has_text_color align_center entry-title color_link_inherit\"><a href=\"https:\/\/www.aude.es\/en\/producto\/promotion-pair-of-headphonesresound-savi-3\/\"><b>PAIR <\/b>OF HEARING AIDS PROMOTION<br><span>Resound Savi 3<\/span><\/a><\/h2>\t\t<\/div>\r\n\t\t\t<\/article>\r\n<\/div><div class=\"w-grid-preloader\">\t<div class=\"g-preloader type_1\">\r\n\t\t<div><\/div>\r\n\t<\/div>\r\n\t<\/div>\t<div class=\"w-grid-json hidden\" onclick='return {&quot;action&quot;:&quot;us_ajax_grid&quot;,&quot;infinite_scroll&quot;:0,&quot;max_num_pages&quot;:1,&quot;pagination&quot;:&quot;infinite&quot;,&quot;template_vars&quot;:{&quot;columns&quot;:&quot;3&quot;,&quot;exclude_items&quot;:&quot;none&quot;,&quot;img_size&quot;:&quot;default&quot;,&quot;ignore_items_size&quot;:0,&quot;items_layout&quot;:&quot;526&quot;,&quot;items_offset&quot;:&quot;1&quot;,&quot;load_animation&quot;:&quot;none&quot;,&quot;overriding_link&quot;:&quot;%7B%22url%22%3A%22%22%7D&quot;,&quot;post_id&quot;:0,&quot;query_args&quot;:{&quot;post_type&quot;:[&quot;producto&quot;],&quot;tax_query&quot;:[{&quot;taxonomy&quot;:&quot;category&quot;,&quot;field&quot;:&quot;slug&quot;,&quot;terms&quot;:[&quot;resound&quot;]}],&quot;post_status&quot;:[&quot;publish&quot;,&quot;acf-disabled&quot;],&quot;posts_per_page&quot;:999},&quot;orderby_query_args&quot;:{&quot;orderby&quot;:{&quot;menu_order&quot;:&quot;ASC&quot;},&quot;order&quot;:&quot;ASC&quot;},&quot;type&quot;:&quot;grid&quot;,&quot;us_grid_post_type&quot;:&quot;producto&quot;,&quot;us_grid_ajax_index&quot;:2,&quot;us_grid_filter_query_string&quot;:null,&quot;us_grid_index&quot;:2,&quot;page_args&quot;:[],&quot;lang&quot;:&quot;en&quot;}}'><\/div>\r\n\t<\/div><\/div><\/div><\/div><div class=\"w-tabs-section\" id=\"x6c1\"><button class=\"w-tabs-section-header\" aria-controls=\"content-x6c1\" aria-expanded=\"false\"><div class=\"w-tabs-section-title\">Phonak<\/div><div class=\"w-tabs-section-control\"><\/div><\/button><div  class=\"w-tabs-section-content\" id=\"content-x6c1\"><div class=\"w-tabs-section-content-h i-cf\"><div class=\"w-grid type_grid layout_526 cols_3 pagination_infinite\" id=\"us_grid_3\" style=\"--gap:4rem;\" data-filterable=\"true\"><style>@media (max-width:800px){#us_grid_3 .w-grid-item{width:50%}}@media (max-width:600px){#us_grid_3 .w-grid-list{margin:0}#us_grid_3 .w-grid-item{width:100%;padding:0;margin-bottom:var(--gap,0px)}}<\/style><div class=\"w-grid-list\">\t<article class=\"w-grid-item size_1x1 post-1711 producto type-producto status-publish has-post-thumbnail hentry category-phonak-en\" data-id=\"1711\">\r\n\t\t<div class=\"w-grid-item-h\">\r\n\t\t\t\t\t\t<div class=\"w-vwrapper usg_vwrapper_1 align_none valign_bottom has-link\" style=\"--vwrapper-gap:1.2rem\"><div class=\"w-post-elm post_image usg_post_image_1 has_ratio\"><img loading=\"lazy\" decoding=\"async\" width=\"600\" height=\"600\" src=\"https:\/\/www.aude.es\/wp-content\/uploads\/2025\/02\/PH_Packshot_Audeo-I-Sphere-xReceiver_050-1029-P6.png\" class=\"attachment-large size-large wp-post-image\" alt=\"Aud\u00edfonos Phonak Sphere I90 con inteligencia artificial\" \/><div style=\"padding-bottom:100%\"><\/div><\/div><div class=\"w-hwrapper usg_hwrapper_1 default_align_justify laptops_align_justify tablets_align_justify mobiles_align_justify valign_top\"><div class=\"w-post-elm post_custom_field usg_post_custom_field_2 gama has_text_color type_text color_link_inherit has_border_radius\"><span class=\"w-post-elm-before\">Gama <\/span><span class=\"w-post-elm-value\">alta<\/span><\/div><div class=\"w-post-elm post_custom_field usg_post_custom_field_1 has_text_color type_text precio color_link_inherit has_border_radius\"><span class=\"w-post-elm-value\">4395,00 \u20ac<\/span><\/div><\/div><a href=\"https:\/\/www.aude.es\/en\/producto\/promotion-headphones-pairphonak-sphere-i90ai-processor\/\" class=\"w-vwrapper-link smooth-scroll\" aria-label=\"Link\"><\/a><\/div><h2 class=\"w-post-elm post_title usg_post_title_1 has_text_color align_center entry-title color_link_inherit\"><a href=\"https:\/\/www.aude.es\/en\/producto\/promotion-headphones-pairphonak-sphere-i90ai-processor\/\"><b>PAIR <\/b>OF HEARING AIDS PROMOTION<br><span>Phonak Sphere I90<\/span><br>AI Processor<\/a><\/h2>\t\t<\/div>\r\n\t\t\t<\/article>\r\n\t<article class=\"w-grid-item size_1x1 post-1706 producto type-producto status-publish has-post-thumbnail hentry category-phonak-en\" data-id=\"1706\">\r\n\t\t<div class=\"w-grid-item-h\">\r\n\t\t\t\t\t\t<div class=\"w-vwrapper usg_vwrapper_1 align_none valign_bottom has-link\" style=\"--vwrapper-gap:1.2rem\"><div class=\"w-post-elm post_image usg_post_image_1 has_ratio\"><img loading=\"lazy\" decoding=\"async\" width=\"600\" height=\"600\" src=\"https:\/\/www.aude.es\/wp-content\/uploads\/2025\/02\/PH_Packshot_Audeo_P-RL_P6_Pair_without_receiver.png\" class=\"attachment-large size-large wp-post-image\" alt=\"Phonak Life\" \/><div style=\"padding-bottom:100%\"><\/div><\/div><div class=\"w-hwrapper usg_hwrapper_1 default_align_justify laptops_align_justify tablets_align_justify mobiles_align_justify valign_top\"><div class=\"w-post-elm post_custom_field usg_post_custom_field_2 gama has_text_color type_text color_link_inherit has_border_radius\"><span class=\"w-post-elm-before\">Gama <\/span><span class=\"w-post-elm-value\">alta<\/span><\/div><div class=\"w-post-elm post_custom_field usg_post_custom_field_1 has_text_color type_text precio color_link_inherit has_border_radius\"><span class=\"w-post-elm-value\">3.995,00 \u20ac<\/span><\/div><\/div><a href=\"https:\/\/www.aude.es\/en\/producto\/promotion-pair-of-hearing-aid-couplesphonak-audeo-infinio-90\/\" class=\"w-vwrapper-link smooth-scroll\" aria-label=\"Link\"><\/a><\/div><h2 class=\"w-post-elm post_title usg_post_title_1 has_text_color align_center entry-title color_link_inherit\"><a href=\"https:\/\/www.aude.es\/en\/producto\/promotion-pair-of-hearing-aid-couplesphonak-audeo-infinio-90\/\"><b>PAIR <\/b>OF HEARING AIDS PROMOTION<br><span>Phonak Audeo Infinio 90<\/span><\/a><\/h2>\t\t<\/div>\r\n\t\t\t<\/article>\r\n\t<article class=\"w-grid-item size_1x1 post-1714 producto type-producto status-publish has-post-thumbnail hentry category-phonak-en\" data-id=\"1714\">\r\n\t\t<div class=\"w-grid-item-h\">\r\n\t\t\t\t\t\t<div class=\"w-vwrapper usg_vwrapper_1 align_none valign_bottom has-link\" style=\"--vwrapper-gap:1.2rem\"><div class=\"w-post-elm post_image usg_post_image_1 has_ratio\"><img loading=\"lazy\" decoding=\"async\" width=\"600\" height=\"600\" src=\"https:\/\/www.aude.es\/wp-content\/uploads\/2025\/02\/PH_Packshot_Audeo_P-RL_P6_Pair_without_receiver.png\" class=\"attachment-large size-large wp-post-image\" alt=\"Phonak Life\" \/><div style=\"padding-bottom:100%\"><\/div><\/div><div class=\"w-hwrapper usg_hwrapper_1 default_align_justify laptops_align_justify tablets_align_justify mobiles_align_justify valign_top\"><div class=\"w-post-elm post_custom_field usg_post_custom_field_2 gama has_text_color type_text color_link_inherit has_border_radius\"><span class=\"w-post-elm-before\">Gama <\/span><span class=\"w-post-elm-value\">media<\/span><\/div><div class=\"w-post-elm post_custom_field usg_post_custom_field_1 has_text_color type_text precio color_link_inherit has_border_radius\"><span class=\"w-post-elm-value\">3.295,00 \u20ac<\/span><\/div><\/div><a href=\"https:\/\/www.aude.es\/en\/producto\/promotion-pair-of-hearing-aid-couplesphonak-audeo-infinio-50\/\" class=\"w-vwrapper-link smooth-scroll\" aria-label=\"Link\"><\/a><\/div><h2 class=\"w-post-elm post_title usg_post_title_1 has_text_color align_center entry-title color_link_inherit\"><a href=\"https:\/\/www.aude.es\/en\/producto\/promotion-pair-of-hearing-aid-couplesphonak-audeo-infinio-50\/\"><b>PAIR <\/b>OF HEARING AIDS PROMOTION<br><span>Phonak Audeo Infinio 50<\/span><\/a><\/h2>\t\t<\/div>\r\n\t\t\t<\/article>\r\n\t<article class=\"w-grid-item size_1x1 post-1707 producto type-producto status-publish has-post-thumbnail hentry category-phonak-en\" data-id=\"1707\">\r\n\t\t<div class=\"w-grid-item-h\">\r\n\t\t\t\t\t\t<div class=\"w-vwrapper usg_vwrapper_1 align_none valign_bottom has-link\" style=\"--vwrapper-gap:1.2rem\"><div class=\"w-post-elm post_image usg_post_image_1 has_ratio\"><img loading=\"lazy\" decoding=\"async\" width=\"600\" height=\"600\" src=\"https:\/\/www.aude.es\/wp-content\/uploads\/2025\/02\/PH_Packshot_Audeo_P-RL_P6_Pair_without_receiver.png\" class=\"attachment-large size-large wp-post-image\" alt=\"Phonak Life\" \/><div style=\"padding-bottom:100%\"><\/div><\/div><div class=\"w-hwrapper usg_hwrapper_1 default_align_justify laptops_align_justify tablets_align_justify mobiles_align_justify valign_top\"><div class=\"w-post-elm post_custom_field usg_post_custom_field_2 gama has_text_color type_text color_link_inherit has_border_radius\"><span class=\"w-post-elm-before\">Gama <\/span><span class=\"w-post-elm-value\">econ\u00f3mica<\/span><\/div><div class=\"w-post-elm post_custom_field usg_post_custom_field_1 has_text_color type_text precio color_link_inherit has_border_radius\"><span class=\"w-post-elm-value\">2.995,00 \u20ac<\/span><\/div><\/div><a href=\"https:\/\/www.aude.es\/en\/producto\/promotion-pair-of-hearing-aid-couplesphonak-audeo-infinio-30\/\" class=\"w-vwrapper-link smooth-scroll\" aria-label=\"Link\"><\/a><\/div><h2 class=\"w-post-elm post_title usg_post_title_1 has_text_color align_center entry-title color_link_inherit\"><a href=\"https:\/\/www.aude.es\/en\/producto\/promotion-pair-of-hearing-aid-couplesphonak-audeo-infinio-30\/\"><b>PAIR <\/b>OF HEARING AIDS PROMOTION<br><span>Phonak Audeo Infinio 30<\/span><\/a><\/h2>\t\t<\/div>\r\n\t\t\t<\/article>\r\n<\/div><div class=\"w-grid-preloader\">\t<div class=\"g-preloader type_1\">\r\n\t\t<div><\/div>\r\n\t<\/div>\r\n\t<\/div>\t<div class=\"w-grid-json hidden\" onclick='return {&quot;action&quot;:&quot;us_ajax_grid&quot;,&quot;infinite_scroll&quot;:0,&quot;max_num_pages&quot;:1,&quot;pagination&quot;:&quot;infinite&quot;,&quot;template_vars&quot;:{&quot;columns&quot;:&quot;3&quot;,&quot;exclude_items&quot;:&quot;none&quot;,&quot;img_size&quot;:&quot;default&quot;,&quot;ignore_items_size&quot;:0,&quot;items_layout&quot;:&quot;526&quot;,&quot;items_offset&quot;:&quot;1&quot;,&quot;load_animation&quot;:&quot;none&quot;,&quot;overriding_link&quot;:&quot;%7B%22url%22%3A%22%22%7D&quot;,&quot;post_id&quot;:0,&quot;query_args&quot;:{&quot;post_type&quot;:[&quot;producto&quot;],&quot;tax_query&quot;:[{&quot;taxonomy&quot;:&quot;category&quot;,&quot;field&quot;:&quot;slug&quot;,&quot;terms&quot;:[&quot;phonak&quot;]}],&quot;post_status&quot;:[&quot;publish&quot;,&quot;acf-disabled&quot;],&quot;posts_per_page&quot;:999},&quot;orderby_query_args&quot;:{&quot;orderby&quot;:{&quot;menu_order&quot;:&quot;ASC&quot;},&quot;order&quot;:&quot;ASC&quot;},&quot;type&quot;:&quot;grid&quot;,&quot;us_grid_post_type&quot;:&quot;producto&quot;,&quot;us_grid_ajax_index&quot;:3,&quot;us_grid_filter_query_string&quot;:null,&quot;us_grid_index&quot;:3,&quot;page_args&quot;:[],&quot;lang&quot;:&quot;en&quot;}}'><\/div>\r\n\t<\/div><\/div><\/div><\/div><\/div><\/div><\/div><\/div><\/div><\/div><\/div><\/section><section class=\"l-section wpb_row height_medium\"><div class=\"l-section-h i-cf\"><div class=\"g-cols vc_row via_flex valign_top type_default stacking_default\"><div class=\"vc_col-sm-12 wpb_column vc_column_container\"><div class=\"vc_column-inner\"><div class=\"wpb_wrapper\"><div class=\"w-btn-wrapper align_none\"><a class=\"w-btn us-btn-style_1\" href=\"https:\/\/www.aude.es\/centro-auditivo-malaga\/\"><span class=\"w-btn-label\">Malaga Hearing Center<\/span><\/a><\/div><\/div><\/div><\/div><\/div><\/div><\/section>\n","protected":false},"excerpt":{"rendered":"Volver atr\u00e1sPAIR OF HEARING AIDS PROMOTIONPhonak Audeo Infinio 30The economic range of the Swiss manufacturer. Water resistant, for the most demanding environments and intensive use. Available in various colors. Includes pair of rechargeable earphones, charger, 3 years warranty with loss and theft insurance (with possibility of extension to 5 years) and lifetime after-sales service. Precio:2.995,00...","protected":false},"author":2,"featured_media":0,"parent":0,"menu_order":0,"comment_status":"closed","ping_status":"closed","template":"","meta":{"_acf_changed":false,"_analytify_skip_tracking":false,"footnotes":""},"class_list":["post-1685","page","type-page","status-publish","hentry"],"acf":[],"yoast_head":"<!-- This site is optimized with the Yoast SEO plugin v27.5 - https:\/\/yoast.com\/product\/yoast-seo-wordpress\/ -->\n<title>Prices of hearing aids in M\u00e1laga | Aude Hearing Center<\/title>\n<meta name=\"description\" content=\"Discover the prices of high quality hearing aids at Aude Centro Auditivo. We offer options for all budgets in Malaga.\" \/>\n<meta name=\"robots\" content=\"index, follow, max-snippet:-1, max-image-preview:large, max-video-preview:-1\" \/>\n<link rel=\"canonical\" href=\"https:\/\/www.aude.es\/en\/hearing-aid-pricing\/\" \/>\n<meta property=\"og:locale\" content=\"en_US\" \/>\n<meta property=\"og:type\" content=\"article\" \/>\n<meta property=\"og:title\" content=\"Prices of hearing aids in M\u00e1laga | Aude Hearing Center\" \/>\n<meta property=\"og:description\" content=\"Discover the prices of high quality hearing aids at Aude Centro Auditivo. We offer options for all budgets in Malaga.\" \/>\n<meta property=\"og:url\" content=\"https:\/\/www.aude.es\/en\/hearing-aid-pricing\/\" \/>\n<meta property=\"og:site_name\" content=\"Aude Centro Auditivo\" \/>\n<meta property=\"article:publisher\" content=\"https:\/\/www.facebook.com\/audecentroauditivo\" \/>\n<meta property=\"article:modified_time\" content=\"2026-01-02T20:19:28+00:00\" \/>\n<meta property=\"og:image\" content=\"https:\/\/www.aude.es\/wp-content\/uploads\/2025\/01\/aude-bg_-scaled-e1738047783409.webp\" \/>\n\t<meta property=\"og:image:width\" content=\"1306\" \/>\n\t<meta property=\"og:image:height\" content=\"1146\" \/>\n\t<meta property=\"og:image:type\" content=\"image\/webp\" \/>\n<meta name=\"twitter:card\" content=\"summary_large_image\" \/>\n<meta name=\"twitter:label1\" content=\"Est. reading time\" \/>\n\t<meta name=\"twitter:data1\" content=\"3 minutes\" \/>\n<script type=\"application\/ld+json\" class=\"yoast-schema-graph\">{\"@context\":\"https:\\\/\\\/schema.org\",\"@graph\":[{\"@type\":\"WebPage\",\"@id\":\"https:\\\/\\\/www.aude.es\\\/en\\\/hearing-aid-pricing\\\/\",\"url\":\"https:\\\/\\\/www.aude.es\\\/en\\\/hearing-aid-pricing\\\/\",\"name\":\"Prices of hearing aids in M\u00e1laga | Aude Hearing Center\",\"isPartOf\":{\"@id\":\"https:\\\/\\\/www.aude.es\\\/en\\\/#website\"},\"datePublished\":\"2025-01-28T09:26:23+00:00\",\"dateModified\":\"2026-01-02T20:19:28+00:00\",\"description\":\"Discover the prices of high quality hearing aids at Aude Centro Auditivo. We offer options for all budgets in Malaga.\",\"breadcrumb\":{\"@id\":\"https:\\\/\\\/www.aude.es\\\/en\\\/hearing-aid-pricing\\\/#breadcrumb\"},\"inLanguage\":\"en-US\",\"potentialAction\":[{\"@type\":\"ReadAction\",\"target\":[\"https:\\\/\\\/www.aude.es\\\/en\\\/hearing-aid-pricing\\\/\"]}]},{\"@type\":\"BreadcrumbList\",\"@id\":\"https:\\\/\\\/www.aude.es\\\/en\\\/hearing-aid-pricing\\\/#breadcrumb\",\"itemListElement\":[{\"@type\":\"ListItem\",\"position\":1,\"name\":\"Portada\",\"item\":\"https:\\\/\\\/www.aude.es\\\/en\\\/we-take-care-of-your-hearing-health\\\/\"},{\"@type\":\"ListItem\",\"position\":2,\"name\":\"Hearing Aid Prices\"}]},{\"@type\":\"WebSite\",\"@id\":\"https:\\\/\\\/www.aude.es\\\/en\\\/#website\",\"url\":\"https:\\\/\\\/www.aude.es\\\/en\\\/\",\"name\":\"Aude Centro Auditivo\",\"description\":\"Centro Auditivo\",\"publisher\":{\"@id\":\"https:\\\/\\\/www.aude.es\\\/en\\\/#organization\"},\"potentialAction\":[{\"@type\":\"SearchAction\",\"target\":{\"@type\":\"EntryPoint\",\"urlTemplate\":\"https:\\\/\\\/www.aude.es\\\/en\\\/?s={search_term_string}\"},\"query-input\":{\"@type\":\"PropertyValueSpecification\",\"valueRequired\":true,\"valueName\":\"search_term_string\"}}],\"inLanguage\":\"en-US\"},{\"@type\":\"Organization\",\"@id\":\"https:\\\/\\\/www.aude.es\\\/en\\\/#organization\",\"name\":\"Aude Centro Auditivo\",\"alternateName\":\"Tienda de Aud\u00edfonos\",\"url\":\"https:\\\/\\\/www.aude.es\\\/en\\\/\",\"logo\":{\"@type\":\"ImageObject\",\"inLanguage\":\"en-US\",\"@id\":\"https:\\\/\\\/www.aude.es\\\/en\\\/#\\\/schema\\\/logo\\\/image\\\/\",\"url\":\"https:\\\/\\\/www.aude.es\\\/wp-content\\\/uploads\\\/2025\\\/01\\\/cropped-AUDE_FAVICON_.png\",\"contentUrl\":\"https:\\\/\\\/www.aude.es\\\/wp-content\\\/uploads\\\/2025\\\/01\\\/cropped-AUDE_FAVICON_.png\",\"width\":512,\"height\":512,\"caption\":\"Aude Centro Auditivo\"},\"image\":{\"@id\":\"https:\\\/\\\/www.aude.es\\\/en\\\/#\\\/schema\\\/logo\\\/image\\\/\"},\"sameAs\":[\"https:\\\/\\\/www.facebook.com\\\/audecentroauditivo\",\"https:\\\/\\\/www.instagram.com\\\/audecentroauditivo\",\"https:\\\/\\\/www.linkedin.com\\\/company\\\/aude-centro-auditivo\"]}]}<\/script>\n<!-- \/ Yoast SEO plugin. -->","yoast_head_json":{"title":"Prices of hearing aids in M\u00e1laga | Aude Hearing Center","description":"Discover the prices of high quality hearing aids at Aude Centro Auditivo. We offer options for all budgets in Malaga.","robots":{"index":"index","follow":"follow","max-snippet":"max-snippet:-1","max-image-preview":"max-image-preview:large","max-video-preview":"max-video-preview:-1"},"canonical":"https:\/\/www.aude.es\/en\/hearing-aid-pricing\/","og_locale":"en_US","og_type":"article","og_title":"Prices of hearing aids in M\u00e1laga | Aude Hearing Center","og_description":"Discover the prices of high quality hearing aids at Aude Centro Auditivo. We offer options for all budgets in Malaga.","og_url":"https:\/\/www.aude.es\/en\/hearing-aid-pricing\/","og_site_name":"Aude Centro Auditivo","article_publisher":"https:\/\/www.facebook.com\/audecentroauditivo","article_modified_time":"2026-01-02T20:19:28+00:00","og_image":[{"width":1306,"height":1146,"url":"https:\/\/www.aude.es\/wp-content\/uploads\/2025\/01\/aude-bg_-scaled-e1738047783409.webp","type":"image\/webp"}],"twitter_card":"summary_large_image","twitter_misc":{"Est. reading time":"3 minutes"},"schema":{"@context":"https:\/\/schema.org","@graph":[{"@type":"WebPage","@id":"https:\/\/www.aude.es\/en\/hearing-aid-pricing\/","url":"https:\/\/www.aude.es\/en\/hearing-aid-pricing\/","name":"Prices of hearing aids in M\u00e1laga | Aude Hearing Center","isPartOf":{"@id":"https:\/\/www.aude.es\/en\/#website"},"datePublished":"2025-01-28T09:26:23+00:00","dateModified":"2026-01-02T20:19:28+00:00","description":"Discover the prices of high quality hearing aids at Aude Centro Auditivo. We offer options for all budgets in Malaga.","breadcrumb":{"@id":"https:\/\/www.aude.es\/en\/hearing-aid-pricing\/#breadcrumb"},"inLanguage":"en-US","potentialAction":[{"@type":"ReadAction","target":["https:\/\/www.aude.es\/en\/hearing-aid-pricing\/"]}]},{"@type":"BreadcrumbList","@id":"https:\/\/www.aude.es\/en\/hearing-aid-pricing\/#breadcrumb","itemListElement":[{"@type":"ListItem","position":1,"name":"Portada","item":"https:\/\/www.aude.es\/en\/we-take-care-of-your-hearing-health\/"},{"@type":"ListItem","position":2,"name":"Hearing Aid Prices"}]},{"@type":"WebSite","@id":"https:\/\/www.aude.es\/en\/#website","url":"https:\/\/www.aude.es\/en\/","name":"Aude Centro Auditivo","description":"Centro Auditivo","publisher":{"@id":"https:\/\/www.aude.es\/en\/#organization"},"potentialAction":[{"@type":"SearchAction","target":{"@type":"EntryPoint","urlTemplate":"https:\/\/www.aude.es\/en\/?s={search_term_string}"},"query-input":{"@type":"PropertyValueSpecification","valueRequired":true,"valueName":"search_term_string"}}],"inLanguage":"en-US"},{"@type":"Organization","@id":"https:\/\/www.aude.es\/en\/#organization","name":"Aude Centro Auditivo","alternateName":"Tienda de Aud\u00edfonos","url":"https:\/\/www.aude.es\/en\/","logo":{"@type":"ImageObject","inLanguage":"en-US","@id":"https:\/\/www.aude.es\/en\/#\/schema\/logo\/image\/","url":"https:\/\/www.aude.es\/wp-content\/uploads\/2025\/01\/cropped-AUDE_FAVICON_.png","contentUrl":"https:\/\/www.aude.es\/wp-content\/uploads\/2025\/01\/cropped-AUDE_FAVICON_.png","width":512,"height":512,"caption":"Aude Centro Auditivo"},"image":{"@id":"https:\/\/www.aude.es\/en\/#\/schema\/logo\/image\/"},"sameAs":["https:\/\/www.facebook.com\/audecentroauditivo","https:\/\/www.instagram.com\/audecentroauditivo","https:\/\/www.linkedin.com\/company\/aude-centro-auditivo"]}]}},"_links":{"self":[{"href":"https:\/\/www.aude.es\/en\/wp-json\/wp\/v2\/pages\/1685","targetHints":{"allow":["GET"]}}],"collection":[{"href":"https:\/\/www.aude.es\/en\/wp-json\/wp\/v2\/pages"}],"about":[{"href":"https:\/\/www.aude.es\/en\/wp-json\/wp\/v2\/types\/page"}],"author":[{"embeddable":true,"href":"https:\/\/www.aude.es\/en\/wp-json\/wp\/v2\/users\/2"}],"replies":[{"embeddable":true,"href":"https:\/\/www.aude.es\/en\/wp-json\/wp\/v2\/comments?post=1685"}],"version-history":[{"count":10,"href":"https:\/\/www.aude.es\/en\/wp-json\/wp\/v2\/pages\/1685\/revisions"}],"predecessor-version":[{"id":2818,"href":"https:\/\/www.aude.es\/en\/wp-json\/wp\/v2\/pages\/1685\/revisions\/2818"}],"wp:attachment":[{"href":"https:\/\/www.aude.es\/en\/wp-json\/wp\/v2\/media?parent=1685"}],"curies":[{"name":"wp","href":"https:\/\/api.w.org\/{rel}","templated":true}]}}