{"id":1697,"date":"2025-01-28T11:06:09","date_gmt":"2025-01-28T09:06:09","guid":{"rendered":"https:\/\/www.aude.es\/who-we-are\/"},"modified":"2026-01-02T22:23:55","modified_gmt":"2026-01-02T20:23:55","slug":"who-we-are","status":"publish","type":"page","link":"https:\/\/www.aude.es\/en\/who-we-are\/","title":{"rendered":"Who we are"},"content":{"rendered":"<section class=\"l-section wpb_row height_medium with_img with_video with_shape\"><div class=\"l-section-img\" role=\"img\" data-img-width=\"1600\" data-img-height=\"1200\" style=\"background-image: url(https:\/\/www.aude.es\/wp-content\/uploads\/2025\/01\/WhatsApp-Image-2025-01-16-at-12.05.27-5.jpeg);background-repeat: no-repeat;\"><\/div><div id=\"us_bg_video_xd92\" class=\"l-section-video\"><script>!function(w){var node = document.getElementById( 'us_bg_video_xd92' );if ( w.innerWidth <= 6 ) { node.remove() }}(window);<\/script><style>@media(max-width:6px){#us_bg_video_xd92{display:none!important}}<\/style><video  autoplay loop muted playsinline preload=\"auto\"><source type=\"video\/mp4\" src=\"https:\/\/www.aude.es\/wp-content\/uploads\/2025\/01\/aude-vid-bg-c.mp4\" \/><\/video><\/div><div class=\"l-section-overlay\" style=\"background:var(--color-header-top-transparent-text)\"><\/div><div class=\"l-section-shape type_wave pos_bottom on_front hor_flip\" style=\"height:8vmin;color:var(--color-content-secondary)\"><svg xmlns=\"http:\/\/www.w3.org\/2000\/svg\" viewBox=\"0 4 64 4\" preserveAspectRatio=\"none\" width=\"100%\" height=\"100%\">\r\n\t<path fill=\"currentColor\" d=\"M64 6 C32 0 32 12 0 6 L0 8 L64 8 Z\"\/>\r\n<\/svg><\/div><div class=\"l-section-h i-cf\"><div class=\"g-cols vc_row via_flex valign_top type_default stacking_default\"><div class=\"vc_col-sm-12 wpb_column vc_column_container\"><div class=\"vc_column-inner\"><div class=\"wpb_wrapper\"><div class=\"w-separator hide_on_default hide_on_laptops hide_on_tablets size_custom\" style=\"height:50px\"><\/div><div class=\"w-vwrapper us_custom_aecdae26 align_none valign_middle\" style=\"--vwrapper-gap:0rem\">[vc_custom_heading text=&#8221;Listen to life with clarity&#8221; font_container=&#8221;tag:p|text_align:left&#8221; use_theme_fonts=&#8221;yes&#8221; css=&#8221;%7B%22default%22%3A%7B%22font-size%22%3A%221.5rem%22%2C%22line-height%22%3A%221.075%22%2C%22font-weight%22%3A%22700%22%7D%7D&#8221;][vc_custom_heading text=&#8221;<strong>Aude: Hearing Health Experts in M\u00e1laga<\/strong>&#8221; font_container=&#8221;tag:h1|text_align:left&#8221; use_theme_fonts=&#8221;yes&#8221; css=&#8221;%7B%22default%22%3A%7B%22line-height%22%3A%221.075%22%2C%22padding-top%22%3A%220%22%7D%7D&#8221;]<div class=\"w-separator size_small\"><\/div><div class=\"w-btn-wrapper align_none\"><a class=\"w-btn us-btn-style_4\" href=\"#\"><span class=\"w-btn-label\">View Hearing Aids<\/span><\/a><\/div><\/div><div class=\"w-separator size_medium\"><\/div><div class=\"w-separator hide_on_default hide_on_laptops hide_on_tablets size_custom\" style=\"height:50px\"><\/div><\/div><\/div><\/div><\/div><\/div><\/section><section class=\"l-section wpb_row us_custom_530e4051 77 height_small with_shape\"><div class=\"l-section-shape type_wave pos_top on_front hor_flip\" style=\"height:8vmin;color:var(--color-content-secondary)\"><svg xmlns=\"http:\/\/www.w3.org\/2000\/svg\" viewBox=\"0 4 64 4\" preserveAspectRatio=\"none\" width=\"100%\" height=\"100%\">\r\n\t<path fill=\"currentColor\" d=\"M64 6 C32 0 32 12 0 6 L0 8 L64 8 Z\"\/>\r\n<\/svg><\/div><div class=\"l-section-h i-cf\"><div class=\"g-cols vc_row via_flex valign_top type_default stacking_default\"><div class=\"vc_col-sm-12 wpb_column vc_column_container\"><div class=\"vc_column-inner\"><div class=\"wpb_wrapper\"><div class=\"w-separator size_medium\"><\/div>[vc_custom_heading text=&#8221;Why Aude is your best choice in hearing health in Malaga&#8221; font_container=&#8221;tag:h2|text_align:center&#8221; use_theme_fonts=&#8221;yes&#8221; css=&#8221;%7B%22default%22%3A%7B%22color%22%3A%22_content_primary%22%2C%22line-height%22%3A%221.075%22%7D%7D&#8221;]<div class=\"g-cols wpb_row via_flex valign_top type_default stacking_default\"><div class=\"vc_col-sm-3 wpb_column vc_column_container\"><div class=\"vc_column-inner\"><div class=\"wpb_wrapper\"><\/div><\/div><\/div><div class=\"vc_col-sm-6 wpb_column vc_column_container\"><div class=\"vc_column-inner\"><div class=\"wpb_wrapper\"><div class=\"wpb_text_column\"><div class=\"wpb_wrapper\"><p style=\"text-align: center;\"><strong data-start=\"108\" data-end=\"170\">At Aude, we don&#8217;t just offer hearing aids, we offer trust.<\/strong> Our experience, technology and personalized service set us apart from other hearing centers. Discover why more and more people in Malaga are trusting us to take care of their hearing health.<\/p>\n<\/div><\/div><\/div><\/div><\/div><div class=\"vc_col-sm-3 wpb_column vc_column_container\"><div class=\"vc_column-inner\"><div class=\"wpb_wrapper\"><\/div><\/div><\/div><\/div><div class=\"w-separator size_large\"><\/div><div class=\"w-hwrapper perks valign_top wrap align_center\"><div class=\"w-iconbox us_custom_49ff437d perk iconpos_top style_circle color_primary align_center icontype_img\" id=\"one\"><div class=\"w-iconbox-icon\" style=\"font-size:3rem;\"><img loading=\"lazy\" decoding=\"async\" width=\"512\" height=\"512\" src=\"https:\/\/www.aude.es\/wp-content\/uploads\/2025\/01\/euro.png\" class=\"attachment-full size-full\" alt=\"\" srcset=\"https:\/\/www.aude.es\/wp-content\/uploads\/2025\/01\/euro.png 512w, https:\/\/www.aude.es\/wp-content\/uploads\/2025\/01\/euro-300x300.png 300w, https:\/\/www.aude.es\/wp-content\/uploads\/2025\/01\/euro-150x150.png 150w\" sizes=\"auto, (max-width: 512px) 100vw, 512px\" \/><\/div><div class=\"w-iconbox-meta\"><h3 class=\"w-iconbox-title\">Clear pricing and no surprises<\/h3><div class=\"w-iconbox-text\"><p><span>At Aude we believe in transparency from the very beginning. All our prices are public and accessible from the web, with no misleading discounts or hidden costs. We always offer you the best value for money, with the peace of mind of knowing exactly what you are paying for.  <\/span><\/p>\n<\/div><\/div><\/div><div class=\"w-iconbox us_custom_b66c0534 perk iconpos_top style_circle color_primary align_center icontype_img\" id=\"two\"><div class=\"w-iconbox-icon\" style=\"font-size:3rem;\"><img loading=\"lazy\" decoding=\"async\" width=\"512\" height=\"512\" src=\"https:\/\/www.aude.es\/wp-content\/uploads\/2025\/01\/medalla.png\" class=\"attachment-full size-full\" alt=\"\" srcset=\"https:\/\/www.aude.es\/wp-content\/uploads\/2025\/01\/medalla.png 512w, https:\/\/www.aude.es\/wp-content\/uploads\/2025\/01\/medalla-300x300.png 300w, https:\/\/www.aude.es\/wp-content\/uploads\/2025\/01\/medalla-150x150.png 150w\" sizes=\"auto, (max-width: 512px) 100vw, 512px\" \/><\/div><div class=\"w-iconbox-meta\"><h3 class=\"w-iconbox-title\">Professionalism with a health vocation<\/h3><div class=\"w-iconbox-text\"><p><span>In Aude we are not a commercial chain nor do we work with massive sales objectives. We are a hearing center with a health vocation, where the most important thing is you. We focus on offering an honest, personalized and human service, always putting your hearing health before anything else.  <\/span><\/p>\n<\/div><\/div><\/div><div class=\"w-iconbox us_custom_b66c0534 perk iconpos_top style_circle color_primary align_center icontype_img\" id=\"three\"><div class=\"w-iconbox-icon\" style=\"font-size:3rem;\"><img loading=\"lazy\" decoding=\"async\" width=\"512\" height=\"512\" src=\"https:\/\/www.aude.es\/wp-content\/uploads\/2025\/01\/cercano.png\" class=\"attachment-full size-full\" alt=\"\" srcset=\"https:\/\/www.aude.es\/wp-content\/uploads\/2025\/01\/cercano.png 512w, https:\/\/www.aude.es\/wp-content\/uploads\/2025\/01\/cercano-300x300.png 300w, https:\/\/www.aude.es\/wp-content\/uploads\/2025\/01\/cercano-150x150.png 150w\" sizes=\"auto, (max-width: 512px) 100vw, 512px\" \/><\/div><div class=\"w-iconbox-meta\"><h3 class=\"w-iconbox-title\">Proximity and convenience for you<\/h3><div class=\"w-iconbox-text\"><p><span>In Aude Centro Auditivo we are committed to offer you a quality, accessible and close service. We are located in a convenient area of Malaga, so you don&#8217;t have to travel to the city center. We attend by appointment, without waiting, and with a humane treatment that puts your well-being at the center of everything.  <\/span><\/p>\n<\/div><\/div><\/div><div class=\"w-iconbox us_custom_c07d8c83 perk iconpos_top style_circle color_primary align_center icontype_img\" id=\"four\"><div class=\"w-iconbox-icon\" style=\"font-size:3rem;\"><img loading=\"lazy\" decoding=\"async\" width=\"512\" height=\"512\" src=\"https:\/\/www.aude.es\/wp-content\/uploads\/2025\/01\/audifono.png\" class=\"attachment-full size-full\" alt=\"\" srcset=\"https:\/\/www.aude.es\/wp-content\/uploads\/2025\/01\/audifono.png 512w, https:\/\/www.aude.es\/wp-content\/uploads\/2025\/01\/audifono-300x300.png 300w, https:\/\/www.aude.es\/wp-content\/uploads\/2025\/01\/audifono-150x150.png 150w\" sizes=\"auto, (max-width: 512px) 100vw, 512px\" \/><\/div><div class=\"w-iconbox-meta\"><h3 class=\"w-iconbox-title\">Top-brand hearing aids and advanced technology<\/h3><div class=\"w-iconbox-text\"><p><span>At Aude Centro Auditivo we only work with <\/span><strong data-start=\"310\" data-end=\"356\">leading brands in the hearing sector<\/strong><span>We guarantee the highest quality, reliability and performance in each hearing aid. We offer models of   <\/span><strong data-start=\"454\" data-end=\"475\">last generation<\/strong><span>with cutting-edge technology and Bluetooth connectivity, backed by world-renowned manufacturers. This ensures a comfortable and safe hearing experience, adapted to your lifestyle. <\/span><\/p>\n<\/div><\/div><\/div><\/div><\/div><\/div><\/div><\/div><\/div><\/section><section class=\"l-section wpb_row height_medium\"><div class=\"l-section-h i-cf\"><div class=\"g-cols vc_row via_flex valign_top type_default stacking_default\"><div class=\"vc_col-sm-12 wpb_column vc_column_container\"><div class=\"vc_column-inner\"><div class=\"wpb_wrapper\"><div class=\"w-separator hide_on_default hide_on_laptops hide_on_tablets size_custom\" style=\"height:50px\"><\/div><div class=\"w-separator size_medium\"><\/div><div class=\"w-hwrapper us_custom_fddc5ecd overlayBlock valign_middle align_none\"><div class=\"w-vwrapper us_custom_913424d5 align_none valign_top\" style=\"--vwrapper-gap:1rem\"><div class=\"w-separator size_small\"><\/div>[vc_custom_heading text=&#8221;About Aude&#8221; use_theme_fonts=&#8221;yes&#8221; css=&#8221;%7B%22default%22%3A%7B%22color%22%3A%22_content_primary%22%2C%22line-height%22%3A%221.075%22%7D%7D&#8221;]<div class=\"wpb_text_column\"><div class=\"wpb_wrapper\"><p><span>We are <\/span><strong data-start=\"213\" data-end=\"243\">certified audiologists<\/strong><span>  with more than 10 years of experience in the fitting of hearing aids, both in the private sector and in the ENT service of the public health system. As   <\/span><strong data-start=\"391\" data-end=\"434\">independent hearing center in Malaga<\/strong><span>we offer personalized solutions for hearing loss, working only with leading brands and advanced <\/span><strong data-start=\"518\" data-end=\"559\">leading brands and advanced technology<\/strong><span>. Our goal is to help you hear better with confidence and comfort.<\/span><\/p>\n<\/div><\/div><\/div><\/div><\/div><\/div><\/div><\/div><\/div><\/section><section class=\"l-section wpb_row height_medium\"><div class=\"l-section-h i-cf\"><div class=\"g-cols vc_row via_flex valign_top type_default stacking_default\"><div class=\"vc_col-sm-12 wpb_column vc_column_container\"><div class=\"vc_column-inner\"><div class=\"wpb_wrapper\"><div class=\"w-separator hide_on_default hide_on_laptops hide_on_tablets size_custom\" style=\"height:50px\"><\/div>[vc_custom_heading text=&#8221;Patient&apos;s opinions about Aude Hearing Center in M\u00e1laga&#8221; font_container=&#8221;tag:h2|text_align:center&#8221; use_theme_fonts=&#8221;yes&#8221; css=&#8221;%7B%22default%22%3A%7B%22color%22%3A%22_content_primary%22%2C%22line-height%22%3A%221.075%22%7D%7D&#8221;]<div class=\"w-separator size_small\"><\/div><div class=\"wpb_text_column\"><div class=\"wpb_wrapper\"><p style=\"text-align: center;\"><pre class=\"ti-widget\"><template id=\"trustindex-google-widget-html\"><div class=\" ti-widget  ti-goog ti-show-rating-text ti-review-text-mode-readmore ti-content-align-center\" data-no-translation=\"true\" data-plugin-version=\"13.2.9\" data-layout-id=\"36\" data-layout-category=\"slider\" data-set-id=\"light-background\" data-pid=\"\" data-language=\"es\" data-close-locale=\"Cerca\" data-review-target-width=\"300\" data-css-version=\"2\" data-reply-by-locale=\"Respuesta del propietario\" data-only-rating-locale=\"Esta usuario solo dej\u00f3 una calificaci\u00f3n.\" data-pager-autoplay-timeout=\"6\"> <div class=\"ti-widget-container ti-col-3\"> <div class=\"ti-reviews-container\"> <div class=\"ti-controls\"> <div class=\"ti-next\" aria-label=\"Siguiente rese\u00f1a\" role=\"button\" tabindex=\"0\"><\/div> <div class=\"ti-prev\" aria-label=\"Rese\u00f1a anterior\" role=\"button\" tabindex=\"0\"><\/div> <\/div> <div class=\"ti-reviews-container-wrapper\">  <div data-empty=\"0\" class=\"ti-review-item source-Google ti-image-layout-thumbnail\" data-id=\"cfcd208495d565ef66e7dff9f98764da\"> <div class=\"ti-inner\"> <div class=\"ti-review-header\"> <trustindex-image class=\"ti-platform-icon\" data-imgurl=\"https:\/\/cdn.trustindex.io\/assets\/platform\/Google\/icon.svg\" alt=\"\" width=\"20\" height=\"20\" loading=\"lazy\"><\/trustindex-image> <div class=\"ti-profile-img\"> <trustindex-image data-imgurl=\"https:\/\/lh3.googleusercontent.com\/a-\/ALV-UjXqZof9iaFx3zzTov0rDroN86qfL1w_4JTkm70mmTZ90kwqUkOx=w64-h64-c-rp-mo-br100\" alt=\"Javier Pastor Garcia profile picture\" loading=\"lazy\"><\/trustindex-image> <\/div> <div class=\"ti-profile-details\"> <div class=\"ti-name\"> Javier Pastor Garcia <\/div> <div class=\"ti-date\">26\/03\/2025<\/div> <\/div> <\/div> <span class=\"ti-stars\"><trustindex-image class=\"ti-star\" data-imgurl=\"https:\/\/cdn.trustindex.io\/assets\/platform\/Google\/star\/f.svg\" alt=\"Google star 1\" width=\"17\" height=\"17\" loading=\"lazy\"><\/trustindex-image><trustindex-image class=\"ti-star\" data-imgurl=\"https:\/\/cdn.trustindex.io\/assets\/platform\/Google\/star\/f.svg\" alt=\"Google star 2\" width=\"17\" height=\"17\" loading=\"lazy\"><\/trustindex-image><trustindex-image class=\"ti-star\" data-imgurl=\"https:\/\/cdn.trustindex.io\/assets\/platform\/Google\/star\/f.svg\" alt=\"Google star 3\" width=\"17\" height=\"17\" loading=\"lazy\"><\/trustindex-image><trustindex-image class=\"ti-star\" data-imgurl=\"https:\/\/cdn.trustindex.io\/assets\/platform\/Google\/star\/f.svg\" alt=\"Google star 4\" width=\"17\" height=\"17\" loading=\"lazy\"><\/trustindex-image><trustindex-image class=\"ti-star\" data-imgurl=\"https:\/\/cdn.trustindex.io\/assets\/platform\/Google\/star\/f.svg\" alt=\"Google star 5\" width=\"17\" height=\"17\" loading=\"lazy\"><\/trustindex-image><span class=\"ti-verified-review ti-verified-platform\"><span class=\"ti-verified-tooltip\">Trustindex verifica que la fuente original de la rese\u00f1a sea Google.<\/span><\/span><\/span> <div class=\"ti-review-text-container ti-review-content\"><!-- R-CONTENT -->Trato excelente, persona muy profesional y amable.<!-- R-CONTENT --><\/div> <span class=\"ti-read-more\" data-container=\".ti-review-content\" data-collapse-text=\"Ocultar\" data-open-text=\"Leer m\u00e1s\"><\/span> <\/div> <\/div>  <div data-empty=\"0\" class=\"ti-review-item source-Google ti-image-layout-thumbnail\" data-id=\"cfcd208495d565ef66e7dff9f98764da\"> <div class=\"ti-inner\"> <div class=\"ti-review-header\"> <trustindex-image class=\"ti-platform-icon\" data-imgurl=\"https:\/\/cdn.trustindex.io\/assets\/platform\/Google\/icon.svg\" alt=\"\" width=\"20\" height=\"20\" loading=\"lazy\"><\/trustindex-image> <div class=\"ti-profile-img\"> <trustindex-image data-imgurl=\"https:\/\/lh3.googleusercontent.com\/a\/ACg8ocLfawUIv-uPWp2fUq5Mz2C8TzY3j3JmdIc7BXEdmssx3omP=w64-h64-c-rp-mo-br100\" alt=\"Maikel Paredes profile picture\" loading=\"lazy\"><\/trustindex-image> <\/div> <div class=\"ti-profile-details\"> <div class=\"ti-name\"> Maikel Paredes <\/div> <div class=\"ti-date\">13\/03\/2025<\/div> <\/div> <\/div> <span class=\"ti-stars\"><trustindex-image class=\"ti-star\" data-imgurl=\"https:\/\/cdn.trustindex.io\/assets\/platform\/Google\/star\/f.svg\" alt=\"Google star 1\" width=\"17\" height=\"17\" loading=\"lazy\"><\/trustindex-image><trustindex-image class=\"ti-star\" data-imgurl=\"https:\/\/cdn.trustindex.io\/assets\/platform\/Google\/star\/f.svg\" alt=\"Google star 2\" width=\"17\" height=\"17\" loading=\"lazy\"><\/trustindex-image><trustindex-image class=\"ti-star\" data-imgurl=\"https:\/\/cdn.trustindex.io\/assets\/platform\/Google\/star\/f.svg\" alt=\"Google star 3\" width=\"17\" height=\"17\" loading=\"lazy\"><\/trustindex-image><trustindex-image class=\"ti-star\" data-imgurl=\"https:\/\/cdn.trustindex.io\/assets\/platform\/Google\/star\/f.svg\" alt=\"Google star 4\" width=\"17\" height=\"17\" loading=\"lazy\"><\/trustindex-image><trustindex-image class=\"ti-star\" data-imgurl=\"https:\/\/cdn.trustindex.io\/assets\/platform\/Google\/star\/f.svg\" alt=\"Google star 5\" width=\"17\" height=\"17\" loading=\"lazy\"><\/trustindex-image><span class=\"ti-verified-review ti-verified-platform\"><span class=\"ti-verified-tooltip\">Trustindex verifica que la fuente original de la rese\u00f1a sea Google.<\/span><\/span><\/span> <div class=\"ti-review-text-container ti-review-content\"><!-- R-CONTENT -->Muy profesional y muy buena atenci\u00f3n. Lo recomiendo<!-- R-CONTENT --><\/div> <span class=\"ti-read-more\" data-container=\".ti-review-content\" data-collapse-text=\"Ocultar\" data-open-text=\"Leer m\u00e1s\"><\/span> <\/div> <\/div>  <div data-empty=\"0\" class=\"ti-review-item source-Google ti-image-layout-thumbnail\" data-id=\"cfcd208495d565ef66e7dff9f98764da\"> <div class=\"ti-inner\"> <div class=\"ti-review-header\"> <trustindex-image class=\"ti-platform-icon\" data-imgurl=\"https:\/\/cdn.trustindex.io\/assets\/platform\/Google\/icon.svg\" alt=\"\" width=\"20\" height=\"20\" loading=\"lazy\"><\/trustindex-image> <div class=\"ti-profile-img\"> <trustindex-image data-imgurl=\"https:\/\/lh3.googleusercontent.com\/a-\/ALV-UjVF7NqFTHpfsf4Rc4n_Y337tM_qwPX3L7yKIgV7qTmEhxajmcCcfA=w64-h64-c-rp-mo-br100\" alt=\"Eduardo profile picture\" loading=\"lazy\"><\/trustindex-image> <\/div> <div class=\"ti-profile-details\"> <div class=\"ti-name\"> Eduardo <\/div> <div class=\"ti-date\">06\/03\/2025<\/div> <\/div> <\/div> <span class=\"ti-stars\"><trustindex-image class=\"ti-star\" data-imgurl=\"https:\/\/cdn.trustindex.io\/assets\/platform\/Google\/star\/f.svg\" alt=\"Google star 1\" width=\"17\" height=\"17\" loading=\"lazy\"><\/trustindex-image><trustindex-image class=\"ti-star\" data-imgurl=\"https:\/\/cdn.trustindex.io\/assets\/platform\/Google\/star\/f.svg\" alt=\"Google star 2\" width=\"17\" height=\"17\" loading=\"lazy\"><\/trustindex-image><trustindex-image class=\"ti-star\" data-imgurl=\"https:\/\/cdn.trustindex.io\/assets\/platform\/Google\/star\/f.svg\" alt=\"Google star 3\" width=\"17\" height=\"17\" loading=\"lazy\"><\/trustindex-image><trustindex-image class=\"ti-star\" data-imgurl=\"https:\/\/cdn.trustindex.io\/assets\/platform\/Google\/star\/f.svg\" alt=\"Google star 4\" width=\"17\" height=\"17\" loading=\"lazy\"><\/trustindex-image><trustindex-image class=\"ti-star\" data-imgurl=\"https:\/\/cdn.trustindex.io\/assets\/platform\/Google\/star\/f.svg\" alt=\"Google star 5\" width=\"17\" height=\"17\" loading=\"lazy\"><\/trustindex-image><span class=\"ti-verified-review ti-verified-platform\"><span class=\"ti-verified-tooltip\">Trustindex verifica que la fuente original de la rese\u00f1a sea Google.<\/span><\/span><\/span> <div class=\"ti-review-text-container ti-review-content\"><!-- R-CONTENT -->Javier es todo un profesional, te atiende muy bien, tiene  aud\u00edfonos de alta gama a un precio inmejorable<!-- R-CONTENT --><\/div> <span class=\"ti-read-more\" data-container=\".ti-review-content\" data-collapse-text=\"Ocultar\" data-open-text=\"Leer m\u00e1s\"><\/span> <\/div> <\/div>  <div data-empty=\"0\" class=\"ti-review-item source-Google ti-image-layout-thumbnail\" data-id=\"cfcd208495d565ef66e7dff9f98764da\"> <div class=\"ti-inner\"> <div class=\"ti-review-header\"> <trustindex-image class=\"ti-platform-icon\" data-imgurl=\"https:\/\/cdn.trustindex.io\/assets\/platform\/Google\/icon.svg\" alt=\"\" width=\"20\" height=\"20\" loading=\"lazy\"><\/trustindex-image> <div class=\"ti-profile-img\"> <trustindex-image data-imgurl=\"https:\/\/lh3.googleusercontent.com\/a\/ACg8ocIdRk9m8I2BdbQFJC_M8p2GXRNUke9hUYlgcAMuRCz85fD9VA=w64-h64-c-rp-mo-ba2-br100\" alt=\"Mavi Carmona profile picture\" loading=\"lazy\"><\/trustindex-image> <\/div> <div class=\"ti-profile-details\"> <div class=\"ti-name\"> Mavi Carmona <\/div> <div class=\"ti-date\">06\/03\/2025<\/div> <\/div> <\/div> <span class=\"ti-stars\"><trustindex-image class=\"ti-star\" data-imgurl=\"https:\/\/cdn.trustindex.io\/assets\/platform\/Google\/star\/f.svg\" alt=\"Google star 1\" width=\"17\" height=\"17\" loading=\"lazy\"><\/trustindex-image><trustindex-image class=\"ti-star\" data-imgurl=\"https:\/\/cdn.trustindex.io\/assets\/platform\/Google\/star\/f.svg\" alt=\"Google star 2\" width=\"17\" height=\"17\" loading=\"lazy\"><\/trustindex-image><trustindex-image class=\"ti-star\" data-imgurl=\"https:\/\/cdn.trustindex.io\/assets\/platform\/Google\/star\/f.svg\" alt=\"Google star 3\" width=\"17\" height=\"17\" loading=\"lazy\"><\/trustindex-image><trustindex-image class=\"ti-star\" data-imgurl=\"https:\/\/cdn.trustindex.io\/assets\/platform\/Google\/star\/f.svg\" alt=\"Google star 4\" width=\"17\" height=\"17\" loading=\"lazy\"><\/trustindex-image><trustindex-image class=\"ti-star\" data-imgurl=\"https:\/\/cdn.trustindex.io\/assets\/platform\/Google\/star\/f.svg\" alt=\"Google star 5\" width=\"17\" height=\"17\" loading=\"lazy\"><\/trustindex-image><span class=\"ti-verified-review ti-verified-platform\"><span class=\"ti-verified-tooltip\">Trustindex verifica que la fuente original de la rese\u00f1a sea Google.<\/span><\/span><\/span> <div class=\"ti-review-text-container ti-review-content\"><!-- R-CONTENT -->Llev\u00e9 a mi madre por los buenos comentarios que le\u00ed por aqu\u00ed. Desde el momento en que entramos, Javier nos recibi\u00f3 con amabilidad y con profesionalidad. La atenci\u00f3n fue excepcional.  Se tom\u00f3 el tiempo necesario para explicar cada paso del proceso y responder todas nuestras preguntas. Mi madre se sinti\u00f3 muy c\u00f3moda y bien cuidada, lo cual es muy importante para m\u00ed.<!-- R-CONTENT --><\/div> <span class=\"ti-read-more\" data-container=\".ti-review-content\" data-collapse-text=\"Ocultar\" data-open-text=\"Leer m\u00e1s\"><\/span> <\/div> <\/div>  <div data-empty=\"0\" class=\"ti-review-item source-Google ti-image-layout-thumbnail\" data-id=\"cfcd208495d565ef66e7dff9f98764da\"> <div class=\"ti-inner\"> <div class=\"ti-review-header\"> <trustindex-image class=\"ti-platform-icon\" data-imgurl=\"https:\/\/cdn.trustindex.io\/assets\/platform\/Google\/icon.svg\" alt=\"\" width=\"20\" height=\"20\" loading=\"lazy\"><\/trustindex-image> <div class=\"ti-profile-img\"> <trustindex-image data-imgurl=\"https:\/\/lh3.googleusercontent.com\/a\/ACg8ocIfbDqdFTbI8CTrgWVv0yrOundZu-wbpu32YxXh0W-EGYWM1A=w64-h64-c-rp-mo-ba2-br100\" alt=\"felipe carvajales profile picture\" loading=\"lazy\"><\/trustindex-image> <\/div> <div class=\"ti-profile-details\"> <div class=\"ti-name\"> felipe carvajales <\/div> <div class=\"ti-date\">19\/02\/2025<\/div> <\/div> <\/div> <span class=\"ti-stars\"><trustindex-image class=\"ti-star\" data-imgurl=\"https:\/\/cdn.trustindex.io\/assets\/platform\/Google\/star\/f.svg\" alt=\"Google star 1\" width=\"17\" height=\"17\" loading=\"lazy\"><\/trustindex-image><trustindex-image class=\"ti-star\" data-imgurl=\"https:\/\/cdn.trustindex.io\/assets\/platform\/Google\/star\/f.svg\" alt=\"Google star 2\" width=\"17\" height=\"17\" loading=\"lazy\"><\/trustindex-image><trustindex-image class=\"ti-star\" data-imgurl=\"https:\/\/cdn.trustindex.io\/assets\/platform\/Google\/star\/f.svg\" alt=\"Google star 3\" width=\"17\" height=\"17\" loading=\"lazy\"><\/trustindex-image><trustindex-image class=\"ti-star\" data-imgurl=\"https:\/\/cdn.trustindex.io\/assets\/platform\/Google\/star\/f.svg\" alt=\"Google star 4\" width=\"17\" height=\"17\" loading=\"lazy\"><\/trustindex-image><trustindex-image class=\"ti-star\" data-imgurl=\"https:\/\/cdn.trustindex.io\/assets\/platform\/Google\/star\/f.svg\" alt=\"Google star 5\" width=\"17\" height=\"17\" loading=\"lazy\"><\/trustindex-image><span class=\"ti-verified-review ti-verified-platform\"><span class=\"ti-verified-tooltip\">Trustindex verifica que la fuente original de la rese\u00f1a sea Google.<\/span><\/span><\/span> <div class=\"ti-review-text-container ti-review-content\"><!-- R-CONTENT -->Despu\u00e9s de un par de experiencias frustrantes para arreglar el problema de o\u00eddo de mi padre, en centros auditivos muy publicitados pero poco transparentes, sobre todo con los precios, encontramos a Aude y Javier su propietario, un tipo honesto y profesional experimentado que nos ha tratado de maravilla con un coste ajustado, muy recomendable.<!-- R-CONTENT --><\/div> <span class=\"ti-read-more\" data-container=\".ti-review-content\" data-collapse-text=\"Ocultar\" data-open-text=\"Leer m\u00e1s\"><\/span> <\/div> <\/div>  <div data-empty=\"0\" class=\"ti-review-item source-Google ti-image-layout-thumbnail\" data-id=\"cfcd208495d565ef66e7dff9f98764da\"> <div class=\"ti-inner\"> <div class=\"ti-review-header\"> <trustindex-image class=\"ti-platform-icon\" data-imgurl=\"https:\/\/cdn.trustindex.io\/assets\/platform\/Google\/icon.svg\" alt=\"\" width=\"20\" height=\"20\" loading=\"lazy\"><\/trustindex-image> <div class=\"ti-profile-img\"> <trustindex-image data-imgurl=\"https:\/\/lh3.googleusercontent.com\/a\/ACg8ocI2coN4zylm25uruEmsegpUSz-GckqFH6wXRbvCC2B_3XXAGQ=w64-h64-c-rp-mo-br100\" alt=\"Carlos Guevara profile picture\" loading=\"lazy\"><\/trustindex-image> <\/div> <div class=\"ti-profile-details\"> <div class=\"ti-name\"> Carlos Guevara <\/div> <div class=\"ti-date\">06\/02\/2025<\/div> <\/div> <\/div> <span class=\"ti-stars\"><trustindex-image class=\"ti-star\" data-imgurl=\"https:\/\/cdn.trustindex.io\/assets\/platform\/Google\/star\/f.svg\" alt=\"Google star 1\" width=\"17\" height=\"17\" loading=\"lazy\"><\/trustindex-image><trustindex-image class=\"ti-star\" data-imgurl=\"https:\/\/cdn.trustindex.io\/assets\/platform\/Google\/star\/f.svg\" alt=\"Google star 2\" width=\"17\" height=\"17\" loading=\"lazy\"><\/trustindex-image><trustindex-image class=\"ti-star\" data-imgurl=\"https:\/\/cdn.trustindex.io\/assets\/platform\/Google\/star\/f.svg\" alt=\"Google star 3\" width=\"17\" height=\"17\" loading=\"lazy\"><\/trustindex-image><trustindex-image class=\"ti-star\" data-imgurl=\"https:\/\/cdn.trustindex.io\/assets\/platform\/Google\/star\/f.svg\" alt=\"Google star 4\" width=\"17\" height=\"17\" loading=\"lazy\"><\/trustindex-image><trustindex-image class=\"ti-star\" data-imgurl=\"https:\/\/cdn.trustindex.io\/assets\/platform\/Google\/star\/f.svg\" alt=\"Google star 5\" width=\"17\" height=\"17\" loading=\"lazy\"><\/trustindex-image><span class=\"ti-verified-review ti-verified-platform\"><span class=\"ti-verified-tooltip\">Trustindex verifica que la fuente original de la rese\u00f1a sea Google.<\/span><\/span><\/span> <div class=\"ti-review-text-container ti-review-content\"><!-- R-CONTENT -->El trato de Javier ha sido profesional , cercano y paciente, lo cual es importante para las personas que ya tenemos una edad en la que necesitamos que nos escuchen para as\u00ed podernos ofrecer la mejor soluci\u00f3n a nuestro problema auditivo.<!-- R-CONTENT --><\/div> <span class=\"ti-read-more\" data-container=\".ti-review-content\" data-collapse-text=\"Ocultar\" data-open-text=\"Leer m\u00e1s\"><\/span> <\/div> <\/div>  <div data-empty=\"0\" class=\"ti-review-item source-Google ti-image-layout-thumbnail\" data-id=\"cfcd208495d565ef66e7dff9f98764da\"> <div class=\"ti-inner\"> <div class=\"ti-review-header\"> <trustindex-image class=\"ti-platform-icon\" data-imgurl=\"https:\/\/cdn.trustindex.io\/assets\/platform\/Google\/icon.svg\" alt=\"\" width=\"20\" height=\"20\" loading=\"lazy\"><\/trustindex-image> <div class=\"ti-profile-img\"> <trustindex-image data-imgurl=\"https:\/\/lh3.googleusercontent.com\/a\/ACg8ocLvgY_fr85wTWM4WgtbBb_gKcCwNbwgo_7asQXvKmdOp2e2hg=w64-h64-c-rp-mo-br100\" alt=\"lola martos profile picture\" loading=\"lazy\"><\/trustindex-image> <\/div> <div class=\"ti-profile-details\"> <div class=\"ti-name\"> lola martos <\/div> <div class=\"ti-date\">03\/02\/2025<\/div> <\/div> <\/div> <span class=\"ti-stars\"><trustindex-image class=\"ti-star\" data-imgurl=\"https:\/\/cdn.trustindex.io\/assets\/platform\/Google\/star\/f.svg\" alt=\"Google star 1\" width=\"17\" height=\"17\" loading=\"lazy\"><\/trustindex-image><trustindex-image class=\"ti-star\" data-imgurl=\"https:\/\/cdn.trustindex.io\/assets\/platform\/Google\/star\/f.svg\" alt=\"Google star 2\" width=\"17\" height=\"17\" loading=\"lazy\"><\/trustindex-image><trustindex-image class=\"ti-star\" data-imgurl=\"https:\/\/cdn.trustindex.io\/assets\/platform\/Google\/star\/f.svg\" alt=\"Google star 3\" width=\"17\" height=\"17\" loading=\"lazy\"><\/trustindex-image><trustindex-image class=\"ti-star\" data-imgurl=\"https:\/\/cdn.trustindex.io\/assets\/platform\/Google\/star\/f.svg\" alt=\"Google star 4\" width=\"17\" height=\"17\" loading=\"lazy\"><\/trustindex-image><trustindex-image class=\"ti-star\" data-imgurl=\"https:\/\/cdn.trustindex.io\/assets\/platform\/Google\/star\/f.svg\" alt=\"Google star 5\" width=\"17\" height=\"17\" loading=\"lazy\"><\/trustindex-image><span class=\"ti-verified-review ti-verified-platform\"><span class=\"ti-verified-tooltip\">Trustindex verifica que la fuente original de la rese\u00f1a sea Google.<\/span><\/span><\/span> <div class=\"ti-review-text-container ti-review-content\"><!-- R-CONTENT -->A m\u00ed madre con 91 a\u00f1os y despu\u00e9s de varias consultas nos dijeron que su sordera era irreversible,la casualidad me hizo entrar en AUDE,y conocer a Javier. Con la prueba de audici\u00f3n, nos emociono a todos ver su cara al comprobar que pod\u00eda oir.  Las circunstancias personales y de movilidad de mi madre hacia dif\u00edcil la adaptaci\u00f3n de los aud\u00edfonos en su centro y \u00e9l se ha desplazado sin ning\u00fan problema las veces que han sido necesarias ,te da la confianza  de que te atiende un excelente profesional y no un comercial. Gracias Javier<!-- R-CONTENT --><\/div> <span class=\"ti-read-more\" data-container=\".ti-review-content\" data-collapse-text=\"Ocultar\" data-open-text=\"Leer m\u00e1s\"><\/span> <\/div> <\/div>  <\/div> <div class=\"ti-controls-line\"> <div class=\"dot\"><\/div> <\/div> <\/div> <div class=\"ti-footer\"> <div class=\"ti-rating-text\"> <span class=\"nowrap\">La evaluaci\u00f3n general en <strong>Google<\/strong> es <\/span><span class=\"nowrap\"><strong>5.0<\/strong> de 5, <\/span><span class=\"nowrap\">en base a <strong>54 rese\u00f1as<\/strong><\/span> <\/div> <\/div>   <\/div> <\/div> <\/template><\/pre><div data-src=\"https:\/\/cdn.trustindex.io\/loader.js?wp-widget\" data-template-id=\"trustindex-google-widget-html\" data-css-url=\"https:\/\/www.aude.es\/wp-content\/uploads\/trustindex-google-widget.css?1776183863\"><\/div>\n<\/div><\/div><div class=\"w-separator hide_on_default hide_on_laptops hide_on_tablets size_custom\" style=\"height:50px\"><\/div><\/div><\/div><\/div><\/div><\/div><\/section><section class=\"l-section wpb_row us_custom_0db20381 height_medium with_shape\"><div class=\"l-section-shape type_curve pos_bottom\" style=\"height:15vmin;\"><svg xmlns=\"http:\/\/www.w3.org\/2000\/svg\" viewBox=\"0 0 64 8\" preserveAspectRatio=\"none\" width=\"100%\" height=\"100%\">\r\n\t<path fill=\"currentColor\" d=\"M64 8 L64 0 Q32 15.8 0 0 L0 8 Z\"\/>\r\n<\/svg><\/div><div class=\"l-section-h i-cf\"><div class=\"g-cols vc_row via_flex valign_middle type_default stacking_default\"><div class=\"vc_col-sm-12 wpb_column vc_column_container\"><div class=\"vc_column-inner\"><div class=\"wpb_wrapper\">[vc_custom_heading text=&#8221;Our featured publications<br \/>\nof the sector&#8221; font_container=&#8221;tag:h2|text_align:center&#8221; use_theme_fonts=&#8221;yes&#8221; css=&#8221;%7B%22default%22%3A%7B%22color%22%3A%22_content_bg%22%2C%22line-height%22%3A%221.075%22%7D%7D&#8221;]<div class=\"w-separator size_medium\"><\/div><div class=\"g-cols wpb_row via_flex valign_top type_default stacking_default\"><div class=\"vc_col-sm-12 wpb_column vc_column_container\"><div class=\"vc_column-inner\"><div class=\"wpb_wrapper\"><div class=\"w-grid blogGrid type_grid layout_200 cols_3 valign_center pagination_ajax\" id=\"us_grid_1\" style=\"--gap:0.5rem;\" data-filterable=\"true\"><style>@media (max-width:800px){#us_grid_1 .w-grid-item{width:50%}}@media (max-width:600px){#us_grid_1 .w-grid-list{margin:0}#us_grid_1 .w-grid-item{width:100%;padding:0;margin-bottom:var(--gap,0px)}}.layout_200 .w-grid-item-h{}.layout_200 .usg_text_1{color:var(--color-content-bg)!important;font-size:1.1rem!important;font-weight:600!important;margin-bottom:15px!important;background:rgba(0,0,0,0.01)!important;text-shadow:0 0 3px #000000!important}.layout_200 .usg_btn_1{max-width:50%!important}.layout_200 .usg_vwrapper_1{padding-right:0px!important;position:relative!important}.layout_200 .usg_image_1{border-radius:20px!important}.layout_200 .usg_vwrapper_2{position:absolute!important;padding:1.5rem!important}@media (min-width:801px) and (max-width:1224px){.layout_200 .usg_btn_1{max-width:50%!important}}@media (min-width:601px) and (max-width:800px){.layout_200 .usg_btn_1{max-width:100%!important}}@media (max-width:600px){.layout_200 .usg_btn_1{max-width:100%!important}}<\/style><div class=\"w-grid-list\">\t<article class=\"w-grid-item size_1x1 post-1672 post type-post status-publish format-standard has-post-thumbnail hentry category-sin-categoria\" data-id=\"1672\">\r\n\t\t<div class=\"w-grid-item-h\">\r\n\t\t\t\t\t\t<div class=\"w-vwrapper usg_vwrapper_1 blogHomeMain align_none valign_bottom\" style=\"--vwrapper-gap:0rem\"><div class=\"w-image usg_image_1 has_ratio\"><div class=\"w-image-h\"><div style=\"padding-bottom:75%\"><\/div><img decoding=\"async\" width=\"1024\" height=\"516\" src=\"https:\/\/www.aude.es\/wp-content\/uploads\/2025\/01\/tinnitus-1024x516.jpg\" class=\"attachment-large size-large\" alt=\"\" loading=\"lazy\" \/><\/div><\/div><div class=\"w-vwrapper usg_vwrapper_2 align_none valign_middle\" style=\"--vwrapper-gap:0rem\"><div class=\"w-text usg_text_1 has_text_color\"><span class=\"w-text-h\"><span class=\"w-text-value\">Tinnitus, a serious problem What can I do?<\/span><\/span><\/div><a class=\"w-btn us-btn-style_4 usg_btn_1\" href=\"https:\/\/www.aude.es\/en\/tinnitus-a-serious-problem-what-can-i-do\/\"><span class=\"w-btn-label\">Saber m\u00e1s<\/span><\/a><\/div><\/div>\t\t<\/div>\r\n\t\t\t<\/article>\r\n\t<article class=\"w-grid-item size_1x1 post-1668 post type-post status-publish format-standard has-post-thumbnail hentry category-sin-categoria\" data-id=\"1668\">\r\n\t\t<div class=\"w-grid-item-h\">\r\n\t\t\t\t\t\t<div class=\"w-vwrapper usg_vwrapper_1 blogHomeMain align_none valign_bottom\" style=\"--vwrapper-gap:0rem\"><div class=\"w-image usg_image_1 has_ratio\"><div class=\"w-image-h\"><div style=\"padding-bottom:75%\"><\/div><img decoding=\"async\" width=\"454\" height=\"341\" src=\"https:\/\/www.aude.es\/wp-content\/uploads\/2025\/01\/rock.webp\" class=\"attachment-large size-large\" alt=\"Tinnitus en m\u00fasicos\" loading=\"lazy\" \/><\/div><\/div><div class=\"w-vwrapper usg_vwrapper_2 align_none valign_middle\" style=\"--vwrapper-gap:0rem\"><div class=\"w-text usg_text_1 has_text_color\"><span class=\"w-text-h\"><span class=\"w-text-value\">Rock, Tinnitus and how to prevent it<\/span><\/span><\/div><a class=\"w-btn us-btn-style_4 usg_btn_1\" href=\"https:\/\/www.aude.es\/en\/rock-tinnitus-and-how-to-prevent-it\/\"><span class=\"w-btn-label\">Saber m\u00e1s<\/span><\/a><\/div><\/div>\t\t<\/div>\r\n\t\t\t<\/article>\r\n\t<article class=\"w-grid-item size_1x1 post-1669 post type-post status-publish format-standard has-post-thumbnail hentry category-sin-categoria\" data-id=\"1669\">\r\n\t\t<div class=\"w-grid-item-h\">\r\n\t\t\t\t\t\t<div class=\"w-vwrapper usg_vwrapper_1 blogHomeMain align_none valign_bottom\" style=\"--vwrapper-gap:0rem\"><div class=\"w-image usg_image_1 has_ratio\"><div class=\"w-image-h\"><div style=\"padding-bottom:75%\"><\/div><img decoding=\"async\" width=\"1024\" height=\"683\" src=\"https:\/\/www.aude.es\/wp-content\/uploads\/2025\/06\/PRECIO-AUDIFONOS-1024x683.jpg\" class=\"attachment-large size-large\" alt=\"Aud\u00edfono Signia con texto sobre el precio de los aud\u00edfonos en Aude Centro Auditivo\" loading=\"lazy\" \/><\/div><\/div><div class=\"w-vwrapper usg_vwrapper_2 align_none valign_middle\" style=\"--vwrapper-gap:0rem\"><div class=\"w-text usg_text_1 has_text_color\"><span class=\"w-text-h\"><span class=\"w-text-value\">What is the real price of hearing aids? Find out at Aude Centro Auditivo M\u00e1laga.<\/span><\/span><\/div><a class=\"w-btn us-btn-style_4 usg_btn_1\" href=\"https:\/\/www.aude.es\/en\/what-is-the-real-price-of-hearing-aids-find-out-at-aude-centro-auditivo-malaga\/\"><span class=\"w-btn-label\">Saber m\u00e1s<\/span><\/a><\/div><\/div>\t\t<\/div>\r\n\t\t\t<\/article>\r\n<\/div><div class=\"w-grid-preloader\">\t<div class=\"g-preloader type_1\">\r\n\t\t<div><\/div>\r\n\t<\/div>\r\n\t<\/div>\t<div class=\"w-grid-json hidden\" onclick='return {&quot;action&quot;:&quot;us_ajax_grid&quot;,&quot;infinite_scroll&quot;:0,&quot;max_num_pages&quot;:1,&quot;pagination&quot;:&quot;ajax&quot;,&quot;template_vars&quot;:{&quot;columns&quot;:&quot;3&quot;,&quot;exclude_items&quot;:&quot;none&quot;,&quot;img_size&quot;:&quot;default&quot;,&quot;ignore_items_size&quot;:0,&quot;items_layout&quot;:&quot;200&quot;,&quot;items_offset&quot;:&quot;1&quot;,&quot;load_animation&quot;:&quot;none&quot;,&quot;overriding_link&quot;:&quot;%7B%22type%22%3A%22custom_field%22%2C%22custom_field%22%3A%22us_tile_link%22%7D&quot;,&quot;post_id&quot;:0,&quot;query_args&quot;:{&quot;post_type&quot;:[&quot;post&quot;],&quot;post_status&quot;:[&quot;publish&quot;,&quot;acf-disabled&quot;],&quot;posts_per_page&quot;:&quot;3&quot;},&quot;orderby_query_args&quot;:{&quot;orderby&quot;:{&quot;date&quot;:&quot;ASC&quot;}},&quot;type&quot;:&quot;grid&quot;,&quot;us_grid_post_type&quot;:&quot;post&quot;,&quot;us_grid_ajax_index&quot;:1,&quot;us_grid_filter_query_string&quot;:null,&quot;us_grid_index&quot;:1,&quot;page_args&quot;:[],&quot;lang&quot;:&quot;en&quot;}}'><\/div>\r\n\t<\/div><\/div><\/div><\/div><\/div><\/div><\/div><\/div><\/div><\/div><\/section>\n","protected":false},"excerpt":{"rendered":"What is the actual price of the hearing aids? Knowing the price of hearing aids can be complicated. It is common to receive very different quotations from one hearing center to another, even with differences of up to thousands of euros. But what are the reasons for these differences? What does the price of a...","protected":false},"author":2,"featured_media":0,"parent":0,"menu_order":0,"comment_status":"closed","ping_status":"closed","template":"","meta":{"_acf_changed":false,"_analytify_skip_tracking":false,"footnotes":""},"class_list":["post-1697","page","type-page","status-publish","hentry"],"acf":[],"yoast_head":"<!-- This site is optimized with the Yoast SEO plugin v27.5 - https:\/\/yoast.com\/product\/yoast-seo-wordpress\/ -->\n<title>Who we are - Aude Centro Auditivo<\/title>\n<meta name=\"description\" content=\"Meet Aude, a hearing center in Malaga with qualified audiologists, advanced technology and personalized attention to improve your hearing health.\" \/>\n<meta name=\"robots\" content=\"index, follow, max-snippet:-1, max-image-preview:large, max-video-preview:-1\" \/>\n<link rel=\"canonical\" href=\"https:\/\/www.aude.es\/en\/who-we-are\/\" \/>\n<meta property=\"og:locale\" content=\"en_US\" \/>\n<meta property=\"og:type\" content=\"article\" \/>\n<meta property=\"og:title\" content=\"Who we are - Aude Centro Auditivo\" \/>\n<meta property=\"og:description\" content=\"Meet Aude, a hearing center in Malaga with qualified audiologists, advanced technology and personalized attention to improve your hearing health.\" \/>\n<meta property=\"og:url\" content=\"https:\/\/www.aude.es\/en\/who-we-are\/\" \/>\n<meta property=\"og:site_name\" content=\"Aude Centro Auditivo\" \/>\n<meta property=\"article:publisher\" content=\"https:\/\/www.facebook.com\/audecentroauditivo\" \/>\n<meta property=\"article:modified_time\" content=\"2026-01-02T20:23:55+00:00\" \/>\n<meta property=\"og:image\" content=\"https:\/\/www.aude.es\/wp-content\/uploads\/2025\/01\/aude-bg_-scaled-e1738047783409.webp\" \/>\n\t<meta property=\"og:image:width\" content=\"1306\" \/>\n\t<meta property=\"og:image:height\" content=\"1146\" \/>\n\t<meta property=\"og:image:type\" content=\"image\/webp\" \/>\n<meta name=\"twitter:card\" content=\"summary_large_image\" \/>\n<meta name=\"twitter:label1\" content=\"Est. reading time\" \/>\n\t<meta name=\"twitter:data1\" content=\"7 minutes\" \/>\n<script type=\"application\/ld+json\" class=\"yoast-schema-graph\">{\"@context\":\"https:\\\/\\\/schema.org\",\"@graph\":[{\"@type\":\"WebPage\",\"@id\":\"https:\\\/\\\/www.aude.es\\\/en\\\/who-we-are\\\/\",\"url\":\"https:\\\/\\\/www.aude.es\\\/en\\\/who-we-are\\\/\",\"name\":\"Who we are - Aude Centro Auditivo\",\"isPartOf\":{\"@id\":\"https:\\\/\\\/www.aude.es\\\/en\\\/#website\"},\"datePublished\":\"2025-01-28T09:06:09+00:00\",\"dateModified\":\"2026-01-02T20:23:55+00:00\",\"description\":\"Meet Aude, a hearing center in Malaga with qualified audiologists, advanced technology and personalized attention to improve your hearing health.\",\"breadcrumb\":{\"@id\":\"https:\\\/\\\/www.aude.es\\\/en\\\/who-we-are\\\/#breadcrumb\"},\"inLanguage\":\"en-US\",\"potentialAction\":[{\"@type\":\"ReadAction\",\"target\":[\"https:\\\/\\\/www.aude.es\\\/en\\\/who-we-are\\\/\"]}]},{\"@type\":\"BreadcrumbList\",\"@id\":\"https:\\\/\\\/www.aude.es\\\/en\\\/who-we-are\\\/#breadcrumb\",\"itemListElement\":[{\"@type\":\"ListItem\",\"position\":1,\"name\":\"Portada\",\"item\":\"https:\\\/\\\/www.aude.es\\\/en\\\/we-take-care-of-your-hearing-health\\\/\"},{\"@type\":\"ListItem\",\"position\":2,\"name\":\"Who we are\"}]},{\"@type\":\"WebSite\",\"@id\":\"https:\\\/\\\/www.aude.es\\\/en\\\/#website\",\"url\":\"https:\\\/\\\/www.aude.es\\\/en\\\/\",\"name\":\"Aude Centro Auditivo\",\"description\":\"Centro Auditivo\",\"publisher\":{\"@id\":\"https:\\\/\\\/www.aude.es\\\/en\\\/#organization\"},\"potentialAction\":[{\"@type\":\"SearchAction\",\"target\":{\"@type\":\"EntryPoint\",\"urlTemplate\":\"https:\\\/\\\/www.aude.es\\\/en\\\/?s={search_term_string}\"},\"query-input\":{\"@type\":\"PropertyValueSpecification\",\"valueRequired\":true,\"valueName\":\"search_term_string\"}}],\"inLanguage\":\"en-US\"},{\"@type\":\"Organization\",\"@id\":\"https:\\\/\\\/www.aude.es\\\/en\\\/#organization\",\"name\":\"Aude Centro Auditivo\",\"alternateName\":\"Tienda de Aud\u00edfonos\",\"url\":\"https:\\\/\\\/www.aude.es\\\/en\\\/\",\"logo\":{\"@type\":\"ImageObject\",\"inLanguage\":\"en-US\",\"@id\":\"https:\\\/\\\/www.aude.es\\\/en\\\/#\\\/schema\\\/logo\\\/image\\\/\",\"url\":\"https:\\\/\\\/www.aude.es\\\/wp-content\\\/uploads\\\/2025\\\/01\\\/cropped-AUDE_FAVICON_.png\",\"contentUrl\":\"https:\\\/\\\/www.aude.es\\\/wp-content\\\/uploads\\\/2025\\\/01\\\/cropped-AUDE_FAVICON_.png\",\"width\":512,\"height\":512,\"caption\":\"Aude Centro Auditivo\"},\"image\":{\"@id\":\"https:\\\/\\\/www.aude.es\\\/en\\\/#\\\/schema\\\/logo\\\/image\\\/\"},\"sameAs\":[\"https:\\\/\\\/www.facebook.com\\\/audecentroauditivo\",\"https:\\\/\\\/www.instagram.com\\\/audecentroauditivo\",\"https:\\\/\\\/www.linkedin.com\\\/company\\\/aude-centro-auditivo\"]}]}<\/script>\n<!-- \/ Yoast SEO plugin. -->","yoast_head_json":{"title":"Who we are - Aude Centro Auditivo","description":"Meet Aude, a hearing center in Malaga with qualified audiologists, advanced technology and personalized attention to improve your hearing health.","robots":{"index":"index","follow":"follow","max-snippet":"max-snippet:-1","max-image-preview":"max-image-preview:large","max-video-preview":"max-video-preview:-1"},"canonical":"https:\/\/www.aude.es\/en\/who-we-are\/","og_locale":"en_US","og_type":"article","og_title":"Who we are - Aude Centro Auditivo","og_description":"Meet Aude, a hearing center in Malaga with qualified audiologists, advanced technology and personalized attention to improve your hearing health.","og_url":"https:\/\/www.aude.es\/en\/who-we-are\/","og_site_name":"Aude Centro Auditivo","article_publisher":"https:\/\/www.facebook.com\/audecentroauditivo","article_modified_time":"2026-01-02T20:23:55+00:00","og_image":[{"width":1306,"height":1146,"url":"https:\/\/www.aude.es\/wp-content\/uploads\/2025\/01\/aude-bg_-scaled-e1738047783409.webp","type":"image\/webp"}],"twitter_card":"summary_large_image","twitter_misc":{"Est. reading time":"7 minutes"},"schema":{"@context":"https:\/\/schema.org","@graph":[{"@type":"WebPage","@id":"https:\/\/www.aude.es\/en\/who-we-are\/","url":"https:\/\/www.aude.es\/en\/who-we-are\/","name":"Who we are - Aude Centro Auditivo","isPartOf":{"@id":"https:\/\/www.aude.es\/en\/#website"},"datePublished":"2025-01-28T09:06:09+00:00","dateModified":"2026-01-02T20:23:55+00:00","description":"Meet Aude, a hearing center in Malaga with qualified audiologists, advanced technology and personalized attention to improve your hearing health.","breadcrumb":{"@id":"https:\/\/www.aude.es\/en\/who-we-are\/#breadcrumb"},"inLanguage":"en-US","potentialAction":[{"@type":"ReadAction","target":["https:\/\/www.aude.es\/en\/who-we-are\/"]}]},{"@type":"BreadcrumbList","@id":"https:\/\/www.aude.es\/en\/who-we-are\/#breadcrumb","itemListElement":[{"@type":"ListItem","position":1,"name":"Portada","item":"https:\/\/www.aude.es\/en\/we-take-care-of-your-hearing-health\/"},{"@type":"ListItem","position":2,"name":"Who we are"}]},{"@type":"WebSite","@id":"https:\/\/www.aude.es\/en\/#website","url":"https:\/\/www.aude.es\/en\/","name":"Aude Centro Auditivo","description":"Centro Auditivo","publisher":{"@id":"https:\/\/www.aude.es\/en\/#organization"},"potentialAction":[{"@type":"SearchAction","target":{"@type":"EntryPoint","urlTemplate":"https:\/\/www.aude.es\/en\/?s={search_term_string}"},"query-input":{"@type":"PropertyValueSpecification","valueRequired":true,"valueName":"search_term_string"}}],"inLanguage":"en-US"},{"@type":"Organization","@id":"https:\/\/www.aude.es\/en\/#organization","name":"Aude Centro Auditivo","alternateName":"Tienda de Aud\u00edfonos","url":"https:\/\/www.aude.es\/en\/","logo":{"@type":"ImageObject","inLanguage":"en-US","@id":"https:\/\/www.aude.es\/en\/#\/schema\/logo\/image\/","url":"https:\/\/www.aude.es\/wp-content\/uploads\/2025\/01\/cropped-AUDE_FAVICON_.png","contentUrl":"https:\/\/www.aude.es\/wp-content\/uploads\/2025\/01\/cropped-AUDE_FAVICON_.png","width":512,"height":512,"caption":"Aude Centro Auditivo"},"image":{"@id":"https:\/\/www.aude.es\/en\/#\/schema\/logo\/image\/"},"sameAs":["https:\/\/www.facebook.com\/audecentroauditivo","https:\/\/www.instagram.com\/audecentroauditivo","https:\/\/www.linkedin.com\/company\/aude-centro-auditivo"]}]}},"_links":{"self":[{"href":"https:\/\/www.aude.es\/en\/wp-json\/wp\/v2\/pages\/1697","targetHints":{"allow":["GET"]}}],"collection":[{"href":"https:\/\/www.aude.es\/en\/wp-json\/wp\/v2\/pages"}],"about":[{"href":"https:\/\/www.aude.es\/en\/wp-json\/wp\/v2\/types\/page"}],"author":[{"embeddable":true,"href":"https:\/\/www.aude.es\/en\/wp-json\/wp\/v2\/users\/2"}],"replies":[{"embeddable":true,"href":"https:\/\/www.aude.es\/en\/wp-json\/wp\/v2\/comments?post=1697"}],"version-history":[{"count":9,"href":"https:\/\/www.aude.es\/en\/wp-json\/wp\/v2\/pages\/1697\/revisions"}],"predecessor-version":[{"id":2823,"href":"https:\/\/www.aude.es\/en\/wp-json\/wp\/v2\/pages\/1697\/revisions\/2823"}],"wp:attachment":[{"href":"https:\/\/www.aude.es\/en\/wp-json\/wp\/v2\/media?parent=1697"}],"curies":[{"name":"wp","href":"https:\/\/api.w.org\/{rel}","templated":true}]}}